{"id":1215,"date":"2020-05-28T16:31:35","date_gmt":"2020-05-28T13:31:35","guid":{"rendered":"https:\/\/www.espoonkuvataiteilijat.fi\/nayttelyt\/taidekortteli-ry-roihupellon-teollisuusalueen-taiteilijat\/"},"modified":"2020-06-22T12:36:56","modified_gmt":"2020-06-22T09:36:56","slug":"taidekortteli-ry-roihupellon-teollisuusalueen-taiteilijat","status":"publish","type":"nayttelyt","link":"https:\/\/www.espoonkuvataiteilijat.fi\/en\/nayttelyt\/taidekortteli-ry-roihupellon-teollisuusalueen-taiteilijat\/","title":{"rendered":"Taidekortteli ry \u2013 Roihupellon teollisuusalueen taiteilijat"},"content":{"rendered":"\n<p><strong>Heidi Hakkarainen, Ville Heimala, Kirsi Kuronen, Johanna Ry\u00f6n\u00e4nkoski, Leena R\u00e4s\u00e4nen, Merja Salonen Di Giorgio, Arja Sundqvist, Eija Tenno, Hillevi V\u00e4h\u00e4l\u00e4-Aranko ja Maria Wolfram<\/strong><br><em>Image above: Merja Salonen Di Giorgio, RP1, \u00f6ljy kankaalle, 57 x 57cm, 2020<\/em><\/p>\n\n\n\n<p><\/p>\n\n\n\n<h2 class=\"wp-block-heading\"><strong>Heidi Hakkarainen<\/strong><\/h2>\n\n\n\n<figure class=\"wp-block-image size-large\"><img loading=\"lazy\" decoding=\"async\" width=\"840\" height=\"1024\" src=\"https:\/\/www.espoonkuvataiteilijat.fi\/wp-content\/uploads\/2020\/05\/JulyHakkarainenHeidi_SamaanAikaanJne_akrylcanvas40x50cm2019-840x1024.jpg\" alt=\"\" class=\"wp-image-1177\" srcset=\"https:\/\/www.espoonkuvataiteilijat.fi\/wp-content\/uploads\/2020\/05\/JulyHakkarainenHeidi_SamaanAikaanJne_akrylcanvas40x50cm2019-840x1024.jpg 840w, https:\/\/www.espoonkuvataiteilijat.fi\/wp-content\/uploads\/2020\/05\/JulyHakkarainenHeidi_SamaanAikaanJne_akrylcanvas40x50cm2019-246x300.jpg 246w, https:\/\/www.espoonkuvataiteilijat.fi\/wp-content\/uploads\/2020\/05\/JulyHakkarainenHeidi_SamaanAikaanJne_akrylcanvas40x50cm2019-768x936.jpg 768w, https:\/\/www.espoonkuvataiteilijat.fi\/wp-content\/uploads\/2020\/05\/JulyHakkarainenHeidi_SamaanAikaanJne_akrylcanvas40x50cm2019-1261x1536.jpg 1261w, https:\/\/www.espoonkuvataiteilijat.fi\/wp-content\/uploads\/2020\/05\/JulyHakkarainenHeidi_SamaanAikaanJne_akrylcanvas40x50cm2019.jpg 1300w\" sizes=\"auto, (max-width: 840px) 100vw, 840px\" \/><figcaption>Heidi Hakkarainen, Samaan aikaan l\u00e4hell\u00e4 ja et\u00e4\u00e4ll\u00e4, akryyli kankaalle, 40 x 50 cm, 2019<\/figcaption><\/figure>\n\n\n\n<p><a href=\"https:\/\/www.heidihakkarainen.com\/\">https:\/\/www.heidihakkarainen.com\/<\/a><\/p>\n\n\n\n<h2 class=\"wp-block-heading\"><strong>Ville Heimala<\/strong><\/h2>\n\n\n\n<figure class=\"wp-block-image size-large\"><img loading=\"lazy\" decoding=\"async\" width=\"1024\" height=\"766\" src=\"https:\/\/www.espoonkuvataiteilijat.fi\/wp-content\/uploads\/2020\/05\/July_VilleHeimala_Kupariseppa_KeramikKupariLanka2018-1024x766.jpg\" alt=\"\" class=\"wp-image-1178\" srcset=\"https:\/\/www.espoonkuvataiteilijat.fi\/wp-content\/uploads\/2020\/05\/July_VilleHeimala_Kupariseppa_KeramikKupariLanka2018-1024x766.jpg 1024w, https:\/\/www.espoonkuvataiteilijat.fi\/wp-content\/uploads\/2020\/05\/July_VilleHeimala_Kupariseppa_KeramikKupariLanka2018-300x224.jpg 300w, https:\/\/www.espoonkuvataiteilijat.fi\/wp-content\/uploads\/2020\/05\/July_VilleHeimala_Kupariseppa_KeramikKupariLanka2018-768x574.jpg 768w, https:\/\/www.espoonkuvataiteilijat.fi\/wp-content\/uploads\/2020\/05\/July_VilleHeimala_Kupariseppa_KeramikKupariLanka2018.jpg 1300w\" sizes=\"auto, (max-width: 1024px) 100vw, 1024px\" \/><figcaption>Ville Heimala, Kuparisepp\u00e4, keramiikka ja kuparilanka, 2018<\/figcaption><\/figure>\n\n\n\n<p><a href=\"https:\/\/villeheimala.fi\/\">https:\/\/villeheimala.fi\/<\/a><\/p>\n\n\n\n<h2 class=\"wp-block-heading\"><strong>Kirsi Kuronen<\/strong><\/h2>\n\n\n\n<figure class=\"wp-block-image size-large\"><img loading=\"lazy\" decoding=\"async\" width=\"1024\" height=\"683\" src=\"https:\/\/www.espoonkuvataiteilijat.fi\/wp-content\/uploads\/2020\/05\/July_KirsiKuronen_Unelmia_akrylOilLevylle_76x122-cm2018-1024x683.jpg\" alt=\"\" class=\"wp-image-1179\" srcset=\"https:\/\/www.espoonkuvataiteilijat.fi\/wp-content\/uploads\/2020\/05\/July_KirsiKuronen_Unelmia_akrylOilLevylle_76x122-cm2018-1024x683.jpg 1024w, https:\/\/www.espoonkuvataiteilijat.fi\/wp-content\/uploads\/2020\/05\/July_KirsiKuronen_Unelmia_akrylOilLevylle_76x122-cm2018-300x200.jpg 300w, https:\/\/www.espoonkuvataiteilijat.fi\/wp-content\/uploads\/2020\/05\/July_KirsiKuronen_Unelmia_akrylOilLevylle_76x122-cm2018-768x512.jpg 768w, https:\/\/www.espoonkuvataiteilijat.fi\/wp-content\/uploads\/2020\/05\/July_KirsiKuronen_Unelmia_akrylOilLevylle_76x122-cm2018.jpg 1300w\" sizes=\"auto, (max-width: 1024px) 100vw, 1024px\" \/><figcaption>Kirsi Kuronen, Unelmia, akryyli- ja \u00f6ljy levylle, 76 x 122 cm, 2018<\/figcaption><\/figure>\n\n\n\n<p><a href=\"http:\/\/kirsikuronen.com\/\">http:\/\/kirsikuronen.com\/<\/a><\/p>\n\n\n\n<h2 class=\"wp-block-heading\"><strong>Johanna Ry\u00f6n\u00e4nkoski<\/strong><\/h2>\n\n\n\n<figure class=\"wp-block-image size-large\"><img loading=\"lazy\" decoding=\"async\" width=\"708\" height=\"1024\" src=\"https:\/\/www.espoonkuvataiteilijat.fi\/wp-content\/uploads\/2020\/06\/JohannaRyonankoskiLuonnoskirja2017-708x1024.jpg\" alt=\"\" class=\"wp-image-1188\" srcset=\"https:\/\/www.espoonkuvataiteilijat.fi\/wp-content\/uploads\/2020\/06\/JohannaRyonankoskiLuonnoskirja2017-708x1024.jpg 708w, https:\/\/www.espoonkuvataiteilijat.fi\/wp-content\/uploads\/2020\/06\/JohannaRyonankoskiLuonnoskirja2017-208x300.jpg 208w, https:\/\/www.espoonkuvataiteilijat.fi\/wp-content\/uploads\/2020\/06\/JohannaRyonankoskiLuonnoskirja2017-768x1110.jpg 768w, https:\/\/www.espoonkuvataiteilijat.fi\/wp-content\/uploads\/2020\/06\/JohannaRyonankoskiLuonnoskirja2017-1063x1536.jpg 1063w, https:\/\/www.espoonkuvataiteilijat.fi\/wp-content\/uploads\/2020\/06\/JohannaRyonankoskiLuonnoskirja2017.jpg 1300w\" sizes=\"auto, (max-width: 708px) 100vw, 708px\" \/><figcaption>Johanna Ry\u00f6n\u00e4nkoski Johanna Ry\u00f6n\u00e4nkoski, Luonnoskirja, kuulak\u00e4rkikyn\u00e4 paperille, 2017 <\/figcaption><\/figure>\n\n\n\n<p><a href=\"http:\/\/www.johannaryonankoski.com\/\">http:\/\/www.johannaryonankoski.com\/<\/a><\/p>\n\n\n\n<h2 class=\"wp-block-heading\"><strong>Leena R\u00e4s\u00e4nen<\/strong><\/h2>\n\n\n\n<figure class=\"wp-block-image size-large\"><img loading=\"lazy\" decoding=\"async\" width=\"1024\" height=\"1015\" src=\"https:\/\/www.espoonkuvataiteilijat.fi\/wp-content\/uploads\/2020\/05\/July_LeenaRasanen_MuistotSeuraavat_oljyakryylivarikynalevylle90x90cm2020-1024x1015.jpg\" alt=\"\" class=\"wp-image-1181\" srcset=\"https:\/\/www.espoonkuvataiteilijat.fi\/wp-content\/uploads\/2020\/05\/July_LeenaRasanen_MuistotSeuraavat_oljyakryylivarikynalevylle90x90cm2020-1024x1015.jpg 1024w, https:\/\/www.espoonkuvataiteilijat.fi\/wp-content\/uploads\/2020\/05\/July_LeenaRasanen_MuistotSeuraavat_oljyakryylivarikynalevylle90x90cm2020-300x297.jpg 300w, https:\/\/www.espoonkuvataiteilijat.fi\/wp-content\/uploads\/2020\/05\/July_LeenaRasanen_MuistotSeuraavat_oljyakryylivarikynalevylle90x90cm2020-150x150.jpg 150w, https:\/\/www.espoonkuvataiteilijat.fi\/wp-content\/uploads\/2020\/05\/July_LeenaRasanen_MuistotSeuraavat_oljyakryylivarikynalevylle90x90cm2020-768x762.jpg 768w, https:\/\/www.espoonkuvataiteilijat.fi\/wp-content\/uploads\/2020\/05\/July_LeenaRasanen_MuistotSeuraavat_oljyakryylivarikynalevylle90x90cm2020.jpg 1300w\" sizes=\"auto, (max-width: 1024px) 100vw, 1024px\" \/><figcaption>Leena R\u00e4s\u00e4nen, Muistot seuraavat, \u00f6ljy\/akryyli\/v\u00e4rikyn\u00e4 levylle, 90 x 90 cm, 2020\n<\/figcaption><\/figure>\n\n\n\n<p><a href=\"http:\/\/www.leenarasanen.com\/\">http:\/\/www.leenarasanen.com\/<\/a><\/p>\n\n\n\n<h2 class=\"wp-block-heading\"><strong>Merja Salonen Di Giorgio<\/strong><\/h2>\n\n\n\n<figure class=\"wp-block-image size-large\"><img loading=\"lazy\" decoding=\"async\" width=\"1024\" height=\"511\" src=\"https:\/\/www.espoonkuvataiteilijat.fi\/wp-content\/uploads\/2020\/05\/July_MerjaSalonen_Di_Giorgio_RP8_oilCanvas_2850x57cm_2019-1024x511.jpg\" alt=\"\" class=\"wp-image-1182\" srcset=\"https:\/\/www.espoonkuvataiteilijat.fi\/wp-content\/uploads\/2020\/05\/July_MerjaSalonen_Di_Giorgio_RP8_oilCanvas_2850x57cm_2019-1024x511.jpg 1024w, https:\/\/www.espoonkuvataiteilijat.fi\/wp-content\/uploads\/2020\/05\/July_MerjaSalonen_Di_Giorgio_RP8_oilCanvas_2850x57cm_2019-300x150.jpg 300w, https:\/\/www.espoonkuvataiteilijat.fi\/wp-content\/uploads\/2020\/05\/July_MerjaSalonen_Di_Giorgio_RP8_oilCanvas_2850x57cm_2019-768x383.jpg 768w, https:\/\/www.espoonkuvataiteilijat.fi\/wp-content\/uploads\/2020\/05\/July_MerjaSalonen_Di_Giorgio_RP8_oilCanvas_2850x57cm_2019.jpg 1300w\" sizes=\"auto, (max-width: 1024px) 100vw, 1024px\" \/><figcaption>Merja Salonen Di Giorgio, RP8, \u00f6ljy kankaalle, 28,5 x 57, 2019<\/figcaption><\/figure>\n\n\n\n<p><a href=\"https:\/\/merjasdg.net\/\">https:\/\/merjasdg.net\/<\/a><\/p>\n\n\n\n<h2 class=\"wp-block-heading\"><strong>Arja Sundqvist<\/strong><\/h2>\n\n\n\n<figure class=\"wp-block-image size-large\"><img loading=\"lazy\" decoding=\"async\" width=\"1024\" height=\"470\" src=\"https:\/\/www.espoonkuvataiteilijat.fi\/wp-content\/uploads\/2020\/05\/July_Arja-Sudqvist_TalvenTullessa_diptyykki_OilBoard_35-x86cm_2018-1024x470.jpg\" alt=\"\" class=\"wp-image-1183\" srcset=\"https:\/\/www.espoonkuvataiteilijat.fi\/wp-content\/uploads\/2020\/05\/July_Arja-Sudqvist_TalvenTullessa_diptyykki_OilBoard_35-x86cm_2018-1024x470.jpg 1024w, https:\/\/www.espoonkuvataiteilijat.fi\/wp-content\/uploads\/2020\/05\/July_Arja-Sudqvist_TalvenTullessa_diptyykki_OilBoard_35-x86cm_2018-300x138.jpg 300w, https:\/\/www.espoonkuvataiteilijat.fi\/wp-content\/uploads\/2020\/05\/July_Arja-Sudqvist_TalvenTullessa_diptyykki_OilBoard_35-x86cm_2018-768x353.jpg 768w, https:\/\/www.espoonkuvataiteilijat.fi\/wp-content\/uploads\/2020\/05\/July_Arja-Sudqvist_TalvenTullessa_diptyykki_OilBoard_35-x86cm_2018.jpg 1300w\" sizes=\"auto, (max-width: 1024px) 100vw, 1024px\" \/><figcaption>Arja Sundqvist, Talven tullessa, diptyykki, \u00f6ljymaalaus kovalevylle, 35 x 86 cm, 2018<\/figcaption><\/figure>\n\n\n\n<p><a href=\"http:\/\/www.arjasundqvist.fi\/\">http:\/\/www.arjasundqvist.fi\/<\/a><\/p>\n\n\n\n<h2 class=\"wp-block-heading\"><strong>Eija Tenno<\/strong><\/h2>\n\n\n\n<figure class=\"wp-block-image size-large\"><img loading=\"lazy\" decoding=\"async\" width=\"1024\" height=\"768\" src=\"https:\/\/www.espoonkuvataiteilijat.fi\/wp-content\/uploads\/2020\/05\/July_EijaTennoHamalukit_keramiikkametalli30x30x140cm2018-1024x768.jpg\" alt=\"\" class=\"wp-image-1184\" srcset=\"https:\/\/www.espoonkuvataiteilijat.fi\/wp-content\/uploads\/2020\/05\/July_EijaTennoHamalukit_keramiikkametalli30x30x140cm2018-1024x768.jpg 1024w, https:\/\/www.espoonkuvataiteilijat.fi\/wp-content\/uploads\/2020\/05\/July_EijaTennoHamalukit_keramiikkametalli30x30x140cm2018-300x225.jpg 300w, https:\/\/www.espoonkuvataiteilijat.fi\/wp-content\/uploads\/2020\/05\/July_EijaTennoHamalukit_keramiikkametalli30x30x140cm2018-768x576.jpg 768w, https:\/\/www.espoonkuvataiteilijat.fi\/wp-content\/uploads\/2020\/05\/July_EijaTennoHamalukit_keramiikkametalli30x30x140cm2018.jpg 1300w\" sizes=\"auto, (max-width: 1024px) 100vw, 1024px\" \/><figcaption>Eija Tenno, H\u00e4m\u00e4lukit, keramiikka ja metalli, 30 x 30 cm x 140 cm, 2018<\/figcaption><\/figure>\n\n\n\n<p><a href=\"https:\/\/eijatenno.weebly.com\/\">https:\/\/eijatenno.weebly.com\/<\/a><\/p>\n\n\n\n<h2 class=\"wp-block-heading\"><strong>Hillevi V\u00e4h\u00e4l\u00e4-Aranko<\/strong><\/h2>\n\n\n\n<figure class=\"wp-block-image size-large\"><img loading=\"lazy\" decoding=\"async\" width=\"640\" height=\"1024\" src=\"https:\/\/www.espoonkuvataiteilijat.fi\/wp-content\/uploads\/2020\/05\/Jyly_HilleviAranko_MerkillinenTapahtuma_OilCanvas_80-x50-cm2019-640x1024.jpg\" alt=\"\" class=\"wp-image-1185\" srcset=\"https:\/\/www.espoonkuvataiteilijat.fi\/wp-content\/uploads\/2020\/05\/Jyly_HilleviAranko_MerkillinenTapahtuma_OilCanvas_80-x50-cm2019-640x1024.jpg 640w, https:\/\/www.espoonkuvataiteilijat.fi\/wp-content\/uploads\/2020\/05\/Jyly_HilleviAranko_MerkillinenTapahtuma_OilCanvas_80-x50-cm2019-188x300.jpg 188w, https:\/\/www.espoonkuvataiteilijat.fi\/wp-content\/uploads\/2020\/05\/Jyly_HilleviAranko_MerkillinenTapahtuma_OilCanvas_80-x50-cm2019-768x1229.jpg 768w, https:\/\/www.espoonkuvataiteilijat.fi\/wp-content\/uploads\/2020\/05\/Jyly_HilleviAranko_MerkillinenTapahtuma_OilCanvas_80-x50-cm2019-960x1536.jpg 960w, https:\/\/www.espoonkuvataiteilijat.fi\/wp-content\/uploads\/2020\/05\/Jyly_HilleviAranko_MerkillinenTapahtuma_OilCanvas_80-x50-cm2019-1280x2048.jpg 1280w, https:\/\/www.espoonkuvataiteilijat.fi\/wp-content\/uploads\/2020\/05\/Jyly_HilleviAranko_MerkillinenTapahtuma_OilCanvas_80-x50-cm2019.jpg 1300w\" sizes=\"auto, (max-width: 640px) 100vw, 640px\" \/><figcaption>Hillevi V\u00e4h\u00e4l\u00e4-Aranko, Merkillinen tapahtuma, \u00f6ljy kankaalle, 80 x 50 cm, 2019<\/figcaption><\/figure>\n\n\n\n<p><a href=\"https:\/\/kuvataiteilijamatrikkeli.fi\/taiteilija\/tarja-hillevi-vahala-aranko\">https:\/\/kuvataiteilijamatrikkeli.fi\/taiteilija\/tarja-hillevi-vahala-aranko<\/a><\/p>\n\n\n\n<h2 class=\"wp-block-heading\"><strong>Maria Wolfram<\/strong><\/h2>\n\n\n\n<figure class=\"wp-block-image size-large\"><img loading=\"lazy\" decoding=\"async\" width=\"1024\" height=\"800\" src=\"https:\/\/www.espoonkuvataiteilijat.fi\/wp-content\/uploads\/2020\/05\/July_MariaWolframKokousAssembly_AkryyliOilMdf-levylle_110x140cm2019-1024x800.jpg\" alt=\"\" class=\"wp-image-1186\" srcset=\"https:\/\/www.espoonkuvataiteilijat.fi\/wp-content\/uploads\/2020\/05\/July_MariaWolframKokousAssembly_AkryyliOilMdf-levylle_110x140cm2019-1024x800.jpg 1024w, https:\/\/www.espoonkuvataiteilijat.fi\/wp-content\/uploads\/2020\/05\/July_MariaWolframKokousAssembly_AkryyliOilMdf-levylle_110x140cm2019-300x234.jpg 300w, https:\/\/www.espoonkuvataiteilijat.fi\/wp-content\/uploads\/2020\/05\/July_MariaWolframKokousAssembly_AkryyliOilMdf-levylle_110x140cm2019-768x600.jpg 768w, https:\/\/www.espoonkuvataiteilijat.fi\/wp-content\/uploads\/2020\/05\/July_MariaWolframKokousAssembly_AkryyliOilMdf-levylle_110x140cm2019.jpg 1300w\" sizes=\"auto, (max-width: 1024px) 100vw, 1024px\" \/><figcaption>Maria Wolfram, Kokous (Assembly), akryyli- ja \u00f6ljyv\u00e4ri mdf-levylle,110 x 140 cm, 2019<\/figcaption><\/figure>\n\n\n\n<p><a href=\"http:\/\/www.mariawolfram.com\/\">http:\/\/www.mariawolfram.com\/<\/a><\/p>\n","protected":false},"featured_media":1216,"template":"","tags":[],"class_list":["post-1215","nayttelyt","type-nayttelyt","status-publish","has-post-thumbnail","hentry"],"acf":[],"yoast_head":"<!-- This site is optimized with the Yoast SEO plugin v24.2 - https:\/\/yoast.com\/wordpress\/plugins\/seo\/ -->\n<title>Taidekortteli ry \u2013 Roihupellon teollisuusalueen taiteilijat - Espoon Kuvataiteilijat<\/title>\n<meta name=\"robots\" content=\"index, follow, max-snippet:-1, max-image-preview:large, max-video-preview:-1\" \/>\n<link rel=\"canonical\" href=\"https:\/\/www.espoonkuvataiteilijat.fi\/en\/nayttelyt\/taidekortteli-ry-roihupellon-teollisuusalueen-taiteilijat\/\" \/>\n<meta property=\"og:locale\" content=\"en_US\" \/>\n<meta property=\"og:type\" content=\"article\" \/>\n<meta property=\"og:title\" content=\"Taidekortteli ry \u2013 Roihupellon teollisuusalueen taiteilijat - Espoon Kuvataiteilijat\" \/>\n<meta property=\"og:description\" content=\"Heidi Hakkarainen, Ville Heimala, Kirsi Kuronen, Johanna Ry\u00f6n\u00e4nkoski, Leena R\u00e4s\u00e4nen, Merja Salonen Di Giorgio, Arja Sundqvist, Eija Tenno, Hillevi V\u00e4h\u00e4l\u00e4-Aranko ja Maria WolframImage above: Merja Salonen Di Giorgio, RP1, \u00f6ljy kankaalle, 57 x 57cm, 2020 Heidi Hakkarainen https:\/\/www.heidihakkarainen.com\/ Ville Heimala https:\/\/villeheimala.fi\/ Kirsi Kuronen http:\/\/kirsikuronen.com\/ Johanna Ry\u00f6n\u00e4nkoski http:\/\/www.johannaryonankoski.com\/ Leena R\u00e4s\u00e4nen http:\/\/www.leenarasanen.com\/ Merja Salonen Di Giorgio https:\/\/merjasdg.net\/ [&hellip;]\" \/>\n<meta property=\"og:url\" content=\"https:\/\/www.espoonkuvataiteilijat.fi\/en\/nayttelyt\/taidekortteli-ry-roihupellon-teollisuusalueen-taiteilijat\/\" \/>\n<meta property=\"og:site_name\" content=\"Espoon Kuvataiteilijat\" \/>\n<meta property=\"article:modified_time\" content=\"2020-06-22T09:36:56+00:00\" \/>\n<meta property=\"og:image\" content=\"https:\/\/www.espoonkuvataiteilijat.fi\/wp-content\/uploads\/2020\/05\/July_MerjaSalonen_Di_Giorgio_RP1_57x57_oilcanvas2020.jpg\" \/>\n\t<meta property=\"og:image:width\" content=\"1300\" \/>\n\t<meta property=\"og:image:height\" content=\"1306\" \/>\n\t<meta property=\"og:image:type\" content=\"image\/jpeg\" \/>\n<meta name=\"twitter:card\" content=\"summary_large_image\" \/>\n<meta name=\"twitter:label1\" content=\"Est. reading time\" \/>\n\t<meta name=\"twitter:data1\" content=\"1 minute\" \/>\n<script type=\"application\/ld+json\" class=\"yoast-schema-graph\">{\"@context\":\"https:\/\/schema.org\",\"@graph\":[{\"@type\":\"WebPage\",\"@id\":\"https:\/\/www.espoonkuvataiteilijat.fi\/en\/nayttelyt\/taidekortteli-ry-roihupellon-teollisuusalueen-taiteilijat\/\",\"url\":\"https:\/\/www.espoonkuvataiteilijat.fi\/en\/nayttelyt\/taidekortteli-ry-roihupellon-teollisuusalueen-taiteilijat\/\",\"name\":\"Taidekortteli ry \u2013 Roihupellon teollisuusalueen taiteilijat - Espoon Kuvataiteilijat\",\"isPartOf\":{\"@id\":\"https:\/\/www.espoonkuvataiteilijat.fi\/#website\"},\"primaryImageOfPage\":{\"@id\":\"https:\/\/www.espoonkuvataiteilijat.fi\/en\/nayttelyt\/taidekortteli-ry-roihupellon-teollisuusalueen-taiteilijat\/#primaryimage\"},\"image\":{\"@id\":\"https:\/\/www.espoonkuvataiteilijat.fi\/en\/nayttelyt\/taidekortteli-ry-roihupellon-teollisuusalueen-taiteilijat\/#primaryimage\"},\"thumbnailUrl\":\"https:\/\/www.espoonkuvataiteilijat.fi\/wp-content\/uploads\/2020\/05\/July_MerjaSalonen_Di_Giorgio_RP1_57x57_oilcanvas2020.jpg\",\"datePublished\":\"2020-05-28T13:31:35+00:00\",\"dateModified\":\"2020-06-22T09:36:56+00:00\",\"breadcrumb\":{\"@id\":\"https:\/\/www.espoonkuvataiteilijat.fi\/en\/nayttelyt\/taidekortteli-ry-roihupellon-teollisuusalueen-taiteilijat\/#breadcrumb\"},\"inLanguage\":\"en-US\",\"potentialAction\":[{\"@type\":\"ReadAction\",\"target\":[\"https:\/\/www.espoonkuvataiteilijat.fi\/en\/nayttelyt\/taidekortteli-ry-roihupellon-teollisuusalueen-taiteilijat\/\"]}]},{\"@type\":\"ImageObject\",\"inLanguage\":\"en-US\",\"@id\":\"https:\/\/www.espoonkuvataiteilijat.fi\/en\/nayttelyt\/taidekortteli-ry-roihupellon-teollisuusalueen-taiteilijat\/#primaryimage\",\"url\":\"https:\/\/www.espoonkuvataiteilijat.fi\/wp-content\/uploads\/2020\/05\/July_MerjaSalonen_Di_Giorgio_RP1_57x57_oilcanvas2020.jpg\",\"contentUrl\":\"https:\/\/www.espoonkuvataiteilijat.fi\/wp-content\/uploads\/2020\/05\/July_MerjaSalonen_Di_Giorgio_RP1_57x57_oilcanvas2020.jpg\",\"width\":1300,\"height\":1306,\"caption\":\"Merja Salonen Di Giorgio, RP1, \u00f6ljy kankaalle, 57 x 57cm, 2020\"},{\"@type\":\"BreadcrumbList\",\"@id\":\"https:\/\/www.espoonkuvataiteilijat.fi\/en\/nayttelyt\/taidekortteli-ry-roihupellon-teollisuusalueen-taiteilijat\/#breadcrumb\",\"itemListElement\":[{\"@type\":\"ListItem\",\"position\":1,\"name\":\"Home\",\"item\":\"https:\/\/www.espoonkuvataiteilijat.fi\/en\/\"},{\"@type\":\"ListItem\",\"position\":2,\"name\":\"Taidekortteli ry \u2013 Roihupellon teollisuusalueen taiteilijat\"}]},{\"@type\":\"WebSite\",\"@id\":\"https:\/\/www.espoonkuvataiteilijat.fi\/#website\",\"url\":\"https:\/\/www.espoonkuvataiteilijat.fi\/\",\"name\":\"Espoon Kuvataiteilijat\",\"description\":\"\",\"potentialAction\":[{\"@type\":\"SearchAction\",\"target\":{\"@type\":\"EntryPoint\",\"urlTemplate\":\"https:\/\/www.espoonkuvataiteilijat.fi\/?s={search_term_string}\"},\"query-input\":{\"@type\":\"PropertyValueSpecification\",\"valueRequired\":true,\"valueName\":\"search_term_string\"}}],\"inLanguage\":\"en-US\"}]}<\/script>\n<!-- \/ Yoast SEO plugin. -->","yoast_head_json":{"title":"Taidekortteli ry \u2013 Roihupellon teollisuusalueen taiteilijat - Espoon Kuvataiteilijat","robots":{"index":"index","follow":"follow","max-snippet":"max-snippet:-1","max-image-preview":"max-image-preview:large","max-video-preview":"max-video-preview:-1"},"canonical":"https:\/\/www.espoonkuvataiteilijat.fi\/en\/nayttelyt\/taidekortteli-ry-roihupellon-teollisuusalueen-taiteilijat\/","og_locale":"en_US","og_type":"article","og_title":"Taidekortteli ry \u2013 Roihupellon teollisuusalueen taiteilijat - Espoon Kuvataiteilijat","og_description":"Heidi Hakkarainen, Ville Heimala, Kirsi Kuronen, Johanna Ry\u00f6n\u00e4nkoski, Leena R\u00e4s\u00e4nen, Merja Salonen Di Giorgio, Arja Sundqvist, Eija Tenno, Hillevi V\u00e4h\u00e4l\u00e4-Aranko ja Maria WolframImage above: Merja Salonen Di Giorgio, RP1, \u00f6ljy kankaalle, 57 x 57cm, 2020 Heidi Hakkarainen https:\/\/www.heidihakkarainen.com\/ Ville Heimala https:\/\/villeheimala.fi\/ Kirsi Kuronen http:\/\/kirsikuronen.com\/ Johanna Ry\u00f6n\u00e4nkoski http:\/\/www.johannaryonankoski.com\/ Leena R\u00e4s\u00e4nen http:\/\/www.leenarasanen.com\/ Merja Salonen Di Giorgio https:\/\/merjasdg.net\/ [&hellip;]","og_url":"https:\/\/www.espoonkuvataiteilijat.fi\/en\/nayttelyt\/taidekortteli-ry-roihupellon-teollisuusalueen-taiteilijat\/","og_site_name":"Espoon Kuvataiteilijat","article_modified_time":"2020-06-22T09:36:56+00:00","og_image":[{"width":1300,"height":1306,"url":"https:\/\/www.espoonkuvataiteilijat.fi\/wp-content\/uploads\/2020\/05\/July_MerjaSalonen_Di_Giorgio_RP1_57x57_oilcanvas2020.jpg","type":"image\/jpeg"}],"twitter_card":"summary_large_image","twitter_misc":{"Est. reading time":"1 minute"},"schema":{"@context":"https:\/\/schema.org","@graph":[{"@type":"WebPage","@id":"https:\/\/www.espoonkuvataiteilijat.fi\/en\/nayttelyt\/taidekortteli-ry-roihupellon-teollisuusalueen-taiteilijat\/","url":"https:\/\/www.espoonkuvataiteilijat.fi\/en\/nayttelyt\/taidekortteli-ry-roihupellon-teollisuusalueen-taiteilijat\/","name":"Taidekortteli ry \u2013 Roihupellon teollisuusalueen taiteilijat - Espoon Kuvataiteilijat","isPartOf":{"@id":"https:\/\/www.espoonkuvataiteilijat.fi\/#website"},"primaryImageOfPage":{"@id":"https:\/\/www.espoonkuvataiteilijat.fi\/en\/nayttelyt\/taidekortteli-ry-roihupellon-teollisuusalueen-taiteilijat\/#primaryimage"},"image":{"@id":"https:\/\/www.espoonkuvataiteilijat.fi\/en\/nayttelyt\/taidekortteli-ry-roihupellon-teollisuusalueen-taiteilijat\/#primaryimage"},"thumbnailUrl":"https:\/\/www.espoonkuvataiteilijat.fi\/wp-content\/uploads\/2020\/05\/July_MerjaSalonen_Di_Giorgio_RP1_57x57_oilcanvas2020.jpg","datePublished":"2020-05-28T13:31:35+00:00","dateModified":"2020-06-22T09:36:56+00:00","breadcrumb":{"@id":"https:\/\/www.espoonkuvataiteilijat.fi\/en\/nayttelyt\/taidekortteli-ry-roihupellon-teollisuusalueen-taiteilijat\/#breadcrumb"},"inLanguage":"en-US","potentialAction":[{"@type":"ReadAction","target":["https:\/\/www.espoonkuvataiteilijat.fi\/en\/nayttelyt\/taidekortteli-ry-roihupellon-teollisuusalueen-taiteilijat\/"]}]},{"@type":"ImageObject","inLanguage":"en-US","@id":"https:\/\/www.espoonkuvataiteilijat.fi\/en\/nayttelyt\/taidekortteli-ry-roihupellon-teollisuusalueen-taiteilijat\/#primaryimage","url":"https:\/\/www.espoonkuvataiteilijat.fi\/wp-content\/uploads\/2020\/05\/July_MerjaSalonen_Di_Giorgio_RP1_57x57_oilcanvas2020.jpg","contentUrl":"https:\/\/www.espoonkuvataiteilijat.fi\/wp-content\/uploads\/2020\/05\/July_MerjaSalonen_Di_Giorgio_RP1_57x57_oilcanvas2020.jpg","width":1300,"height":1306,"caption":"Merja Salonen Di Giorgio, RP1, \u00f6ljy kankaalle, 57 x 57cm, 2020"},{"@type":"BreadcrumbList","@id":"https:\/\/www.espoonkuvataiteilijat.fi\/en\/nayttelyt\/taidekortteli-ry-roihupellon-teollisuusalueen-taiteilijat\/#breadcrumb","itemListElement":[{"@type":"ListItem","position":1,"name":"Home","item":"https:\/\/www.espoonkuvataiteilijat.fi\/en\/"},{"@type":"ListItem","position":2,"name":"Taidekortteli ry \u2013 Roihupellon teollisuusalueen taiteilijat"}]},{"@type":"WebSite","@id":"https:\/\/www.espoonkuvataiteilijat.fi\/#website","url":"https:\/\/www.espoonkuvataiteilijat.fi\/","name":"Espoon Kuvataiteilijat","description":"","potentialAction":[{"@type":"SearchAction","target":{"@type":"EntryPoint","urlTemplate":"https:\/\/www.espoonkuvataiteilijat.fi\/?s={search_term_string}"},"query-input":{"@type":"PropertyValueSpecification","valueRequired":true,"valueName":"search_term_string"}}],"inLanguage":"en-US"}]}},"_links":{"self":[{"href":"https:\/\/www.espoonkuvataiteilijat.fi\/en\/wp-json\/wp\/v2\/nayttelyt\/1215","targetHints":{"allow":["GET"]}}],"collection":[{"href":"https:\/\/www.espoonkuvataiteilijat.fi\/en\/wp-json\/wp\/v2\/nayttelyt"}],"about":[{"href":"https:\/\/www.espoonkuvataiteilijat.fi\/en\/wp-json\/wp\/v2\/types\/nayttelyt"}],"wp:featuredmedia":[{"embeddable":true,"href":"https:\/\/www.espoonkuvataiteilijat.fi\/en\/wp-json\/wp\/v2\/media\/1216"}],"wp:attachment":[{"href":"https:\/\/www.espoonkuvataiteilijat.fi\/en\/wp-json\/wp\/v2\/media?parent=1215"}],"wp:term":[{"taxonomy":"post_tag","embeddable":true,"href":"https:\/\/www.espoonkuvataiteilijat.fi\/en\/wp-json\/wp\/v2\/tags?post=1215"}],"curies":[{"name":"wp","href":"https:\/\/api.w.org\/{rel}","templated":true}]}}