{"id":1506,"date":"2021-01-28T12:29:48","date_gmt":"2021-01-28T10:29:48","guid":{"rendered":"https:\/\/www.espoonkuvataiteilijat.fi\/?post_type=nayttelyt&#038;p=1506"},"modified":"2021-12-08T15:38:26","modified_gmt":"2021-12-08T13:38:26","slug":"2021-exhibition-calendar","status":"publish","type":"nayttelyt","link":"https:\/\/www.espoonkuvataiteilijat.fi\/en\/nayttelyt\/2021-exhibition-calendar\/","title":{"rendered":"2021 Exhibition Calendar"},"content":{"rendered":"\n<h2 class=\"wp-block-heading\"><strong>January<\/strong><\/h2>\n\n\n\n<p><a href=\"http:\/\/p\u00e4ivikukkas\">P\u00e4ivi&nbsp;Kukkasniemi<\/a>&nbsp;&nbsp;12.1.-31.1.2021 &#8211; Postponed to January 2022 due to corona restrictions<br><a href=\"http:\/\/laurapa\">Laura&nbsp;Pajunen<\/a>&nbsp;&nbsp;12.1.-31.1.2021  &#8211; Postponed to January 2022 due to corona restrictions<br><a href=\"https:\/\/www.espoonkuvataiteilijat.fi\/en\/nayttelyt\/50-years-of-art-in-espoo-exhibition\/\">Saila&nbsp;Saranp\u00e4\u00e4<\/a>&nbsp;&nbsp;12.1.-31.1.2021 &#8211;  Postponed to January 2022 due to corona restrictions<\/p>\n\n\n\n<h2 class=\"wp-block-heading\">February<\/h2>\n\n\n\n<p><a href=\"http:\/\/hilkkaokkonen\">K\u00e4rkk\u00e4inen&nbsp;Aarre,&nbsp;Uusikyl\u00e4&nbsp;Hilkka<\/a>, a group exhibition<br>3.2.-28.2.2021<\/p>\n\n\n\n<h2 class=\"wp-block-heading\">March<\/h2>\n\n\n\n<p><a href=\"https:\/\/www.espoonkuvataiteilijat.fi\/en\/nayttelyt\/jari-jarnstrom\/\">Jari J\u00e4rnstr\u00f6m<\/a> 3.3.-28.3.2021<\/p>\n\n\n\n<h2 class=\"wp-block-heading\">April<\/h2>\n\n\n\n<p><a href=\"https:\/\/www.aalto.fi\/fi\/koulutustarjonta\/masters-programme-in-visual-cultures-curating-and-contemporary-art\">AALTO University, ViCCA<\/a>, Master&#8217;s Programme in Visual Cultures, Curating and Contemporary Art<br>9.4.-25.4.2021<\/p>\n\n\n\n<h2 class=\"wp-block-heading\">May<\/h2>\n\n\n\n<p>Espoo Artotheque<br>Helsingin Artotheque<br>Vantaa Artotheque<br>29.4.-23.5.2021<\/p>\n\n\n\n<h2 class=\"wp-block-heading\">June<\/h2>\n\n\n\n<p><a href=\"https:\/\/www.espoonkuvataiteilijat.fi\/en\/nayttelyt\/jonna-johansson\/\">Jonna Johansson<\/a> 26.5.-23.6.2021<br>S<a href=\"https:\/\/www.espoonkuvataiteilijat.fi\/en\/nayttelyt\/postponed-to-june-2021-sanna-kauppinen\/\">anna Kauppinen<\/a>\u00a0 26.5.-23.6.2021<\/p>\n\n\n\n<h2 class=\"wp-block-heading\">July<\/h2>\n\n\n\n<p>Koulutuslupaukset 30.6.-28.7.2021<\/p>\n\n\n\n<h2 class=\"wp-block-heading\">August<\/h2>\n\n\n\n<p><a href=\"https:\/\/www.espoonkuvataiteilijat.fi\/en\/nayttelyt\/susanna-autio\/\">Susanna Autio<\/a> 4.8.-29.8.2021<br><a href=\"https:\/\/www.espoonkuvataiteilijat.fi\/en\/nayttelyt\/katja-skinnari\/\">Katja Skinnari <\/a>4.8.-29.8.2021<br><a href=\"https:\/\/www.espoonkuvataiteilijat.fi\/en\/nayttelyt\/saga-suonio\/\">Saga Suonio<\/a> 4.8.-29.8.2021<\/p>\n\n\n\n<h2 class=\"wp-block-heading\">September<\/h2>\n\n\n\n<p><a href=\"https:\/\/www.espoonkuvataiteilijat.fi\/en\/nayttelyt\/anna-leena-vilhunen\/\">Anna-Leena Vilhunen<\/a> 1.9.-26.9.2021<\/p>\n\n\n\n<h2 class=\"wp-block-heading\">October<\/h2>\n\n\n\n<p><a href=\"https:\/\/www.espoonkuvataiteilijat.fi\/en\/nayttelyt\/ilona-kivijarvi\/\">Ilona Kivij\u00e4rvi<\/a> 29.9.-24.10.2021<br><a href=\"https:\/\/www.espoonkuvataiteilijat.fi\/taiteilijat\/alba-arja-koskinen\/\">ALBA<\/a> 29.9.-24.10.2021<\/p>\n\n\n\n<h2 class=\"wp-block-heading\">November<\/h2>\n\n\n\n<p><a href=\"https:\/\/www.espoonkuvataiteilijat.fi\/en\/nayttelyt\/espoon-taiteilijakilta-kiltapaviljonki-2021\/\">Espoon Taiteilijakilta<\/a> 27.10.-21.11.2021<\/p>\n\n\n\n<h2 class=\"wp-block-heading\">December<\/h2>\n\n\n\n<p><a href=\"\/espoon-kuvataiteilijat-ry-jasennayttely\/\">Espoon kuvataiteilijat ry<\/a>  24.11.-19.12.2021<\/p>\n","protected":false},"featured_media":1505,"template":"","tags":[],"class_list":["post-1506","nayttelyt","type-nayttelyt","status-publish","has-post-thumbnail","hentry"],"acf":[],"yoast_head":"<!-- This site is optimized with the Yoast SEO plugin v24.2 - https:\/\/yoast.com\/wordpress\/plugins\/seo\/ -->\n<title>2021 Exhibition Calendar - Espoon Kuvataiteilijat<\/title>\n<meta name=\"robots\" content=\"index, follow, max-snippet:-1, max-image-preview:large, max-video-preview:-1\" \/>\n<link rel=\"canonical\" href=\"https:\/\/www.espoonkuvataiteilijat.fi\/en\/nayttelyt\/2021-exhibition-calendar\/\" \/>\n<meta property=\"og:locale\" content=\"en_US\" \/>\n<meta property=\"og:type\" content=\"article\" \/>\n<meta property=\"og:title\" content=\"2021 Exhibition Calendar - Espoon Kuvataiteilijat\" \/>\n<meta property=\"og:description\" content=\"January P\u00e4ivi&nbsp;Kukkasniemi&nbsp;&nbsp;12.1.-31.1.2021 &#8211; Postponed to January 2022 due to corona restrictionsLaura&nbsp;Pajunen&nbsp;&nbsp;12.1.-31.1.2021 &#8211; Postponed to January 2022 due to corona restrictionsSaila&nbsp;Saranp\u00e4\u00e4&nbsp;&nbsp;12.1.-31.1.2021 &#8211; Postponed to January 2022 due to corona restrictions February K\u00e4rkk\u00e4inen&nbsp;Aarre,&nbsp;Uusikyl\u00e4&nbsp;Hilkka, a group exhibition3.2.-28.2.2021 March Jari J\u00e4rnstr\u00f6m 3.3.-28.3.2021 April AALTO University, ViCCA, Master&#8217;s Programme in Visual Cultures, Curating and Contemporary Art9.4.-25.4.2021 May Espoo ArtothequeHelsingin ArtothequeVantaa [&hellip;]\" \/>\n<meta property=\"og:url\" content=\"https:\/\/www.espoonkuvataiteilijat.fi\/en\/nayttelyt\/2021-exhibition-calendar\/\" \/>\n<meta property=\"og:site_name\" content=\"Espoon Kuvataiteilijat\" \/>\n<meta property=\"article:modified_time\" content=\"2021-12-08T13:38:26+00:00\" \/>\n<meta property=\"og:image\" content=\"https:\/\/www.espoonkuvataiteilijat.fi\/wp-content\/uploads\/2021\/01\/AarniTilakuva_1300px-1.jpg\" \/>\n\t<meta property=\"og:image:width\" content=\"1300\" \/>\n\t<meta property=\"og:image:height\" content=\"797\" \/>\n\t<meta property=\"og:image:type\" content=\"image\/jpeg\" \/>\n<meta name=\"twitter:card\" content=\"summary_large_image\" \/>\n<meta name=\"twitter:label1\" content=\"Est. reading time\" \/>\n\t<meta name=\"twitter:data1\" content=\"1 minute\" \/>\n<script type=\"application\/ld+json\" class=\"yoast-schema-graph\">{\"@context\":\"https:\/\/schema.org\",\"@graph\":[{\"@type\":\"WebPage\",\"@id\":\"https:\/\/www.espoonkuvataiteilijat.fi\/en\/nayttelyt\/2021-exhibition-calendar\/\",\"url\":\"https:\/\/www.espoonkuvataiteilijat.fi\/en\/nayttelyt\/2021-exhibition-calendar\/\",\"name\":\"2021 Exhibition Calendar - Espoon Kuvataiteilijat\",\"isPartOf\":{\"@id\":\"https:\/\/www.espoonkuvataiteilijat.fi\/#website\"},\"primaryImageOfPage\":{\"@id\":\"https:\/\/www.espoonkuvataiteilijat.fi\/en\/nayttelyt\/2021-exhibition-calendar\/#primaryimage\"},\"image\":{\"@id\":\"https:\/\/www.espoonkuvataiteilijat.fi\/en\/nayttelyt\/2021-exhibition-calendar\/#primaryimage\"},\"thumbnailUrl\":\"https:\/\/www.espoonkuvataiteilijat.fi\/wp-content\/uploads\/2021\/01\/AarniTilakuva_1300px-1.jpg\",\"datePublished\":\"2021-01-28T10:29:48+00:00\",\"dateModified\":\"2021-12-08T13:38:26+00:00\",\"breadcrumb\":{\"@id\":\"https:\/\/www.espoonkuvataiteilijat.fi\/en\/nayttelyt\/2021-exhibition-calendar\/#breadcrumb\"},\"inLanguage\":\"en-US\",\"potentialAction\":[{\"@type\":\"ReadAction\",\"target\":[\"https:\/\/www.espoonkuvataiteilijat.fi\/en\/nayttelyt\/2021-exhibition-calendar\/\"]}]},{\"@type\":\"ImageObject\",\"inLanguage\":\"en-US\",\"@id\":\"https:\/\/www.espoonkuvataiteilijat.fi\/en\/nayttelyt\/2021-exhibition-calendar\/#primaryimage\",\"url\":\"https:\/\/www.espoonkuvataiteilijat.fi\/wp-content\/uploads\/2021\/01\/AarniTilakuva_1300px-1.jpg\",\"contentUrl\":\"https:\/\/www.espoonkuvataiteilijat.fi\/wp-content\/uploads\/2021\/01\/AarniTilakuva_1300px-1.jpg\",\"width\":1300,\"height\":797,\"caption\":\"Galleria Aarni, October 2019\"},{\"@type\":\"BreadcrumbList\",\"@id\":\"https:\/\/www.espoonkuvataiteilijat.fi\/en\/nayttelyt\/2021-exhibition-calendar\/#breadcrumb\",\"itemListElement\":[{\"@type\":\"ListItem\",\"position\":1,\"name\":\"Home\",\"item\":\"https:\/\/www.espoonkuvataiteilijat.fi\/en\/\"},{\"@type\":\"ListItem\",\"position\":2,\"name\":\"2021 Exhibition Calendar\"}]},{\"@type\":\"WebSite\",\"@id\":\"https:\/\/www.espoonkuvataiteilijat.fi\/#website\",\"url\":\"https:\/\/www.espoonkuvataiteilijat.fi\/\",\"name\":\"Espoon Kuvataiteilijat\",\"description\":\"\",\"potentialAction\":[{\"@type\":\"SearchAction\",\"target\":{\"@type\":\"EntryPoint\",\"urlTemplate\":\"https:\/\/www.espoonkuvataiteilijat.fi\/?s={search_term_string}\"},\"query-input\":{\"@type\":\"PropertyValueSpecification\",\"valueRequired\":true,\"valueName\":\"search_term_string\"}}],\"inLanguage\":\"en-US\"}]}<\/script>\n<!-- \/ Yoast SEO plugin. -->","yoast_head_json":{"title":"2021 Exhibition Calendar - Espoon Kuvataiteilijat","robots":{"index":"index","follow":"follow","max-snippet":"max-snippet:-1","max-image-preview":"max-image-preview:large","max-video-preview":"max-video-preview:-1"},"canonical":"https:\/\/www.espoonkuvataiteilijat.fi\/en\/nayttelyt\/2021-exhibition-calendar\/","og_locale":"en_US","og_type":"article","og_title":"2021 Exhibition Calendar - Espoon Kuvataiteilijat","og_description":"January P\u00e4ivi&nbsp;Kukkasniemi&nbsp;&nbsp;12.1.-31.1.2021 &#8211; Postponed to January 2022 due to corona restrictionsLaura&nbsp;Pajunen&nbsp;&nbsp;12.1.-31.1.2021 &#8211; Postponed to January 2022 due to corona restrictionsSaila&nbsp;Saranp\u00e4\u00e4&nbsp;&nbsp;12.1.-31.1.2021 &#8211; Postponed to January 2022 due to corona restrictions February K\u00e4rkk\u00e4inen&nbsp;Aarre,&nbsp;Uusikyl\u00e4&nbsp;Hilkka, a group exhibition3.2.-28.2.2021 March Jari J\u00e4rnstr\u00f6m 3.3.-28.3.2021 April AALTO University, ViCCA, Master&#8217;s Programme in Visual Cultures, Curating and Contemporary Art9.4.-25.4.2021 May Espoo ArtothequeHelsingin ArtothequeVantaa [&hellip;]","og_url":"https:\/\/www.espoonkuvataiteilijat.fi\/en\/nayttelyt\/2021-exhibition-calendar\/","og_site_name":"Espoon Kuvataiteilijat","article_modified_time":"2021-12-08T13:38:26+00:00","og_image":[{"width":1300,"height":797,"url":"https:\/\/www.espoonkuvataiteilijat.fi\/wp-content\/uploads\/2021\/01\/AarniTilakuva_1300px-1.jpg","type":"image\/jpeg"}],"twitter_card":"summary_large_image","twitter_misc":{"Est. reading time":"1 minute"},"schema":{"@context":"https:\/\/schema.org","@graph":[{"@type":"WebPage","@id":"https:\/\/www.espoonkuvataiteilijat.fi\/en\/nayttelyt\/2021-exhibition-calendar\/","url":"https:\/\/www.espoonkuvataiteilijat.fi\/en\/nayttelyt\/2021-exhibition-calendar\/","name":"2021 Exhibition Calendar - Espoon Kuvataiteilijat","isPartOf":{"@id":"https:\/\/www.espoonkuvataiteilijat.fi\/#website"},"primaryImageOfPage":{"@id":"https:\/\/www.espoonkuvataiteilijat.fi\/en\/nayttelyt\/2021-exhibition-calendar\/#primaryimage"},"image":{"@id":"https:\/\/www.espoonkuvataiteilijat.fi\/en\/nayttelyt\/2021-exhibition-calendar\/#primaryimage"},"thumbnailUrl":"https:\/\/www.espoonkuvataiteilijat.fi\/wp-content\/uploads\/2021\/01\/AarniTilakuva_1300px-1.jpg","datePublished":"2021-01-28T10:29:48+00:00","dateModified":"2021-12-08T13:38:26+00:00","breadcrumb":{"@id":"https:\/\/www.espoonkuvataiteilijat.fi\/en\/nayttelyt\/2021-exhibition-calendar\/#breadcrumb"},"inLanguage":"en-US","potentialAction":[{"@type":"ReadAction","target":["https:\/\/www.espoonkuvataiteilijat.fi\/en\/nayttelyt\/2021-exhibition-calendar\/"]}]},{"@type":"ImageObject","inLanguage":"en-US","@id":"https:\/\/www.espoonkuvataiteilijat.fi\/en\/nayttelyt\/2021-exhibition-calendar\/#primaryimage","url":"https:\/\/www.espoonkuvataiteilijat.fi\/wp-content\/uploads\/2021\/01\/AarniTilakuva_1300px-1.jpg","contentUrl":"https:\/\/www.espoonkuvataiteilijat.fi\/wp-content\/uploads\/2021\/01\/AarniTilakuva_1300px-1.jpg","width":1300,"height":797,"caption":"Galleria Aarni, October 2019"},{"@type":"BreadcrumbList","@id":"https:\/\/www.espoonkuvataiteilijat.fi\/en\/nayttelyt\/2021-exhibition-calendar\/#breadcrumb","itemListElement":[{"@type":"ListItem","position":1,"name":"Home","item":"https:\/\/www.espoonkuvataiteilijat.fi\/en\/"},{"@type":"ListItem","position":2,"name":"2021 Exhibition Calendar"}]},{"@type":"WebSite","@id":"https:\/\/www.espoonkuvataiteilijat.fi\/#website","url":"https:\/\/www.espoonkuvataiteilijat.fi\/","name":"Espoon Kuvataiteilijat","description":"","potentialAction":[{"@type":"SearchAction","target":{"@type":"EntryPoint","urlTemplate":"https:\/\/www.espoonkuvataiteilijat.fi\/?s={search_term_string}"},"query-input":{"@type":"PropertyValueSpecification","valueRequired":true,"valueName":"search_term_string"}}],"inLanguage":"en-US"}]}},"_links":{"self":[{"href":"https:\/\/www.espoonkuvataiteilijat.fi\/en\/wp-json\/wp\/v2\/nayttelyt\/1506","targetHints":{"allow":["GET"]}}],"collection":[{"href":"https:\/\/www.espoonkuvataiteilijat.fi\/en\/wp-json\/wp\/v2\/nayttelyt"}],"about":[{"href":"https:\/\/www.espoonkuvataiteilijat.fi\/en\/wp-json\/wp\/v2\/types\/nayttelyt"}],"wp:featuredmedia":[{"embeddable":true,"href":"https:\/\/www.espoonkuvataiteilijat.fi\/en\/wp-json\/wp\/v2\/media\/1505"}],"wp:attachment":[{"href":"https:\/\/www.espoonkuvataiteilijat.fi\/en\/wp-json\/wp\/v2\/media?parent=1506"}],"wp:term":[{"taxonomy":"post_tag","embeddable":true,"href":"https:\/\/www.espoonkuvataiteilijat.fi\/en\/wp-json\/wp\/v2\/tags?post=1506"}],"curies":[{"name":"wp","href":"https:\/\/api.w.org\/{rel}","templated":true}]}}