{"id":2875,"date":"2022-12-14T12:29:49","date_gmt":"2022-12-14T10:29:49","guid":{"rendered":"https:\/\/www.espoonkuvataiteilijat.fi\/?post_type=nayttelyt&#038;p=2875"},"modified":"2022-12-14T12:34:09","modified_gmt":"2022-12-14T10:34:09","slug":"maaria-markala","status":"publish","type":"nayttelyt","link":"https:\/\/www.espoonkuvataiteilijat.fi\/en\/nayttelyt\/maaria-markala\/","title":{"rendered":"Maaria M\u00e4rk\u00e4l\u00e4"},"content":{"rendered":"\n<h3 class=\"wp-block-heading\">Starry Nights <\/h3>\n\n\n\n<h3 class=\"wp-block-heading\">Warm welcome to the vernissage  on January 10th at 17-19.<\/h3>\n\n\n\n<p><br>&#8211; While tasting pink and sparkling, I am tasting the stars. Every great dream begins with a dreamer \u2013 and the pink Dreams will become true! Let\u00b4s make 2023 the best year ever!<\/p>\n\n\n\n<p>Photo: Maaria M\u00e4rk\u00e4l\u00e4, Starry Night series I, II and III, each painting 195x100cm, oil on canvas, 2020<\/p>\n\n\n\n<p><a href=\"https:\/\/www.maariamarkala.com\/\">Artist Maaria M\u00e4rk\u00e4l\u00e4, homepage<\/a><\/p>\n","protected":false},"featured_media":2874,"template":"","tags":[105,107,106],"class_list":["post-2875","nayttelyt","type-nayttelyt","status-publish","has-post-thumbnail","hentry","tag-abstractpainting","tag-finnishpainters","tag-stars"],"acf":[],"yoast_head":"<!-- This site is optimized with the Yoast SEO plugin v24.2 - https:\/\/yoast.com\/wordpress\/plugins\/seo\/ -->\n<title>Maaria M\u00e4rk\u00e4l\u00e4 - Espoon Kuvataiteilijat<\/title>\n<meta name=\"description\" content=\"Artist Maaria M\u00e4rk\u00e4l\u00e4&#039;s exhibition in January 2023, oil paintings in the exhibition.\" \/>\n<meta name=\"robots\" content=\"index, follow, max-snippet:-1, max-image-preview:large, max-video-preview:-1\" \/>\n<link rel=\"canonical\" href=\"https:\/\/www.espoonkuvataiteilijat.fi\/en\/nayttelyt\/maaria-markala\/\" \/>\n<meta property=\"og:locale\" content=\"en_US\" \/>\n<meta property=\"og:type\" content=\"article\" \/>\n<meta property=\"og:title\" content=\"Maaria M\u00e4rk\u00e4l\u00e4 - Espoon Kuvataiteilijat\" \/>\n<meta property=\"og:description\" content=\"Artist Maaria M\u00e4rk\u00e4l\u00e4&#039;s exhibition in January 2023, oil paintings in the exhibition.\" \/>\n<meta property=\"og:url\" content=\"https:\/\/www.espoonkuvataiteilijat.fi\/en\/nayttelyt\/maaria-markala\/\" \/>\n<meta property=\"og:site_name\" content=\"Espoon Kuvataiteilijat\" \/>\n<meta property=\"article:modified_time\" content=\"2022-12-14T10:34:09+00:00\" \/>\n<meta property=\"og:image\" content=\"https:\/\/www.espoonkuvataiteilijat.fi\/wp-content\/uploads\/2022\/12\/Maaria_StarryNights_1300px.jpg\" \/>\n\t<meta property=\"og:image:width\" content=\"1300\" \/>\n\t<meta property=\"og:image:height\" content=\"817\" \/>\n\t<meta property=\"og:image:type\" content=\"image\/jpeg\" \/>\n<meta name=\"twitter:card\" content=\"summary_large_image\" \/>\n<meta name=\"twitter:label1\" content=\"Est. reading time\" \/>\n\t<meta name=\"twitter:data1\" content=\"1 minute\" \/>\n<script type=\"application\/ld+json\" class=\"yoast-schema-graph\">{\"@context\":\"https:\/\/schema.org\",\"@graph\":[{\"@type\":\"WebPage\",\"@id\":\"https:\/\/www.espoonkuvataiteilijat.fi\/en\/nayttelyt\/maaria-markala\/\",\"url\":\"https:\/\/www.espoonkuvataiteilijat.fi\/en\/nayttelyt\/maaria-markala\/\",\"name\":\"Maaria M\u00e4rk\u00e4l\u00e4 - Espoon Kuvataiteilijat\",\"isPartOf\":{\"@id\":\"https:\/\/www.espoonkuvataiteilijat.fi\/#website\"},\"primaryImageOfPage\":{\"@id\":\"https:\/\/www.espoonkuvataiteilijat.fi\/en\/nayttelyt\/maaria-markala\/#primaryimage\"},\"image\":{\"@id\":\"https:\/\/www.espoonkuvataiteilijat.fi\/en\/nayttelyt\/maaria-markala\/#primaryimage\"},\"thumbnailUrl\":\"https:\/\/www.espoonkuvataiteilijat.fi\/wp-content\/uploads\/2022\/12\/Maaria_StarryNights_1300px.jpg\",\"datePublished\":\"2022-12-14T10:29:49+00:00\",\"dateModified\":\"2022-12-14T10:34:09+00:00\",\"description\":\"Artist Maaria M\u00e4rk\u00e4l\u00e4's exhibition in January 2023, oil paintings in the exhibition.\",\"breadcrumb\":{\"@id\":\"https:\/\/www.espoonkuvataiteilijat.fi\/en\/nayttelyt\/maaria-markala\/#breadcrumb\"},\"inLanguage\":\"en-US\",\"potentialAction\":[{\"@type\":\"ReadAction\",\"target\":[\"https:\/\/www.espoonkuvataiteilijat.fi\/en\/nayttelyt\/maaria-markala\/\"]}]},{\"@type\":\"ImageObject\",\"inLanguage\":\"en-US\",\"@id\":\"https:\/\/www.espoonkuvataiteilijat.fi\/en\/nayttelyt\/maaria-markala\/#primaryimage\",\"url\":\"https:\/\/www.espoonkuvataiteilijat.fi\/wp-content\/uploads\/2022\/12\/Maaria_StarryNights_1300px.jpg\",\"contentUrl\":\"https:\/\/www.espoonkuvataiteilijat.fi\/wp-content\/uploads\/2022\/12\/Maaria_StarryNights_1300px.jpg\",\"width\":1300,\"height\":817,\"caption\":\"Maaria M\u00e4rk\u00e4l\u00e4, Starry Night series I, II and III, each painting 195x100cm, oil on canvas, 2020\"},{\"@type\":\"BreadcrumbList\",\"@id\":\"https:\/\/www.espoonkuvataiteilijat.fi\/en\/nayttelyt\/maaria-markala\/#breadcrumb\",\"itemListElement\":[{\"@type\":\"ListItem\",\"position\":1,\"name\":\"Home\",\"item\":\"https:\/\/www.espoonkuvataiteilijat.fi\/en\/\"},{\"@type\":\"ListItem\",\"position\":2,\"name\":\"Maaria M\u00e4rk\u00e4l\u00e4\"}]},{\"@type\":\"WebSite\",\"@id\":\"https:\/\/www.espoonkuvataiteilijat.fi\/#website\",\"url\":\"https:\/\/www.espoonkuvataiteilijat.fi\/\",\"name\":\"Espoon Kuvataiteilijat\",\"description\":\"\",\"potentialAction\":[{\"@type\":\"SearchAction\",\"target\":{\"@type\":\"EntryPoint\",\"urlTemplate\":\"https:\/\/www.espoonkuvataiteilijat.fi\/?s={search_term_string}\"},\"query-input\":{\"@type\":\"PropertyValueSpecification\",\"valueRequired\":true,\"valueName\":\"search_term_string\"}}],\"inLanguage\":\"en-US\"}]}<\/script>\n<!-- \/ Yoast SEO plugin. -->","yoast_head_json":{"title":"Maaria M\u00e4rk\u00e4l\u00e4 - Espoon Kuvataiteilijat","description":"Artist Maaria M\u00e4rk\u00e4l\u00e4's exhibition in January 2023, oil paintings in the exhibition.","robots":{"index":"index","follow":"follow","max-snippet":"max-snippet:-1","max-image-preview":"max-image-preview:large","max-video-preview":"max-video-preview:-1"},"canonical":"https:\/\/www.espoonkuvataiteilijat.fi\/en\/nayttelyt\/maaria-markala\/","og_locale":"en_US","og_type":"article","og_title":"Maaria M\u00e4rk\u00e4l\u00e4 - Espoon Kuvataiteilijat","og_description":"Artist Maaria M\u00e4rk\u00e4l\u00e4's exhibition in January 2023, oil paintings in the exhibition.","og_url":"https:\/\/www.espoonkuvataiteilijat.fi\/en\/nayttelyt\/maaria-markala\/","og_site_name":"Espoon Kuvataiteilijat","article_modified_time":"2022-12-14T10:34:09+00:00","og_image":[{"width":1300,"height":817,"url":"https:\/\/www.espoonkuvataiteilijat.fi\/wp-content\/uploads\/2022\/12\/Maaria_StarryNights_1300px.jpg","type":"image\/jpeg"}],"twitter_card":"summary_large_image","twitter_misc":{"Est. reading time":"1 minute"},"schema":{"@context":"https:\/\/schema.org","@graph":[{"@type":"WebPage","@id":"https:\/\/www.espoonkuvataiteilijat.fi\/en\/nayttelyt\/maaria-markala\/","url":"https:\/\/www.espoonkuvataiteilijat.fi\/en\/nayttelyt\/maaria-markala\/","name":"Maaria M\u00e4rk\u00e4l\u00e4 - Espoon Kuvataiteilijat","isPartOf":{"@id":"https:\/\/www.espoonkuvataiteilijat.fi\/#website"},"primaryImageOfPage":{"@id":"https:\/\/www.espoonkuvataiteilijat.fi\/en\/nayttelyt\/maaria-markala\/#primaryimage"},"image":{"@id":"https:\/\/www.espoonkuvataiteilijat.fi\/en\/nayttelyt\/maaria-markala\/#primaryimage"},"thumbnailUrl":"https:\/\/www.espoonkuvataiteilijat.fi\/wp-content\/uploads\/2022\/12\/Maaria_StarryNights_1300px.jpg","datePublished":"2022-12-14T10:29:49+00:00","dateModified":"2022-12-14T10:34:09+00:00","description":"Artist Maaria M\u00e4rk\u00e4l\u00e4's exhibition in January 2023, oil paintings in the exhibition.","breadcrumb":{"@id":"https:\/\/www.espoonkuvataiteilijat.fi\/en\/nayttelyt\/maaria-markala\/#breadcrumb"},"inLanguage":"en-US","potentialAction":[{"@type":"ReadAction","target":["https:\/\/www.espoonkuvataiteilijat.fi\/en\/nayttelyt\/maaria-markala\/"]}]},{"@type":"ImageObject","inLanguage":"en-US","@id":"https:\/\/www.espoonkuvataiteilijat.fi\/en\/nayttelyt\/maaria-markala\/#primaryimage","url":"https:\/\/www.espoonkuvataiteilijat.fi\/wp-content\/uploads\/2022\/12\/Maaria_StarryNights_1300px.jpg","contentUrl":"https:\/\/www.espoonkuvataiteilijat.fi\/wp-content\/uploads\/2022\/12\/Maaria_StarryNights_1300px.jpg","width":1300,"height":817,"caption":"Maaria M\u00e4rk\u00e4l\u00e4, Starry Night series I, II and III, each painting 195x100cm, oil on canvas, 2020"},{"@type":"BreadcrumbList","@id":"https:\/\/www.espoonkuvataiteilijat.fi\/en\/nayttelyt\/maaria-markala\/#breadcrumb","itemListElement":[{"@type":"ListItem","position":1,"name":"Home","item":"https:\/\/www.espoonkuvataiteilijat.fi\/en\/"},{"@type":"ListItem","position":2,"name":"Maaria M\u00e4rk\u00e4l\u00e4"}]},{"@type":"WebSite","@id":"https:\/\/www.espoonkuvataiteilijat.fi\/#website","url":"https:\/\/www.espoonkuvataiteilijat.fi\/","name":"Espoon Kuvataiteilijat","description":"","potentialAction":[{"@type":"SearchAction","target":{"@type":"EntryPoint","urlTemplate":"https:\/\/www.espoonkuvataiteilijat.fi\/?s={search_term_string}"},"query-input":{"@type":"PropertyValueSpecification","valueRequired":true,"valueName":"search_term_string"}}],"inLanguage":"en-US"}]}},"_links":{"self":[{"href":"https:\/\/www.espoonkuvataiteilijat.fi\/en\/wp-json\/wp\/v2\/nayttelyt\/2875","targetHints":{"allow":["GET"]}}],"collection":[{"href":"https:\/\/www.espoonkuvataiteilijat.fi\/en\/wp-json\/wp\/v2\/nayttelyt"}],"about":[{"href":"https:\/\/www.espoonkuvataiteilijat.fi\/en\/wp-json\/wp\/v2\/types\/nayttelyt"}],"wp:featuredmedia":[{"embeddable":true,"href":"https:\/\/www.espoonkuvataiteilijat.fi\/en\/wp-json\/wp\/v2\/media\/2874"}],"wp:attachment":[{"href":"https:\/\/www.espoonkuvataiteilijat.fi\/en\/wp-json\/wp\/v2\/media?parent=2875"}],"wp:term":[{"taxonomy":"post_tag","embeddable":true,"href":"https:\/\/www.espoonkuvataiteilijat.fi\/en\/wp-json\/wp\/v2\/tags?post=2875"}],"curies":[{"name":"wp","href":"https:\/\/api.w.org\/{rel}","templated":true}]}}