{"id":3631,"date":"2023-09-27T17:18:18","date_gmt":"2023-09-27T14:18:18","guid":{"rendered":"https:\/\/www.espoonkuvataiteilijat.fi\/nayttelyt\/tiina-kivinen\/"},"modified":"2023-10-10T18:34:53","modified_gmt":"2023-10-10T15:34:53","slug":"tiina-kivinen","status":"publish","type":"nayttelyt","link":"https:\/\/www.espoonkuvataiteilijat.fi\/en\/nayttelyt\/tiina-kivinen\/","title":{"rendered":"Tiina Kivinen"},"content":{"rendered":"\n<h2 class=\"wp-block-heading\">                                                                                                                        Runaway Boys<\/h2>\n\n\n\n<p style=\"font-style:normal;font-weight:300\">Welcome to Exhibition Opening on Tuesday 24.10. at 5 to 7 pm!<\/p>\n\n\n\n<p>&#8211; Exploring the forest and its intricate roots, my art exhibition showcases the enduring presence of small birds as a recurring motif. To me, these avian creatures serve as symbolic reflections of humanity itself, embodying both its fragility and resilience. Much like how birds soar through the sky with the air beneath their wings, people too navigate the delicate balance of strength and vulnerability.<\/p>\n\n\n\n<p>In particular, I&#8217;ve delved into the world of small birds, particularly sparrows, to address the challenges faced by today&#8217;s youth. Within these pieces, I integrate elements of street art, graffiti, and the tag markers commonly wielded by young individuals. These urban art forms seamlessly meld into my own artistic lexicon, allowing me to engage with the multifaceted issues surrounding youth in contemporary society.<\/p>\n\n\n\n<p>Through this art project, my aim is to shed light on the often-overlooked realm of these complex subjects. This endeavor serves as a call to action, imploring both the younger generation and adults alike to confront the difficult realities that often go unnoticed.<\/p>\n\n\n\n<hr class=\"wp-block-separator has-text-color has-alpha-channel-opacity has-background\" style=\"background-color:#cfcfcf;color:#cfcfcf\"\/>\n\n\n\n<p><em>Tiina Kivinen, born in 1971, is a visual artist with a strong international presence. Kivinen works with a particularly slow and laborious mezzotint technique. Mezzotinto is characterized by an impenetrable, fleshy black surface and a slow working technique. Its use can be thought of as a small rebellion against the rush of this time.<\/em><\/p>\n\n\n\n<p><em>Tiina Kivinen&#8217;s works can be found in several public collections, including Moderna Museet (Sweden), The British Museum (London), Serlachius Museum (M\u00e4ntt\u00e4), the State of Finland and H.M. Queen Sonja Art Collection (Norway). No other Finnish artist has received the H.M. Queen Sonja Art Award except for her.<\/em><\/p>\n\n\n\n<p style=\"font-style:normal;font-weight:300\"><em>Artwork above: Tiina Kivinen, Runaway Boys (2020), mezzotinto, photo etching, acrylic marker<\/em><\/p>\n\n\n\n<div style=\"height:28px\" aria-hidden=\"true\" class=\"wp-block-spacer\"><\/div>\n\n\n\n<div class=\"wp-block-buttons is-layout-flex wp-block-buttons-is-layout-flex\">\n<div class=\"wp-block-button\" style=\"font-style:normal;font-weight:300\"><a class=\"wp-block-button__link wp-element-button\" href=\"http:\/\/www.tiinakivinen.com\/\" style=\"border-radius:100px\" target=\"_blank\" rel=\"noreferrer noopener\">www.tiinakivinen.com<\/a><\/div>\n\n\n\n<div class=\"wp-block-button\" style=\"font-style:normal;font-weight:300\"><a class=\"wp-block-button__link wp-element-button\" href=\"https:\/\/www.espoonkuvataiteilijat.fi\/wp-content\/uploads\/2023\/09\/Tiina_Kivinen_CV-.pdf\" style=\"border-radius:100px\" target=\"_blank\" rel=\"noreferrer noopener\">CV<\/a><\/div>\n\n\n\n<div class=\"wp-block-button\" style=\"font-style:normal;font-weight:300\"><a class=\"wp-block-button__link wp-element-button\" href=\"https:\/\/www.instagram.com\/tiina.kivinen\/\" style=\"border-radius:100px\" target=\"_blank\" rel=\"noreferrer noopener\">Instagram.com: tiina.kivinen<\/a><\/div>\n<\/div>\n\n\n\n<div style=\"height:49px\" aria-hidden=\"true\" class=\"wp-block-spacer\"><\/div>\n\n\n\n<figure class=\"wp-block-image\"><img loading=\"lazy\" decoding=\"async\" width=\"1024\" height=\"720\" src=\"https:\/\/www.espoonkuvataiteilijat.fi\/wp-content\/uploads\/2023\/09\/No-Pasa-Nada-2023-70cm-x-100cm-olyvarimaalaus-akrylille-kopio-1-scaled-e1695821280579-1024x720.jpg\" alt=\"Abstrakti vaaleanpunaisen ja liilan s\u00e4vyinen maalaus, jossa tekstit &quot;NO&quot; ja &quot;PASA NADA&quot;.\" class=\"wp-image-3613\" title=\"Tiina Kivinen - No Pasa Nada, 2023, 70 x 100 cm, \u00f6ljyv\u00e4rimaalaus\" srcset=\"https:\/\/www.espoonkuvataiteilijat.fi\/wp-content\/uploads\/2023\/09\/No-Pasa-Nada-2023-70cm-x-100cm-olyvarimaalaus-akrylille-kopio-1-scaled-e1695821280579-1024x720.jpg 1024w, https:\/\/www.espoonkuvataiteilijat.fi\/wp-content\/uploads\/2023\/09\/No-Pasa-Nada-2023-70cm-x-100cm-olyvarimaalaus-akrylille-kopio-1-scaled-e1695821280579-300x211.jpg 300w, https:\/\/www.espoonkuvataiteilijat.fi\/wp-content\/uploads\/2023\/09\/No-Pasa-Nada-2023-70cm-x-100cm-olyvarimaalaus-akrylille-kopio-1-scaled-e1695821280579-768x540.jpg 768w, https:\/\/www.espoonkuvataiteilijat.fi\/wp-content\/uploads\/2023\/09\/No-Pasa-Nada-2023-70cm-x-100cm-olyvarimaalaus-akrylille-kopio-1-scaled-e1695821280579.jpg 1300w\" sizes=\"auto, (max-width: 1024px) 100vw, 1024px\" \/><figcaption class=\"wp-element-caption\"><em><sub>Tiina Kivinen, No Pasa Nada (2023), 70 x 100 cm, oil painting<\/sub><\/em><\/figcaption><\/figure>\n\n\n\n<figure class=\"wp-block-image\"><img loading=\"lazy\" decoding=\"async\" width=\"1024\" height=\"809\" src=\"https:\/\/www.espoonkuvataiteilijat.fi\/wp-content\/uploads\/2023\/09\/Kaupungissa-on-uusi-seriffi-2020-mezzotinto-fotoetsaus-akryylitussi-TIINA-KIVINEN-scaled-e1695821925496-1024x809.jpg\" alt=\"Yhdistelm\u00e4 fotoetsausta, taidegrafiikan syv\u00e4painomenetelm\u00e4\u00e4 mezzotintoa ja akryylitussia. Fotoetsauksessa n\u00e4kyy tiilisein\u00e4, jonka p\u00e4\u00e4lle on kirjoitettu graffitimaisesti v\u00e4rikk\u00e4ill\u00e4 akryylitusseilla &quot;Kaupungissa on uusi seriffi.&quot; Kuvassa my\u00f6s n\u00e4yteikkuna, jossa lukee &quot;Nuori Espoo&quot;. Etualalla maantasossa tumma lintu.\" class=\"wp-image-3610\" title=\"Tiina Kivinen - Kaupungissa on uusi seriffi 2020, mezzotinto, fotoetsaus, akryylitussi\" srcset=\"https:\/\/www.espoonkuvataiteilijat.fi\/wp-content\/uploads\/2023\/09\/Kaupungissa-on-uusi-seriffi-2020-mezzotinto-fotoetsaus-akryylitussi-TIINA-KIVINEN-scaled-e1695821925496-1024x809.jpg 1024w, https:\/\/www.espoonkuvataiteilijat.fi\/wp-content\/uploads\/2023\/09\/Kaupungissa-on-uusi-seriffi-2020-mezzotinto-fotoetsaus-akryylitussi-TIINA-KIVINEN-scaled-e1695821925496-300x237.jpg 300w, https:\/\/www.espoonkuvataiteilijat.fi\/wp-content\/uploads\/2023\/09\/Kaupungissa-on-uusi-seriffi-2020-mezzotinto-fotoetsaus-akryylitussi-TIINA-KIVINEN-scaled-e1695821925496-768x607.jpg 768w, https:\/\/www.espoonkuvataiteilijat.fi\/wp-content\/uploads\/2023\/09\/Kaupungissa-on-uusi-seriffi-2020-mezzotinto-fotoetsaus-akryylitussi-TIINA-KIVINEN-scaled-e1695821925496.jpg 1300w\" sizes=\"auto, (max-width: 1024px) 100vw, 1024px\" \/><figcaption class=\"wp-element-caption\"><sub><em>Tiina Kivinen, Kaupungissa on uusi seriffi \/ There&#8217;s a new sheriff in town (2020), mezzotinto, photo etching, acrylic marker<\/em><\/sub><\/figcaption><\/figure>\n\n\n\n<p><\/p>\n","protected":false},"featured_media":3625,"template":"","tags":[186,183,185,179],"class_list":["post-3631","nayttelyt","type-nayttelyt","status-publish","has-post-thumbnail","hentry","tag-graffiti","tag-mezzotinto","tag-streetart","tag-tiina-kivinen"],"acf":[],"yoast_head":"<!-- This site is optimized with the Yoast SEO plugin v24.2 - https:\/\/yoast.com\/wordpress\/plugins\/seo\/ -->\n<title>Tiina Kivinen - Espoon Kuvataiteilijat<\/title>\n<meta name=\"description\" content=\"Tiina Kivisen Runaway Boys -taiden\u00e4yttely on esill\u00e4 Galleria Aarnissa 25.10.-19.11.2023. Avajaiset ti 24.10. klo 17-19. Vapaa p\u00e4\u00e4sy.\" \/>\n<meta name=\"robots\" content=\"index, follow, max-snippet:-1, max-image-preview:large, max-video-preview:-1\" \/>\n<link rel=\"canonical\" href=\"https:\/\/www.espoonkuvataiteilijat.fi\/en\/nayttelyt\/tiina-kivinen\/\" \/>\n<meta property=\"og:locale\" content=\"en_US\" \/>\n<meta property=\"og:type\" content=\"article\" \/>\n<meta property=\"og:title\" content=\"Tiina Kivinen - Espoon Kuvataiteilijat\" \/>\n<meta property=\"og:description\" content=\"Tiina Kivisen Runaway Boys -taiden\u00e4yttely on esill\u00e4 Galleria Aarnissa 25.10.-19.11.2023. Avajaiset ti 24.10. klo 17-19. Vapaa p\u00e4\u00e4sy.\" \/>\n<meta property=\"og:url\" content=\"https:\/\/www.espoonkuvataiteilijat.fi\/en\/nayttelyt\/tiina-kivinen\/\" \/>\n<meta property=\"og:site_name\" content=\"Espoon Kuvataiteilijat\" \/>\n<meta property=\"article:modified_time\" content=\"2023-10-10T15:34:53+00:00\" \/>\n<meta property=\"og:image\" content=\"https:\/\/www.espoonkuvataiteilijat.fi\/wp-content\/uploads\/2023\/09\/TiinaKIvinen_Runaway-Boys-2020-mezzotinto-fotoetsaus-akryylitussi_1300px-e1695824808213.jpg\" \/>\n\t<meta property=\"og:image:width\" content=\"1300\" \/>\n\t<meta property=\"og:image:height\" content=\"1039\" \/>\n\t<meta property=\"og:image:type\" content=\"image\/jpeg\" \/>\n<meta name=\"twitter:card\" content=\"summary_large_image\" \/>\n<meta name=\"twitter:label1\" content=\"Est. reading time\" \/>\n\t<meta name=\"twitter:data1\" content=\"3 minutes\" \/>\n<script type=\"application\/ld+json\" class=\"yoast-schema-graph\">{\"@context\":\"https:\/\/schema.org\",\"@graph\":[{\"@type\":\"WebPage\",\"@id\":\"https:\/\/www.espoonkuvataiteilijat.fi\/en\/nayttelyt\/tiina-kivinen\/\",\"url\":\"https:\/\/www.espoonkuvataiteilijat.fi\/en\/nayttelyt\/tiina-kivinen\/\",\"name\":\"Tiina Kivinen - Espoon Kuvataiteilijat\",\"isPartOf\":{\"@id\":\"https:\/\/www.espoonkuvataiteilijat.fi\/#website\"},\"primaryImageOfPage\":{\"@id\":\"https:\/\/www.espoonkuvataiteilijat.fi\/en\/nayttelyt\/tiina-kivinen\/#primaryimage\"},\"image\":{\"@id\":\"https:\/\/www.espoonkuvataiteilijat.fi\/en\/nayttelyt\/tiina-kivinen\/#primaryimage\"},\"thumbnailUrl\":\"https:\/\/www.espoonkuvataiteilijat.fi\/wp-content\/uploads\/2023\/09\/TiinaKIvinen_Runaway-Boys-2020-mezzotinto-fotoetsaus-akryylitussi_1300px-e1695824808213.jpg\",\"datePublished\":\"2023-09-27T14:18:18+00:00\",\"dateModified\":\"2023-10-10T15:34:53+00:00\",\"description\":\"Tiina Kivisen Runaway Boys -taiden\u00e4yttely on esill\u00e4 Galleria Aarnissa 25.10.-19.11.2023. Avajaiset ti 24.10. klo 17-19. Vapaa p\u00e4\u00e4sy.\",\"breadcrumb\":{\"@id\":\"https:\/\/www.espoonkuvataiteilijat.fi\/en\/nayttelyt\/tiina-kivinen\/#breadcrumb\"},\"inLanguage\":\"en-US\",\"potentialAction\":[{\"@type\":\"ReadAction\",\"target\":[\"https:\/\/www.espoonkuvataiteilijat.fi\/en\/nayttelyt\/tiina-kivinen\/\"]}]},{\"@type\":\"ImageObject\",\"inLanguage\":\"en-US\",\"@id\":\"https:\/\/www.espoonkuvataiteilijat.fi\/en\/nayttelyt\/tiina-kivinen\/#primaryimage\",\"url\":\"https:\/\/www.espoonkuvataiteilijat.fi\/wp-content\/uploads\/2023\/09\/TiinaKIvinen_Runaway-Boys-2020-mezzotinto-fotoetsaus-akryylitussi_1300px-e1695824808213.jpg\",\"contentUrl\":\"https:\/\/www.espoonkuvataiteilijat.fi\/wp-content\/uploads\/2023\/09\/TiinaKIvinen_Runaway-Boys-2020-mezzotinto-fotoetsaus-akryylitussi_1300px-e1695824808213.jpg\",\"width\":1300,\"height\":1039},{\"@type\":\"BreadcrumbList\",\"@id\":\"https:\/\/www.espoonkuvataiteilijat.fi\/en\/nayttelyt\/tiina-kivinen\/#breadcrumb\",\"itemListElement\":[{\"@type\":\"ListItem\",\"position\":1,\"name\":\"Home\",\"item\":\"https:\/\/www.espoonkuvataiteilijat.fi\/en\/\"},{\"@type\":\"ListItem\",\"position\":2,\"name\":\"Tiina Kivinen\"}]},{\"@type\":\"WebSite\",\"@id\":\"https:\/\/www.espoonkuvataiteilijat.fi\/#website\",\"url\":\"https:\/\/www.espoonkuvataiteilijat.fi\/\",\"name\":\"Espoon Kuvataiteilijat\",\"description\":\"\",\"potentialAction\":[{\"@type\":\"SearchAction\",\"target\":{\"@type\":\"EntryPoint\",\"urlTemplate\":\"https:\/\/www.espoonkuvataiteilijat.fi\/?s={search_term_string}\"},\"query-input\":{\"@type\":\"PropertyValueSpecification\",\"valueRequired\":true,\"valueName\":\"search_term_string\"}}],\"inLanguage\":\"en-US\"}]}<\/script>\n<!-- \/ Yoast SEO plugin. -->","yoast_head_json":{"title":"Tiina Kivinen - Espoon Kuvataiteilijat","description":"Tiina Kivisen Runaway Boys -taiden\u00e4yttely on esill\u00e4 Galleria Aarnissa 25.10.-19.11.2023. Avajaiset ti 24.10. klo 17-19. Vapaa p\u00e4\u00e4sy.","robots":{"index":"index","follow":"follow","max-snippet":"max-snippet:-1","max-image-preview":"max-image-preview:large","max-video-preview":"max-video-preview:-1"},"canonical":"https:\/\/www.espoonkuvataiteilijat.fi\/en\/nayttelyt\/tiina-kivinen\/","og_locale":"en_US","og_type":"article","og_title":"Tiina Kivinen - Espoon Kuvataiteilijat","og_description":"Tiina Kivisen Runaway Boys -taiden\u00e4yttely on esill\u00e4 Galleria Aarnissa 25.10.-19.11.2023. Avajaiset ti 24.10. klo 17-19. Vapaa p\u00e4\u00e4sy.","og_url":"https:\/\/www.espoonkuvataiteilijat.fi\/en\/nayttelyt\/tiina-kivinen\/","og_site_name":"Espoon Kuvataiteilijat","article_modified_time":"2023-10-10T15:34:53+00:00","og_image":[{"width":1300,"height":1039,"url":"https:\/\/www.espoonkuvataiteilijat.fi\/wp-content\/uploads\/2023\/09\/TiinaKIvinen_Runaway-Boys-2020-mezzotinto-fotoetsaus-akryylitussi_1300px-e1695824808213.jpg","type":"image\/jpeg"}],"twitter_card":"summary_large_image","twitter_misc":{"Est. reading time":"3 minutes"},"schema":{"@context":"https:\/\/schema.org","@graph":[{"@type":"WebPage","@id":"https:\/\/www.espoonkuvataiteilijat.fi\/en\/nayttelyt\/tiina-kivinen\/","url":"https:\/\/www.espoonkuvataiteilijat.fi\/en\/nayttelyt\/tiina-kivinen\/","name":"Tiina Kivinen - Espoon Kuvataiteilijat","isPartOf":{"@id":"https:\/\/www.espoonkuvataiteilijat.fi\/#website"},"primaryImageOfPage":{"@id":"https:\/\/www.espoonkuvataiteilijat.fi\/en\/nayttelyt\/tiina-kivinen\/#primaryimage"},"image":{"@id":"https:\/\/www.espoonkuvataiteilijat.fi\/en\/nayttelyt\/tiina-kivinen\/#primaryimage"},"thumbnailUrl":"https:\/\/www.espoonkuvataiteilijat.fi\/wp-content\/uploads\/2023\/09\/TiinaKIvinen_Runaway-Boys-2020-mezzotinto-fotoetsaus-akryylitussi_1300px-e1695824808213.jpg","datePublished":"2023-09-27T14:18:18+00:00","dateModified":"2023-10-10T15:34:53+00:00","description":"Tiina Kivisen Runaway Boys -taiden\u00e4yttely on esill\u00e4 Galleria Aarnissa 25.10.-19.11.2023. Avajaiset ti 24.10. klo 17-19. Vapaa p\u00e4\u00e4sy.","breadcrumb":{"@id":"https:\/\/www.espoonkuvataiteilijat.fi\/en\/nayttelyt\/tiina-kivinen\/#breadcrumb"},"inLanguage":"en-US","potentialAction":[{"@type":"ReadAction","target":["https:\/\/www.espoonkuvataiteilijat.fi\/en\/nayttelyt\/tiina-kivinen\/"]}]},{"@type":"ImageObject","inLanguage":"en-US","@id":"https:\/\/www.espoonkuvataiteilijat.fi\/en\/nayttelyt\/tiina-kivinen\/#primaryimage","url":"https:\/\/www.espoonkuvataiteilijat.fi\/wp-content\/uploads\/2023\/09\/TiinaKIvinen_Runaway-Boys-2020-mezzotinto-fotoetsaus-akryylitussi_1300px-e1695824808213.jpg","contentUrl":"https:\/\/www.espoonkuvataiteilijat.fi\/wp-content\/uploads\/2023\/09\/TiinaKIvinen_Runaway-Boys-2020-mezzotinto-fotoetsaus-akryylitussi_1300px-e1695824808213.jpg","width":1300,"height":1039},{"@type":"BreadcrumbList","@id":"https:\/\/www.espoonkuvataiteilijat.fi\/en\/nayttelyt\/tiina-kivinen\/#breadcrumb","itemListElement":[{"@type":"ListItem","position":1,"name":"Home","item":"https:\/\/www.espoonkuvataiteilijat.fi\/en\/"},{"@type":"ListItem","position":2,"name":"Tiina Kivinen"}]},{"@type":"WebSite","@id":"https:\/\/www.espoonkuvataiteilijat.fi\/#website","url":"https:\/\/www.espoonkuvataiteilijat.fi\/","name":"Espoon Kuvataiteilijat","description":"","potentialAction":[{"@type":"SearchAction","target":{"@type":"EntryPoint","urlTemplate":"https:\/\/www.espoonkuvataiteilijat.fi\/?s={search_term_string}"},"query-input":{"@type":"PropertyValueSpecification","valueRequired":true,"valueName":"search_term_string"}}],"inLanguage":"en-US"}]}},"_links":{"self":[{"href":"https:\/\/www.espoonkuvataiteilijat.fi\/en\/wp-json\/wp\/v2\/nayttelyt\/3631","targetHints":{"allow":["GET"]}}],"collection":[{"href":"https:\/\/www.espoonkuvataiteilijat.fi\/en\/wp-json\/wp\/v2\/nayttelyt"}],"about":[{"href":"https:\/\/www.espoonkuvataiteilijat.fi\/en\/wp-json\/wp\/v2\/types\/nayttelyt"}],"wp:featuredmedia":[{"embeddable":true,"href":"https:\/\/www.espoonkuvataiteilijat.fi\/en\/wp-json\/wp\/v2\/media\/3625"}],"wp:attachment":[{"href":"https:\/\/www.espoonkuvataiteilijat.fi\/en\/wp-json\/wp\/v2\/media?parent=3631"}],"wp:term":[{"taxonomy":"post_tag","embeddable":true,"href":"https:\/\/www.espoonkuvataiteilijat.fi\/en\/wp-json\/wp\/v2\/tags?post=3631"}],"curies":[{"name":"wp","href":"https:\/\/api.w.org\/{rel}","templated":true}]}}