{"id":4991,"date":"2025-02-26T14:07:46","date_gmt":"2025-02-26T12:07:46","guid":{"rendered":"https:\/\/www.espoonkuvataiteilijat.fi\/?post_type=nayttelyt&#038;p=4991"},"modified":"2025-02-28T15:15:25","modified_gmt":"2025-02-28T13:15:25","slug":"tytti-heikkila","status":"publish","type":"nayttelyt","link":"https:\/\/www.espoonkuvataiteilijat.fi\/en\/nayttelyt\/tytti-heikkila\/","title":{"rendered":"Tytti Heikkil\u00e4"},"content":{"rendered":"\n<h2 class=\"wp-block-heading\">Human Locational Knowledge<\/h2>\n\n\n\n<h3 class=\"wp-block-heading\">Welcome to the opening ceremonies on Tuesday 1.4. at 17-19.<\/h3>\n\n\n\n<p>In her colorful oil paintings, Tytti Heikkil\u00e4 seeks new ways to express the experience of a natural landscape. Heikkil\u00e4 sees landscapes as dynamic, narrative spaces with a strong emotional charge, and she pays a lot of attention to composition, sense of space and interaction of colors. During the past few years, she has started to introduce figures in her paintings, and they add new kinds of personal and cultural meanings to the natural landscape.<\/p>\n\n\n\n<p><em>Artwork: Tytti Heikkil\u00e4, Chapel, 2023,&nbsp;oil on board, 180 x 240 cm, photo Antti Vuorenmaa<\/em><\/p>\n\n\n\n<div style=\"height:20px\" aria-hidden=\"true\" class=\"wp-block-spacer\"><\/div>\n\n\n\n<hr class=\"wp-block-separator has-alpha-channel-opacity\"\/>\n\n\n\n<div style=\"height:30px\" aria-hidden=\"true\" class=\"wp-block-spacer\"><\/div>\n\n\n\n<p>Tytti Heikkil\u00e4 (b. 1980 in Lemp\u00e4\u00e4l\u00e4) is a painter living and working in Helsinki, Finland. She graduated from The Free Art School in 2019 and has works in private collections as well as in Sokos Hotels\u2019 and The Finnish National Gallery\u2019s collections. Gallery Aarni\u2019s exhibition is her 11th private exhibition.<\/p>\n\n\n\n<div style=\"height:31px\" aria-hidden=\"true\" class=\"wp-block-spacer\"><\/div>\n\n\n\n<div class=\"wp-block-buttons has-custom-font-size has-medium-font-size is-layout-flex wp-block-buttons-is-layout-flex\">\n<div class=\"wp-block-button\"><a class=\"wp-block-button__link wp-element-button\" href=\"https:\/\/www.espoonkuvataiteilijat.fi\/wp-content\/uploads\/2025\/02\/CV_Tytti-Heikkila_English.pdf\">CV Tytti Heikkil\u00e4<\/a><\/div>\n\n\n\n<div class=\"wp-block-button\"><a class=\"wp-block-button__link wp-element-button\" href=\"https:\/\/tyttiheikkila.com\/\">Tytti Heikkil\u00e4 homepage<\/a><\/div>\n\n\n\n<div class=\"wp-block-button\"><a class=\"wp-block-button__link wp-element-button\" href=\"https:\/\/www.instagram.com\/tytti_heikkila\/\">Instagram Tytti Heikkil\u00e4<\/a><\/div>\n<\/div>\n\n\n\n<div style=\"height:38px\" aria-hidden=\"true\" class=\"wp-block-spacer\"><\/div>\n\n\n\n<p><strong>Note: The Gallery is closed on Good Friday 18.4. and on Easter Sunday 20.4.<\/strong><\/p>\n\n\n\n<div style=\"height:35px\" aria-hidden=\"true\" class=\"wp-block-spacer\"><\/div>\n\n\n\n<figure class=\"wp-block-image size-full\"><img loading=\"lazy\" decoding=\"async\" width=\"650\" height=\"431\" src=\"https:\/\/www.espoonkuvataiteilijat.fi\/wp-content\/uploads\/2025\/02\/Jaa-hyvasti-Jamsankoski_650px.jpg\" alt=\"Tytti Heikkil\u00e4, J\u00e4\u00e4 hyv\u00e4sti J\u00e4ms\u00e4nkoski, 2024, \u00f6ljy kankaalle, 100 x 120 cm, valokuva Antti Vuorenmaa\" class=\"wp-image-4989\" srcset=\"https:\/\/www.espoonkuvataiteilijat.fi\/wp-content\/uploads\/2025\/02\/Jaa-hyvasti-Jamsankoski_650px.jpg 650w, https:\/\/www.espoonkuvataiteilijat.fi\/wp-content\/uploads\/2025\/02\/Jaa-hyvasti-Jamsankoski_650px-300x199.jpg 300w\" sizes=\"auto, (max-width: 650px) 100vw, 650px\" \/><figcaption class=\"wp-element-caption\"><sub>Tytti Heikkil\u00e4, Farewell to J\u00e4ms\u00e4nkoski, 2024, oil on canvas, 100 x 120 cm, photo Antti Vuorenmaa<\/sub><\/figcaption><\/figure>\n\n\n\n<figure class=\"wp-block-image size-full\"><img loading=\"lazy\" decoding=\"async\" width=\"650\" height=\"478\" src=\"https:\/\/www.espoonkuvataiteilijat.fi\/wp-content\/uploads\/2025\/02\/Lepopaikka_650px.jpg\" alt=\"Lepopaikka \u00f6ljymaalaus, triptyykki, punaiset s\u00e4vyt paljon kasveja, yksi koira lep\u00e4\u00e4\" class=\"wp-image-4987\" srcset=\"https:\/\/www.espoonkuvataiteilijat.fi\/wp-content\/uploads\/2025\/02\/Lepopaikka_650px.jpg 650w, https:\/\/www.espoonkuvataiteilijat.fi\/wp-content\/uploads\/2025\/02\/Lepopaikka_650px-300x221.jpg 300w\" sizes=\"auto, (max-width: 650px) 100vw, 650px\" \/><figcaption class=\"wp-element-caption\"><sub>Tytti Heikkil\u00e4, Resting Place, 2023, oil on board, 180 x 240 cm, photo Antti Vuorenmaa<\/sub><\/figcaption><\/figure>\n\n\n\n<figure class=\"wp-block-image size-full\"><img loading=\"lazy\" decoding=\"async\" width=\"650\" height=\"611\" src=\"https:\/\/www.espoonkuvataiteilijat.fi\/wp-content\/uploads\/2025\/02\/Escape-on-a-Horse_650px.jpg\" alt=\"Tytti Heikkil\u00e4, Escape on A Horse, 2024, \u00f6ljy kankaalle, 150 x 160 cm, valokuva Antti Vuorenmaa\" class=\"wp-image-4990\" srcset=\"https:\/\/www.espoonkuvataiteilijat.fi\/wp-content\/uploads\/2025\/02\/Escape-on-a-Horse_650px.jpg 650w, https:\/\/www.espoonkuvataiteilijat.fi\/wp-content\/uploads\/2025\/02\/Escape-on-a-Horse_650px-300x282.jpg 300w\" sizes=\"auto, (max-width: 650px) 100vw, 650px\" \/><figcaption class=\"wp-element-caption\"><sub>Tytti Heikkil\u00e4, Escape on A Horse, 2024, oil on canvas, 150 x 160 cm, photo Antti Vuorenmaa<\/sub><\/figcaption><\/figure>\n\n\n\n<p><\/p>\n","protected":false},"featured_media":4992,"template":"","tags":[15,20,71,16],"class_list":["post-4991","nayttelyt","type-nayttelyt","status-publish","has-post-thumbnail","hentry","tag-maalaustaide","tag-mielenmaisema","tag-nykytaide","tag-taidegalleria"],"acf":[],"yoast_head":"<!-- This site is optimized with the Yoast SEO plugin v24.2 - https:\/\/yoast.com\/wordpress\/plugins\/seo\/ -->\n<title>Tytti Heikkil\u00e4 - Espoon Kuvataiteilijat<\/title>\n<meta name=\"robots\" content=\"index, follow, max-snippet:-1, max-image-preview:large, max-video-preview:-1\" \/>\n<link rel=\"canonical\" href=\"https:\/\/www.espoonkuvataiteilijat.fi\/en\/nayttelyt\/tytti-heikkila\/\" \/>\n<meta property=\"og:locale\" content=\"en_US\" \/>\n<meta property=\"og:type\" content=\"article\" \/>\n<meta property=\"og:title\" content=\"Tytti Heikkil\u00e4 - Espoon Kuvataiteilijat\" \/>\n<meta property=\"og:description\" content=\"Human Locational Knowledge Welcome to the opening ceremonies on Tuesday 1.4. at 17-19. In her colorful oil paintings, Tytti Heikkil\u00e4 seeks new ways to express the experience of a natural landscape. Heikkil\u00e4 sees landscapes as dynamic, narrative spaces with a strong emotional charge, and she pays a lot of attention to composition, sense of space [&hellip;]\" \/>\n<meta property=\"og:url\" content=\"https:\/\/www.espoonkuvataiteilijat.fi\/en\/nayttelyt\/tytti-heikkila\/\" \/>\n<meta property=\"og:site_name\" content=\"Espoon Kuvataiteilijat\" \/>\n<meta property=\"article:modified_time\" content=\"2025-02-28T13:15:25+00:00\" \/>\n<meta property=\"og:image\" content=\"https:\/\/www.espoonkuvataiteilijat.fi\/wp-content\/uploads\/2025\/02\/Kappeli_1300px-1.jpg\" \/>\n\t<meta property=\"og:image:width\" content=\"1300\" \/>\n\t<meta property=\"og:image:height\" content=\"967\" \/>\n\t<meta property=\"og:image:type\" content=\"image\/jpeg\" \/>\n<meta name=\"twitter:card\" content=\"summary_large_image\" \/>\n<meta name=\"twitter:label1\" content=\"Est. reading time\" \/>\n\t<meta name=\"twitter:data1\" content=\"3 minutes\" \/>\n<script type=\"application\/ld+json\" class=\"yoast-schema-graph\">{\"@context\":\"https:\/\/schema.org\",\"@graph\":[{\"@type\":\"WebPage\",\"@id\":\"https:\/\/www.espoonkuvataiteilijat.fi\/en\/nayttelyt\/tytti-heikkila\/\",\"url\":\"https:\/\/www.espoonkuvataiteilijat.fi\/en\/nayttelyt\/tytti-heikkila\/\",\"name\":\"Tytti Heikkil\u00e4 - Espoon Kuvataiteilijat\",\"isPartOf\":{\"@id\":\"https:\/\/www.espoonkuvataiteilijat.fi\/#website\"},\"primaryImageOfPage\":{\"@id\":\"https:\/\/www.espoonkuvataiteilijat.fi\/en\/nayttelyt\/tytti-heikkila\/#primaryimage\"},\"image\":{\"@id\":\"https:\/\/www.espoonkuvataiteilijat.fi\/en\/nayttelyt\/tytti-heikkila\/#primaryimage\"},\"thumbnailUrl\":\"https:\/\/www.espoonkuvataiteilijat.fi\/wp-content\/uploads\/2025\/02\/Kappeli_1300px-1.jpg\",\"datePublished\":\"2025-02-26T12:07:46+00:00\",\"dateModified\":\"2025-02-28T13:15:25+00:00\",\"breadcrumb\":{\"@id\":\"https:\/\/www.espoonkuvataiteilijat.fi\/en\/nayttelyt\/tytti-heikkila\/#breadcrumb\"},\"inLanguage\":\"en-US\",\"potentialAction\":[{\"@type\":\"ReadAction\",\"target\":[\"https:\/\/www.espoonkuvataiteilijat.fi\/en\/nayttelyt\/tytti-heikkila\/\"]}]},{\"@type\":\"ImageObject\",\"inLanguage\":\"en-US\",\"@id\":\"https:\/\/www.espoonkuvataiteilijat.fi\/en\/nayttelyt\/tytti-heikkila\/#primaryimage\",\"url\":\"https:\/\/www.espoonkuvataiteilijat.fi\/wp-content\/uploads\/2025\/02\/Kappeli_1300px-1.jpg\",\"contentUrl\":\"https:\/\/www.espoonkuvataiteilijat.fi\/wp-content\/uploads\/2025\/02\/Kappeli_1300px-1.jpg\",\"width\":1300,\"height\":967,\"caption\":\"Tytti Heikkil\u00e4, Kappeli, 2023, \u00f6ljy vanerille, 180 x 240 cm, valokuva Antti Vuorenmaa\"},{\"@type\":\"BreadcrumbList\",\"@id\":\"https:\/\/www.espoonkuvataiteilijat.fi\/en\/nayttelyt\/tytti-heikkila\/#breadcrumb\",\"itemListElement\":[{\"@type\":\"ListItem\",\"position\":1,\"name\":\"Home\",\"item\":\"https:\/\/www.espoonkuvataiteilijat.fi\/en\/\"},{\"@type\":\"ListItem\",\"position\":2,\"name\":\"Tytti Heikkil\u00e4\"}]},{\"@type\":\"WebSite\",\"@id\":\"https:\/\/www.espoonkuvataiteilijat.fi\/#website\",\"url\":\"https:\/\/www.espoonkuvataiteilijat.fi\/\",\"name\":\"Espoon Kuvataiteilijat\",\"description\":\"\",\"potentialAction\":[{\"@type\":\"SearchAction\",\"target\":{\"@type\":\"EntryPoint\",\"urlTemplate\":\"https:\/\/www.espoonkuvataiteilijat.fi\/?s={search_term_string}\"},\"query-input\":{\"@type\":\"PropertyValueSpecification\",\"valueRequired\":true,\"valueName\":\"search_term_string\"}}],\"inLanguage\":\"en-US\"}]}<\/script>\n<!-- \/ Yoast SEO plugin. -->","yoast_head_json":{"title":"Tytti Heikkil\u00e4 - Espoon Kuvataiteilijat","robots":{"index":"index","follow":"follow","max-snippet":"max-snippet:-1","max-image-preview":"max-image-preview:large","max-video-preview":"max-video-preview:-1"},"canonical":"https:\/\/www.espoonkuvataiteilijat.fi\/en\/nayttelyt\/tytti-heikkila\/","og_locale":"en_US","og_type":"article","og_title":"Tytti Heikkil\u00e4 - Espoon Kuvataiteilijat","og_description":"Human Locational Knowledge Welcome to the opening ceremonies on Tuesday 1.4. at 17-19. In her colorful oil paintings, Tytti Heikkil\u00e4 seeks new ways to express the experience of a natural landscape. Heikkil\u00e4 sees landscapes as dynamic, narrative spaces with a strong emotional charge, and she pays a lot of attention to composition, sense of space [&hellip;]","og_url":"https:\/\/www.espoonkuvataiteilijat.fi\/en\/nayttelyt\/tytti-heikkila\/","og_site_name":"Espoon Kuvataiteilijat","article_modified_time":"2025-02-28T13:15:25+00:00","og_image":[{"width":1300,"height":967,"url":"https:\/\/www.espoonkuvataiteilijat.fi\/wp-content\/uploads\/2025\/02\/Kappeli_1300px-1.jpg","type":"image\/jpeg"}],"twitter_card":"summary_large_image","twitter_misc":{"Est. reading time":"3 minutes"},"schema":{"@context":"https:\/\/schema.org","@graph":[{"@type":"WebPage","@id":"https:\/\/www.espoonkuvataiteilijat.fi\/en\/nayttelyt\/tytti-heikkila\/","url":"https:\/\/www.espoonkuvataiteilijat.fi\/en\/nayttelyt\/tytti-heikkila\/","name":"Tytti Heikkil\u00e4 - Espoon Kuvataiteilijat","isPartOf":{"@id":"https:\/\/www.espoonkuvataiteilijat.fi\/#website"},"primaryImageOfPage":{"@id":"https:\/\/www.espoonkuvataiteilijat.fi\/en\/nayttelyt\/tytti-heikkila\/#primaryimage"},"image":{"@id":"https:\/\/www.espoonkuvataiteilijat.fi\/en\/nayttelyt\/tytti-heikkila\/#primaryimage"},"thumbnailUrl":"https:\/\/www.espoonkuvataiteilijat.fi\/wp-content\/uploads\/2025\/02\/Kappeli_1300px-1.jpg","datePublished":"2025-02-26T12:07:46+00:00","dateModified":"2025-02-28T13:15:25+00:00","breadcrumb":{"@id":"https:\/\/www.espoonkuvataiteilijat.fi\/en\/nayttelyt\/tytti-heikkila\/#breadcrumb"},"inLanguage":"en-US","potentialAction":[{"@type":"ReadAction","target":["https:\/\/www.espoonkuvataiteilijat.fi\/en\/nayttelyt\/tytti-heikkila\/"]}]},{"@type":"ImageObject","inLanguage":"en-US","@id":"https:\/\/www.espoonkuvataiteilijat.fi\/en\/nayttelyt\/tytti-heikkila\/#primaryimage","url":"https:\/\/www.espoonkuvataiteilijat.fi\/wp-content\/uploads\/2025\/02\/Kappeli_1300px-1.jpg","contentUrl":"https:\/\/www.espoonkuvataiteilijat.fi\/wp-content\/uploads\/2025\/02\/Kappeli_1300px-1.jpg","width":1300,"height":967,"caption":"Tytti Heikkil\u00e4, Kappeli, 2023, \u00f6ljy vanerille, 180 x 240 cm, valokuva Antti Vuorenmaa"},{"@type":"BreadcrumbList","@id":"https:\/\/www.espoonkuvataiteilijat.fi\/en\/nayttelyt\/tytti-heikkila\/#breadcrumb","itemListElement":[{"@type":"ListItem","position":1,"name":"Home","item":"https:\/\/www.espoonkuvataiteilijat.fi\/en\/"},{"@type":"ListItem","position":2,"name":"Tytti Heikkil\u00e4"}]},{"@type":"WebSite","@id":"https:\/\/www.espoonkuvataiteilijat.fi\/#website","url":"https:\/\/www.espoonkuvataiteilijat.fi\/","name":"Espoon Kuvataiteilijat","description":"","potentialAction":[{"@type":"SearchAction","target":{"@type":"EntryPoint","urlTemplate":"https:\/\/www.espoonkuvataiteilijat.fi\/?s={search_term_string}"},"query-input":{"@type":"PropertyValueSpecification","valueRequired":true,"valueName":"search_term_string"}}],"inLanguage":"en-US"}]}},"_links":{"self":[{"href":"https:\/\/www.espoonkuvataiteilijat.fi\/en\/wp-json\/wp\/v2\/nayttelyt\/4991","targetHints":{"allow":["GET"]}}],"collection":[{"href":"https:\/\/www.espoonkuvataiteilijat.fi\/en\/wp-json\/wp\/v2\/nayttelyt"}],"about":[{"href":"https:\/\/www.espoonkuvataiteilijat.fi\/en\/wp-json\/wp\/v2\/types\/nayttelyt"}],"wp:featuredmedia":[{"embeddable":true,"href":"https:\/\/www.espoonkuvataiteilijat.fi\/en\/wp-json\/wp\/v2\/media\/4992"}],"wp:attachment":[{"href":"https:\/\/www.espoonkuvataiteilijat.fi\/en\/wp-json\/wp\/v2\/media?parent=4991"}],"wp:term":[{"taxonomy":"post_tag","embeddable":true,"href":"https:\/\/www.espoonkuvataiteilijat.fi\/en\/wp-json\/wp\/v2\/tags?post=4991"}],"curies":[{"name":"wp","href":"https:\/\/api.w.org\/{rel}","templated":true}]}}