{"id":5216,"date":"2025-05-20T15:07:45","date_gmt":"2025-05-20T12:07:45","guid":{"rendered":"https:\/\/www.espoonkuvataiteilijat.fi\/?post_type=nayttelyt&#038;p=5216"},"modified":"2025-05-27T17:47:37","modified_gmt":"2025-05-27T14:47:37","slug":"light-and-shadow","status":"publish","type":"nayttelyt","link":"https:\/\/www.espoonkuvataiteilijat.fi\/en\/nayttelyt\/light-and-shadow\/","title":{"rendered":"Light and Shadow"},"content":{"rendered":"\n<h2 class=\"wp-block-heading\"><strong>Espoo Visual Artists&#8217; Summer Exhibition.<\/strong><br><strong>Welcome to the opening ceremonies on Wednesday, June 25th at 17.00-20.00.<\/strong><\/h2>\n\n\n\n<p>The Espoo Visual Artists&#8217; summer exhibition explores one of art\u2019s most timeless themes: <strong>light and shadow<\/strong>. Featuring works selected by member artists, the exhibition also includes poems and quotations that reflect on the theme.<\/p>\n\n\n\n<p>Light and shadow are more than just visual elements\u2014they shape mood, rhythm, and meaning. Their interplay creates tension, depth, and atmosphere. While light has traditionally symbolized truth and clarity, shadow often evokes mystery, the unknown, or the subconscious. Contemporary artists, however, challenge these notions, revealing the gentleness and presence found even in darkness.<\/p>\n\n\n\n<p>This dialogue between light and shadow becomes a conversation between reality and imagination, the visible and the hidden. Each artist\u2019s interpretation invites viewers into a deeper, more personal experience of the work.<\/p>\n\n\n\n<p><strong>Open Tuesday\u2013Friday, 12:00\u201318:00. Closed on weekends.<\/strong><\/p>\n\n\n\n<p><em>Poster design by Joonas Reijonen.<\/em><\/p>\n\n\n\n<figure class=\"wp-block-gallery has-nested-images columns-default is-cropped wp-block-gallery-1 is-layout-flex wp-block-gallery-is-layout-flex\">\n<figure class=\"wp-block-image size-large\"><img loading=\"lazy\" decoding=\"async\" width=\"650\" height=\"899\" data-id=\"5220\" src=\"https:\/\/www.espoonkuvataiteilijat.fi\/wp-content\/uploads\/2025\/05\/Marita-Pelkonen_Helmiaispilvet_650px.jpg\" alt=\"Marita Pelkonen, Helmi\u00e4ispilvet, akryyli, 80x60 cm, 2025\" class=\"wp-image-5220\" srcset=\"https:\/\/www.espoonkuvataiteilijat.fi\/wp-content\/uploads\/2025\/05\/Marita-Pelkonen_Helmiaispilvet_650px.jpg 650w, https:\/\/www.espoonkuvataiteilijat.fi\/wp-content\/uploads\/2025\/05\/Marita-Pelkonen_Helmiaispilvet_650px-217x300.jpg 217w\" sizes=\"auto, (max-width: 650px) 100vw, 650px\" \/><figcaption class=\"wp-element-caption\">Marita Pelkonen, Helmi\u00e4ispilvet, akryyli, 80&#215;60 cm, 2025<\/figcaption><\/figure>\n\n\n\n<figure class=\"wp-block-image size-large\"><img loading=\"lazy\" decoding=\"async\" width=\"650\" height=\"489\" data-id=\"5219\" src=\"https:\/\/www.espoonkuvataiteilijat.fi\/wp-content\/uploads\/2025\/05\/tiina_laitanen_viitta_2025_650px.jpg\" alt=\"Tiina Laitanen, Viitta, musta vesiv\u00e4ri, 48 x 63 cm, 2025\" class=\"wp-image-5219\" srcset=\"https:\/\/www.espoonkuvataiteilijat.fi\/wp-content\/uploads\/2025\/05\/tiina_laitanen_viitta_2025_650px.jpg 650w, https:\/\/www.espoonkuvataiteilijat.fi\/wp-content\/uploads\/2025\/05\/tiina_laitanen_viitta_2025_650px-300x226.jpg 300w\" sizes=\"auto, (max-width: 650px) 100vw, 650px\" \/><figcaption class=\"wp-element-caption\">Tiina Laitanen, Viitta, musta vesiv\u00e4ri, 48 x 63 cm, 2025 <\/figcaption><\/figure>\n\n\n\n<figure class=\"wp-block-image size-large\"><img loading=\"lazy\" decoding=\"async\" width=\"650\" height=\"650\" data-id=\"5221\" src=\"https:\/\/www.espoonkuvataiteilijat.fi\/wp-content\/uploads\/2025\/05\/johannasipila_Yoymparilla650px.jpg\" alt=\"Johanna Sipil\u00e4, Y\u00f6 ymp\u00e4rill\u00e4, \u00f6ljy ja tussi kankaalle, 100x100 cm, 2025\" class=\"wp-image-5221\" srcset=\"https:\/\/www.espoonkuvataiteilijat.fi\/wp-content\/uploads\/2025\/05\/johannasipila_Yoymparilla650px.jpg 650w, https:\/\/www.espoonkuvataiteilijat.fi\/wp-content\/uploads\/2025\/05\/johannasipila_Yoymparilla650px-300x300.jpg 300w, https:\/\/www.espoonkuvataiteilijat.fi\/wp-content\/uploads\/2025\/05\/johannasipila_Yoymparilla650px-150x150.jpg 150w, https:\/\/www.espoonkuvataiteilijat.fi\/wp-content\/uploads\/2025\/05\/johannasipila_Yoymparilla650px-500x500.jpg 500w\" sizes=\"auto, (max-width: 650px) 100vw, 650px\" \/><figcaption class=\"wp-element-caption\">Johanna Sipil\u00e4, Y\u00f6 ymp\u00e4rill\u00e4, \u00f6ljy ja tussi kankaalle, 100&#215;100 cm, 2025<\/figcaption><\/figure>\n<\/figure>\n\n\n\n<figure class=\"wp-block-gallery has-nested-images columns-default is-cropped wp-block-gallery-2 is-layout-flex wp-block-gallery-is-layout-flex\">\n<figure class=\"wp-block-image size-large\"><img loading=\"lazy\" decoding=\"async\" width=\"650\" height=\"982\" data-id=\"5230\" src=\"https:\/\/www.espoonkuvataiteilijat.fi\/wp-content\/uploads\/2025\/05\/Klemetti_Olipa-kerran-III-650px.jpg\" alt=\"Maija Klemetti, Olipa kerran III, pigmenttivedos pellavakankaalle, 56x35 cm, 2025\" class=\"wp-image-5230\" srcset=\"https:\/\/www.espoonkuvataiteilijat.fi\/wp-content\/uploads\/2025\/05\/Klemetti_Olipa-kerran-III-650px.jpg 650w, https:\/\/www.espoonkuvataiteilijat.fi\/wp-content\/uploads\/2025\/05\/Klemetti_Olipa-kerran-III-650px-199x300.jpg 199w\" sizes=\"auto, (max-width: 650px) 100vw, 650px\" \/><figcaption class=\"wp-element-caption\">Maija Klemetti, Olipa kerran III, pigmenttivedos pellavakankaalle, 56&#215;35 cm, 2025<\/figcaption><\/figure>\n\n\n\n<figure class=\"wp-block-image size-large\"><img loading=\"lazy\" decoding=\"async\" width=\"650\" height=\"488\" data-id=\"5231\" src=\"https:\/\/www.espoonkuvataiteilijat.fi\/wp-content\/uploads\/2025\/05\/MarjaMaljonen_vari-ja-muoto_650px.jpg\" alt=\"Marja Maljonen, V\u00e4ri ja muoto, akryyli ja \u00f6ljy kankaalle, 80 x 100 cm, 2024\" class=\"wp-image-5231\" srcset=\"https:\/\/www.espoonkuvataiteilijat.fi\/wp-content\/uploads\/2025\/05\/MarjaMaljonen_vari-ja-muoto_650px.jpg 650w, https:\/\/www.espoonkuvataiteilijat.fi\/wp-content\/uploads\/2025\/05\/MarjaMaljonen_vari-ja-muoto_650px-300x225.jpg 300w\" sizes=\"auto, (max-width: 650px) 100vw, 650px\" \/><figcaption class=\"wp-element-caption\">Marja Maljonen, V\u00e4ri ja muoto, akryyli ja \u00f6ljy kankaalle, 80 x 100 cm, 2024<\/figcaption><\/figure>\n\n\n\n<figure class=\"wp-block-image size-large\"><img loading=\"lazy\" decoding=\"async\" width=\"650\" height=\"1002\" data-id=\"5229\" src=\"https:\/\/www.espoonkuvataiteilijat.fi\/wp-content\/uploads\/2025\/05\/EssuKoskinen_The-Way-Back_650px.jpg\" alt=\"Essu Koskinen, The Way Back, \u00f6ljymaalaus levylle, 60 x 40 cm, 2023\" class=\"wp-image-5229\" srcset=\"https:\/\/www.espoonkuvataiteilijat.fi\/wp-content\/uploads\/2025\/05\/EssuKoskinen_The-Way-Back_650px.jpg 650w, https:\/\/www.espoonkuvataiteilijat.fi\/wp-content\/uploads\/2025\/05\/EssuKoskinen_The-Way-Back_650px-195x300.jpg 195w\" sizes=\"auto, (max-width: 650px) 100vw, 650px\" \/><figcaption class=\"wp-element-caption\">Essu Koskinen, The Way Back, \u00f6ljymaalaus levylle, 60 x 40 cm, 2023<\/figcaption><\/figure>\n<\/figure>\n","protected":false},"featured_media":5241,"template":"","tags":[17,15,71,16,42,13],"class_list":["post-5216","nayttelyt","type-nayttelyt","status-publish","has-post-thumbnail","hentry","tag-abstakti-maalaus","tag-maalaustaide","tag-nykytaide","tag-taidegalleria","tag-taidegrafiikka","tag-yhteiskunnallinen"],"acf":[],"yoast_head":"<!-- This site is optimized with the Yoast SEO plugin v24.2 - https:\/\/yoast.com\/wordpress\/plugins\/seo\/ -->\n<title>Light and Shadow - Espoon Kuvataiteilijat<\/title>\n<meta name=\"description\" content=\"The Espoo Visual Artists&#039; summer exhibition explores one of art\u2019s most timeless themes: light and shadow. Featuring works selected by member artists, the exhibition also includes poems and quotations that reflect on the theme.\" \/>\n<meta name=\"robots\" content=\"index, follow, max-snippet:-1, max-image-preview:large, max-video-preview:-1\" \/>\n<link rel=\"canonical\" href=\"https:\/\/www.espoonkuvataiteilijat.fi\/en\/nayttelyt\/light-and-shadow\/\" \/>\n<meta property=\"og:locale\" content=\"en_US\" \/>\n<meta property=\"og:type\" content=\"article\" \/>\n<meta property=\"og:title\" content=\"Light and Shadow - Espoon Kuvataiteilijat\" \/>\n<meta property=\"og:description\" content=\"The Espoo Visual Artists&#039; summer exhibition explores one of art\u2019s most timeless themes: light and shadow. Featuring works selected by member artists, the exhibition also includes poems and quotations that reflect on the theme.\" \/>\n<meta property=\"og:url\" content=\"https:\/\/www.espoonkuvataiteilijat.fi\/en\/nayttelyt\/light-and-shadow\/\" \/>\n<meta property=\"og:site_name\" content=\"Espoon Kuvataiteilijat\" \/>\n<meta property=\"article:modified_time\" content=\"2025-05-27T14:47:37+00:00\" \/>\n<meta property=\"og:image\" content=\"https:\/\/www.espoonkuvataiteilijat.fi\/wp-content\/uploads\/2025\/05\/valojajavarjoja-valmisA3-1.jpg\" \/>\n\t<meta property=\"og:image:width\" content=\"1300\" \/>\n\t<meta property=\"og:image:height\" content=\"1838\" \/>\n\t<meta property=\"og:image:type\" content=\"image\/jpeg\" \/>\n<meta name=\"twitter:card\" content=\"summary_large_image\" \/>\n<meta name=\"twitter:label1\" content=\"Est. reading time\" \/>\n\t<meta name=\"twitter:data1\" content=\"3 minutes\" \/>\n<script type=\"application\/ld+json\" class=\"yoast-schema-graph\">{\"@context\":\"https:\/\/schema.org\",\"@graph\":[{\"@type\":\"WebPage\",\"@id\":\"https:\/\/www.espoonkuvataiteilijat.fi\/en\/nayttelyt\/light-and-shadow\/\",\"url\":\"https:\/\/www.espoonkuvataiteilijat.fi\/en\/nayttelyt\/light-and-shadow\/\",\"name\":\"Light and Shadow - Espoon Kuvataiteilijat\",\"isPartOf\":{\"@id\":\"https:\/\/www.espoonkuvataiteilijat.fi\/#website\"},\"primaryImageOfPage\":{\"@id\":\"https:\/\/www.espoonkuvataiteilijat.fi\/en\/nayttelyt\/light-and-shadow\/#primaryimage\"},\"image\":{\"@id\":\"https:\/\/www.espoonkuvataiteilijat.fi\/en\/nayttelyt\/light-and-shadow\/#primaryimage\"},\"thumbnailUrl\":\"https:\/\/www.espoonkuvataiteilijat.fi\/wp-content\/uploads\/2025\/05\/valojajavarjoja-valmisA3-1.jpg\",\"datePublished\":\"2025-05-20T12:07:45+00:00\",\"dateModified\":\"2025-05-27T14:47:37+00:00\",\"description\":\"The Espoo Visual Artists' summer exhibition explores one of art\u2019s most timeless themes: light and shadow. Featuring works selected by member artists, the exhibition also includes poems and quotations that reflect on the theme.\",\"breadcrumb\":{\"@id\":\"https:\/\/www.espoonkuvataiteilijat.fi\/en\/nayttelyt\/light-and-shadow\/#breadcrumb\"},\"inLanguage\":\"en-US\",\"potentialAction\":[{\"@type\":\"ReadAction\",\"target\":[\"https:\/\/www.espoonkuvataiteilijat.fi\/en\/nayttelyt\/light-and-shadow\/\"]}]},{\"@type\":\"ImageObject\",\"inLanguage\":\"en-US\",\"@id\":\"https:\/\/www.espoonkuvataiteilijat.fi\/en\/nayttelyt\/light-and-shadow\/#primaryimage\",\"url\":\"https:\/\/www.espoonkuvataiteilijat.fi\/wp-content\/uploads\/2025\/05\/valojajavarjoja-valmisA3-1.jpg\",\"contentUrl\":\"https:\/\/www.espoonkuvataiteilijat.fi\/wp-content\/uploads\/2025\/05\/valojajavarjoja-valmisA3-1.jpg\",\"width\":1300,\"height\":1838,\"caption\":\"Poster by Joonas Reijonen.\"},{\"@type\":\"BreadcrumbList\",\"@id\":\"https:\/\/www.espoonkuvataiteilijat.fi\/en\/nayttelyt\/light-and-shadow\/#breadcrumb\",\"itemListElement\":[{\"@type\":\"ListItem\",\"position\":1,\"name\":\"Home\",\"item\":\"https:\/\/www.espoonkuvataiteilijat.fi\/en\/\"},{\"@type\":\"ListItem\",\"position\":2,\"name\":\"Light and Shadow\"}]},{\"@type\":\"WebSite\",\"@id\":\"https:\/\/www.espoonkuvataiteilijat.fi\/#website\",\"url\":\"https:\/\/www.espoonkuvataiteilijat.fi\/\",\"name\":\"Espoon Kuvataiteilijat\",\"description\":\"\",\"potentialAction\":[{\"@type\":\"SearchAction\",\"target\":{\"@type\":\"EntryPoint\",\"urlTemplate\":\"https:\/\/www.espoonkuvataiteilijat.fi\/?s={search_term_string}\"},\"query-input\":{\"@type\":\"PropertyValueSpecification\",\"valueRequired\":true,\"valueName\":\"search_term_string\"}}],\"inLanguage\":\"en-US\"}]}<\/script>\n<!-- \/ Yoast SEO plugin. -->","yoast_head_json":{"title":"Light and Shadow - Espoon Kuvataiteilijat","description":"The Espoo Visual Artists' summer exhibition explores one of art\u2019s most timeless themes: light and shadow. Featuring works selected by member artists, the exhibition also includes poems and quotations that reflect on the theme.","robots":{"index":"index","follow":"follow","max-snippet":"max-snippet:-1","max-image-preview":"max-image-preview:large","max-video-preview":"max-video-preview:-1"},"canonical":"https:\/\/www.espoonkuvataiteilijat.fi\/en\/nayttelyt\/light-and-shadow\/","og_locale":"en_US","og_type":"article","og_title":"Light and Shadow - Espoon Kuvataiteilijat","og_description":"The Espoo Visual Artists' summer exhibition explores one of art\u2019s most timeless themes: light and shadow. Featuring works selected by member artists, the exhibition also includes poems and quotations that reflect on the theme.","og_url":"https:\/\/www.espoonkuvataiteilijat.fi\/en\/nayttelyt\/light-and-shadow\/","og_site_name":"Espoon Kuvataiteilijat","article_modified_time":"2025-05-27T14:47:37+00:00","og_image":[{"width":1300,"height":1838,"url":"https:\/\/www.espoonkuvataiteilijat.fi\/wp-content\/uploads\/2025\/05\/valojajavarjoja-valmisA3-1.jpg","type":"image\/jpeg"}],"twitter_card":"summary_large_image","twitter_misc":{"Est. reading time":"3 minutes"},"schema":{"@context":"https:\/\/schema.org","@graph":[{"@type":"WebPage","@id":"https:\/\/www.espoonkuvataiteilijat.fi\/en\/nayttelyt\/light-and-shadow\/","url":"https:\/\/www.espoonkuvataiteilijat.fi\/en\/nayttelyt\/light-and-shadow\/","name":"Light and Shadow - Espoon Kuvataiteilijat","isPartOf":{"@id":"https:\/\/www.espoonkuvataiteilijat.fi\/#website"},"primaryImageOfPage":{"@id":"https:\/\/www.espoonkuvataiteilijat.fi\/en\/nayttelyt\/light-and-shadow\/#primaryimage"},"image":{"@id":"https:\/\/www.espoonkuvataiteilijat.fi\/en\/nayttelyt\/light-and-shadow\/#primaryimage"},"thumbnailUrl":"https:\/\/www.espoonkuvataiteilijat.fi\/wp-content\/uploads\/2025\/05\/valojajavarjoja-valmisA3-1.jpg","datePublished":"2025-05-20T12:07:45+00:00","dateModified":"2025-05-27T14:47:37+00:00","description":"The Espoo Visual Artists' summer exhibition explores one of art\u2019s most timeless themes: light and shadow. Featuring works selected by member artists, the exhibition also includes poems and quotations that reflect on the theme.","breadcrumb":{"@id":"https:\/\/www.espoonkuvataiteilijat.fi\/en\/nayttelyt\/light-and-shadow\/#breadcrumb"},"inLanguage":"en-US","potentialAction":[{"@type":"ReadAction","target":["https:\/\/www.espoonkuvataiteilijat.fi\/en\/nayttelyt\/light-and-shadow\/"]}]},{"@type":"ImageObject","inLanguage":"en-US","@id":"https:\/\/www.espoonkuvataiteilijat.fi\/en\/nayttelyt\/light-and-shadow\/#primaryimage","url":"https:\/\/www.espoonkuvataiteilijat.fi\/wp-content\/uploads\/2025\/05\/valojajavarjoja-valmisA3-1.jpg","contentUrl":"https:\/\/www.espoonkuvataiteilijat.fi\/wp-content\/uploads\/2025\/05\/valojajavarjoja-valmisA3-1.jpg","width":1300,"height":1838,"caption":"Poster by Joonas Reijonen."},{"@type":"BreadcrumbList","@id":"https:\/\/www.espoonkuvataiteilijat.fi\/en\/nayttelyt\/light-and-shadow\/#breadcrumb","itemListElement":[{"@type":"ListItem","position":1,"name":"Home","item":"https:\/\/www.espoonkuvataiteilijat.fi\/en\/"},{"@type":"ListItem","position":2,"name":"Light and Shadow"}]},{"@type":"WebSite","@id":"https:\/\/www.espoonkuvataiteilijat.fi\/#website","url":"https:\/\/www.espoonkuvataiteilijat.fi\/","name":"Espoon Kuvataiteilijat","description":"","potentialAction":[{"@type":"SearchAction","target":{"@type":"EntryPoint","urlTemplate":"https:\/\/www.espoonkuvataiteilijat.fi\/?s={search_term_string}"},"query-input":{"@type":"PropertyValueSpecification","valueRequired":true,"valueName":"search_term_string"}}],"inLanguage":"en-US"}]}},"_links":{"self":[{"href":"https:\/\/www.espoonkuvataiteilijat.fi\/en\/wp-json\/wp\/v2\/nayttelyt\/5216","targetHints":{"allow":["GET"]}}],"collection":[{"href":"https:\/\/www.espoonkuvataiteilijat.fi\/en\/wp-json\/wp\/v2\/nayttelyt"}],"about":[{"href":"https:\/\/www.espoonkuvataiteilijat.fi\/en\/wp-json\/wp\/v2\/types\/nayttelyt"}],"wp:featuredmedia":[{"embeddable":true,"href":"https:\/\/www.espoonkuvataiteilijat.fi\/en\/wp-json\/wp\/v2\/media\/5241"}],"wp:attachment":[{"href":"https:\/\/www.espoonkuvataiteilijat.fi\/en\/wp-json\/wp\/v2\/media?parent=5216"}],"wp:term":[{"taxonomy":"post_tag","embeddable":true,"href":"https:\/\/www.espoonkuvataiteilijat.fi\/en\/wp-json\/wp\/v2\/tags?post=5216"}],"curies":[{"name":"wp","href":"https:\/\/api.w.org\/{rel}","templated":true}]}}