{"id":5303,"date":"2025-07-15T15:15:40","date_gmt":"2025-07-15T12:15:40","guid":{"rendered":"https:\/\/www.espoonkuvataiteilijat.fi\/?post_type=nayttelyt&#038;p=5303"},"modified":"2025-08-06T12:44:05","modified_gmt":"2025-08-06T09:44:05","slug":"fly","status":"publish","type":"nayttelyt","link":"https:\/\/www.espoonkuvataiteilijat.fi\/en\/nayttelyt\/fly\/","title":{"rendered":"FLY!"},"content":{"rendered":"\r\n<h2 class=\"wp-block-heading\">Aino Eeronheimo, Heli Tuhkanen, Maria Mughal, Sari Tenni -group exhibition<\/h2>\r\n<p>&nbsp;<\/p>\r\n<h2 class=\"wp-block-heading\"><strong>Welcome to the opening ceremonies on Tuesday, August <\/strong>8th <strong>from 17:00 to 19:00<\/strong><\/h2>\r\n\r\n\r\n\r\n<p><strong>FLY! <\/strong>exhibition brings together the stories of four narrators from parallel worlds.<br \/>Reality and play, dreams and fantasy intertwine. Inner images take concrete form in paintings and sculptures. Surprising twists and turns can be revealed beneath the colorful and bright surface.<\/p>\r\n\r\n\r\n\r\n<p>The exhibition has received a local culture grant from the City of Espoo, which will be used to organize a workshop on August 31, 2025.<\/p>\r\n\r\n\r\n\r\n<p><strong>Aino Eeronheimo<\/strong> is a sculptor, ceramic artist, and visual art teacher (MA in 1997, University of Lapland). She worked as a visual art teacher in Rovaniemi for 18 years until she became a full-time visual artist in 2019. Since then, her exhibition activity has been lively. Her works are part of the collections of Rovaniemi and Aine Art Museums, Arctic Ceramic Center, and KWUM Studio Ceramics Museum.<\/p>\r\n\r\n\r\n\r\n<p>\u201cIn my sculptures, the taxonomy of plants, animals and people becomes blurred. The details I find in nature merge with imaginary creatures and animal figures, with the help of which I deal with emotions and life phenomena. My goal is to work tranquilly, allowing the innermost part of the figure to move into the visible world.<\/p>\r\n\r\n\r\n\r\n<p>I am fascinated by studying domestic wild clays. I have dug clay on my great-grandfather<span id=\"emoji-info-url\"><span id=\"emoji-info-value\">\u02bb<\/span><\/span>s land in J\u00e4rvenp\u00e4\u00e4 and Kainuu kaolin in Puolanka. I test the properties of clay bodies and develop suitable glazes for them. Passionately learning new crafts brings joy and expands the range of means of expression. Nowadays, I also make sculptures in wood and bronze.\u201d<br \/><br \/><a href=\"http:\/\/www.ainonia.fi\" target=\"_blank\" rel=\"noreferrer noopener\">www.ainonia.fi<\/a><br \/>Instagram: <a href=\"https:\/\/www.instagram.com\/ainoniaceramics\/\" target=\"_blank\" rel=\"noreferrer noopener\">@ainoniaceramics<\/a> Facebook: <a href=\"https:\/\/www.facebook.com\/ainoniaceramics\/\" target=\"_blank\" rel=\"noreferrer noopener\">@ainoniaceramics<\/a><br \/><a href=\"http:\/\/www.finnishdesigners.fi\/portfolio\/aino-eeronheimo\/\" target=\"_blank\" rel=\"noreferrer noopener\">www.finnishdesigners.fi\/portfolio\/aino-eeronheimo\/<\/a><\/p>\r\n\r\n\r\n\r\n<p><a href=\"https:\/\/www.espoonkuvataiteilijat.fi\/wp-content\/uploads\/2025\/07\/CV_4.7.2025_Eeronheimo_EN.pdf\" target=\"_blank\" rel=\"noreferrer noopener\">Aino Eeronheimo CV<\/a><\/p>\r\n\r\n\r\n\r\n<p>&nbsp;<\/p>\r\n\r\n\r\n\r\n<p><strong>Maria Mughal<\/strong> is a visual artist based in Helsinki and holds a Master of Arts degree (2004, Aalto University). She has held numerous exhibitions in Finland and abroad, and has created four public artworks in Finland.<\/p>\r\n\r\n\r\n\r\n<p>Her work explores the sensitivity of childhood and the profound need to be seen. The quiet moments in her paintings also reflect an adult<span id=\"emoji-info-url\"><span id=\"emoji-info-value\">\u02bb<\/span><\/span>s wistfulness and awareness of the passage of time. In her latest exhibition, <em>Lentoon!<\/em> (\u201cFly!\u201d), a child\u2019s imagination takes wing \u2014 she dreams and dares to hope.<\/p>\r\n\r\n\r\n\r\n<p><a href=\"http:\/\/www.mughal.fi\" target=\"_blank\" rel=\"noreferrer noopener\">www.mughal.fi<\/a><br \/>Instagram: <a href=\"https:\/\/www.instagram.com\/mariamughal_art\/\" target=\"_blank\" rel=\"noreferrer noopener\">@mariamughal_art<\/a><br \/>Facebook: <a href=\"https:\/\/www.facebook.com\/MariaMughalArt\/?locale=fi_FI\" target=\"_blank\" rel=\"noreferrer noopener\">@MariaMughalArt<\/a><br \/><a href=\"http:\/\/www.kuvataiteilijamatrikkeli.fi\/EN\/artist\/maria-mughal\" target=\"_blank\" rel=\"noreferrer noopener\">www.kuvataiteilijamatrikkeli.fi\/EN\/artist\/maria-mughal<\/a><br \/><br \/><a href=\"https:\/\/www.espoonkuvataiteilijat.fi\/wp-content\/uploads\/2025\/07\/Maria-Mughal-Cv-_In-English2025.pdf\" target=\"_blank\" rel=\"noreferrer noopener\">Maria Mughal CV<\/a><\/p>\r\n\r\n\r\n\r\n<p>&nbsp;<\/p>\r\n\r\n\r\n\r\n<p><strong>Sari Tenni<\/strong> (born 1974 in Ruotsinpyht\u00e4\u00e4) lives and works in Helsinki. She graduated from the Academy of Fine Arts in 2010 and from the University of Art and Design in 2000. Her works are included in the collections of the State of Finland, the Paulo Foundation, the Salo Art Museum, and HUS. In 2005, Tenni was named Young Artist of the Summer at the Salmela Art Center.<\/p>\r\n\r\n\r\n\r\n<p>\u201cMy latest works were inspired by the natural landscape of the Alicante region in Spain. Palm trees, in particular, inspired the &#8216;Palm of the Day&#8217; sketches, which eventually led to this exhibition. In my previous work, the focus was on human beings.\u201d<\/p>\r\n\r\n\r\n\r\n<p>Instagram: <a href=\"https:\/\/www.instagram.com\/saritenni\/\">@saritenni<\/a><br \/>Facebook: <a href=\"https:\/\/www.facebook.com\/sari.tenni\/?locale=fi_FI\">@sari.tenni<\/a><br \/><a href=\"http:\/\/www.kuvataiteilijamatrikkeli.fi\/EN\/artist\/sari-tenni\">www.kuvataiteilijamatrikkeli.fi\/EN\/artist\/sari-tenni<\/a><\/p>\r\n\r\n\r\n\r\n<p><a href=\"https:\/\/www.espoonkuvataiteilijat.fi\/wp-content\/uploads\/2025\/07\/CV_SARI-TENNI_2025_Eng.pdf\">Sari Tenni CV<\/a><\/p>\r\n\r\n\r\n\r\n<p>&nbsp;<\/p>\r\n\r\n\r\n\r\n<p><strong>Heli Tuhkanen<\/strong> originally became known as a colorist painter, but around 2000 she expanded her expression to sculptures. Her themes are the joys and pain points of humanity, especially the lives and feelings of women and girls. She has participated in exhibitions since 1973 and has held solo exhibitions in Finland and abroad. Her sculptures on the theme of girls have been accepted twice to the Portrait Now biennale in Copenhagen. Heli is working on a retrospective exhibition at the Kemi Art Museum in spring 2026.<\/p>\r\n\r\n\r\n\r\n<p>\u201cI have brought sculptures on display. In my works I deal with the emotions of women and girls; joy, sadness, anger and freedom. The material of the works is my own sculpture paste made from recycled materials. It is durable and lightweight. That is why some of the works float in the air at Galleria Aarni.\u201d<\/p>\r\n\r\n\r\n\r\n<p><br \/><a href=\"http:\/\/www.helituhkanen.com\" target=\"_blank\" rel=\"noreferrer noopener\">www.helituhkanen.com<\/a><br \/>Instagram: <a href=\"https:\/\/www.instagram.com\/helituhkanen\/\" target=\"_blank\" rel=\"noreferrer noopener\">@arthelituhkanen<\/a><br \/><a href=\"http:\/\/www.kuvataiteilijamatrikkeli.fi\/en\/artist\/heli-tuhkanen\" target=\"_blank\" rel=\"noreferrer noopener\">www.kuvataiteilijamatrikkeli.fi\/en\/artist\/heli-tuhkanen<\/a><br \/><br \/><a href=\"https:\/\/www.espoonkuvataiteilijat.fi\/wp-content\/uploads\/2025\/07\/CV-Heli-Tuhkanen-FI-EN.pdf\" target=\"_blank\" rel=\"noreferrer noopener\">Heli Tuhkanen CV<\/a><\/p>\r\n\r\n\r\n\r\n<p>&nbsp;<\/p>\r\n\r\n\r\n<hr class=\"wp-block-separator has-alpha-channel-opacity\" \/>\r\n\r\n\r\n<figure class=\"wp-block-image size-large is-resized\">\r\n<p>&nbsp;<\/p>\r\n<div id=\"attachment_5304\" style=\"width: 1034px\" class=\"wp-caption alignnone\"><img loading=\"lazy\" decoding=\"async\" aria-describedby=\"caption-attachment-5304\" class=\"wp-image-5304\" style=\"width: 586px; height: auto;\" src=\"https:\/\/www.espoonkuvataiteilijat.fi\/wp-content\/uploads\/2025\/07\/Purppurataivas_SariTenni_80x109_oljykankaalle2025_S_1589-3-1024x751.jpg\" alt=\"\" width=\"1024\" height=\"751\" srcset=\"https:\/\/www.espoonkuvataiteilijat.fi\/wp-content\/uploads\/2025\/07\/Purppurataivas_SariTenni_80x109_oljykankaalle2025_S_1589-3-1024x751.jpg 1024w, https:\/\/www.espoonkuvataiteilijat.fi\/wp-content\/uploads\/2025\/07\/Purppurataivas_SariTenni_80x109_oljykankaalle2025_S_1589-3-300x220.jpg 300w, https:\/\/www.espoonkuvataiteilijat.fi\/wp-content\/uploads\/2025\/07\/Purppurataivas_SariTenni_80x109_oljykankaalle2025_S_1589-3-768x563.jpg 768w, https:\/\/www.espoonkuvataiteilijat.fi\/wp-content\/uploads\/2025\/07\/Purppurataivas_SariTenni_80x109_oljykankaalle2025_S_1589-3-1536x1126.jpg 1536w, https:\/\/www.espoonkuvataiteilijat.fi\/wp-content\/uploads\/2025\/07\/Purppurataivas_SariTenni_80x109_oljykankaalle2025_S_1589-3-2048x1502.jpg 2048w\" sizes=\"auto, (max-width: 1024px) 100vw, 1024px\" \/><p id=\"caption-attachment-5304\" class=\"wp-caption-text\">Sari Tenni, Purppurataivas, 80x109cm, oil on canvas 2025<\/p><\/div>\r\n<\/figure>\r\n<figure class=\"wp-block-image size-large is-resized\">\r\n<div id=\"attachment_5305\" style=\"width: 1034px\" class=\"wp-caption alignnone\"><img loading=\"lazy\" decoding=\"async\" aria-describedby=\"caption-attachment-5305\" class=\"wp-image-5305\" style=\"width: 595px; height: auto;\" src=\"https:\/\/www.espoonkuvataiteilijat.fi\/wp-content\/uploads\/2025\/07\/HeliTuhkanen_120x60x60_Tytto-ja-perhoset-2-1024x1024.jpg\" alt=\"\" width=\"1024\" height=\"1024\" srcset=\"https:\/\/www.espoonkuvataiteilijat.fi\/wp-content\/uploads\/2025\/07\/HeliTuhkanen_120x60x60_Tytto-ja-perhoset-2-1024x1024.jpg 1024w, https:\/\/www.espoonkuvataiteilijat.fi\/wp-content\/uploads\/2025\/07\/HeliTuhkanen_120x60x60_Tytto-ja-perhoset-2-300x300.jpg 300w, https:\/\/www.espoonkuvataiteilijat.fi\/wp-content\/uploads\/2025\/07\/HeliTuhkanen_120x60x60_Tytto-ja-perhoset-2-150x150.jpg 150w, https:\/\/www.espoonkuvataiteilijat.fi\/wp-content\/uploads\/2025\/07\/HeliTuhkanen_120x60x60_Tytto-ja-perhoset-2-768x768.jpg 768w, https:\/\/www.espoonkuvataiteilijat.fi\/wp-content\/uploads\/2025\/07\/HeliTuhkanen_120x60x60_Tytto-ja-perhoset-2-1536x1536.jpg 1536w, https:\/\/www.espoonkuvataiteilijat.fi\/wp-content\/uploads\/2025\/07\/HeliTuhkanen_120x60x60_Tytto-ja-perhoset-2-2048x2048.jpg 2048w, https:\/\/www.espoonkuvataiteilijat.fi\/wp-content\/uploads\/2025\/07\/HeliTuhkanen_120x60x60_Tytto-ja-perhoset-2-500x500.jpg 500w\" sizes=\"auto, (max-width: 1024px) 100vw, 1024px\" \/><p id=\"caption-attachment-5305\" class=\"wp-caption-text\">Heli Tuhkanen, Tytt\u00f6 ja Perhoset, 120x60x60cm, mixed media 2025<\/p><\/div>\r\n<\/figure>\r\n\r\n\r\n\r\n<figure class=\"wp-block-image size-large is-resized\">\r\n<div id=\"attachment_5306\" style=\"width: 1034px\" class=\"wp-caption alignnone\"><img loading=\"lazy\" decoding=\"async\" aria-describedby=\"caption-attachment-5306\" class=\"wp-image-5306\" style=\"width: 607px; height: auto;\" src=\"https:\/\/www.espoonkuvataiteilijat.fi\/wp-content\/uploads\/2025\/07\/LENTOON-1315-x-100-cm-Maria-Mughal_akryyli_Final-6-1024x759.jpg\" alt=\"\" width=\"1024\" height=\"759\" srcset=\"https:\/\/www.espoonkuvataiteilijat.fi\/wp-content\/uploads\/2025\/07\/LENTOON-1315-x-100-cm-Maria-Mughal_akryyli_Final-6-1024x759.jpg 1024w, https:\/\/www.espoonkuvataiteilijat.fi\/wp-content\/uploads\/2025\/07\/LENTOON-1315-x-100-cm-Maria-Mughal_akryyli_Final-6-300x222.jpg 300w, https:\/\/www.espoonkuvataiteilijat.fi\/wp-content\/uploads\/2025\/07\/LENTOON-1315-x-100-cm-Maria-Mughal_akryyli_Final-6-768x570.jpg 768w, https:\/\/www.espoonkuvataiteilijat.fi\/wp-content\/uploads\/2025\/07\/LENTOON-1315-x-100-cm-Maria-Mughal_akryyli_Final-6.jpg 1246w\" sizes=\"auto, (max-width: 1024px) 100vw, 1024px\" \/><p id=\"caption-attachment-5306\" class=\"wp-caption-text\">Maria Mughal, Lentoon!, 131x100cm, acrylic 2025<\/p><\/div>\r\n<figcaption class=\"wp-element-caption\"><\/figcaption>\r\n<\/figure>\r\n\r\n\r\n\r\n<figure class=\"wp-block-image size-full\"><img loading=\"lazy\" decoding=\"async\" width=\"1024\" height=\"1024\" class=\"wp-image-5322\" src=\"https:\/\/www.espoonkuvataiteilijat.fi\/wp-content\/uploads\/2025\/07\/Eeronheimo_Puolukkatytto1024-1.jpg\" alt=\"\" srcset=\"https:\/\/www.espoonkuvataiteilijat.fi\/wp-content\/uploads\/2025\/07\/Eeronheimo_Puolukkatytto1024-1.jpg 1024w, https:\/\/www.espoonkuvataiteilijat.fi\/wp-content\/uploads\/2025\/07\/Eeronheimo_Puolukkatytto1024-1-300x300.jpg 300w, https:\/\/www.espoonkuvataiteilijat.fi\/wp-content\/uploads\/2025\/07\/Eeronheimo_Puolukkatytto1024-1-150x150.jpg 150w, https:\/\/www.espoonkuvataiteilijat.fi\/wp-content\/uploads\/2025\/07\/Eeronheimo_Puolukkatytto1024-1-768x768.jpg 768w, https:\/\/www.espoonkuvataiteilijat.fi\/wp-content\/uploads\/2025\/07\/Eeronheimo_Puolukkatytto1024-1-500x500.jpg 500w\" sizes=\"auto, (max-width: 1024px) 100vw, 1024px\" \/>\r\n<figcaption class=\"wp-element-caption\">Aino Eeronheimo, Lingonberry Girl, 2024, 41 x 28 x 24 cm, self dug wildclay from great grandfathers land in J\u00e4rvenp\u00e4\u00e4, slips and glazes made of Puolanka kaolin<\/figcaption>\r\n<\/figure>\r\n\r\n\r\n\r\n<p>&nbsp;<\/p>\r\n\r\n\r\n","protected":false},"featured_media":5307,"template":"","tags":[137,30,66],"class_list":["post-5303","nayttelyt","type-nayttelyt","status-publish","has-post-thumbnail","hentry","tag-contemporaryart","tag-oilpainting","tag-sculptor"],"acf":[],"yoast_head":"<!-- This site is optimized with the Yoast SEO plugin v24.2 - https:\/\/yoast.com\/wordpress\/plugins\/seo\/ -->\n<title>FLY! - Espoon Kuvataiteilijat<\/title>\n<meta name=\"robots\" content=\"index, follow, max-snippet:-1, max-image-preview:large, max-video-preview:-1\" \/>\n<link rel=\"canonical\" href=\"https:\/\/www.espoonkuvataiteilijat.fi\/en\/nayttelyt\/fly\/\" \/>\n<meta property=\"og:locale\" content=\"en_US\" \/>\n<meta property=\"og:type\" content=\"article\" \/>\n<meta property=\"og:title\" content=\"FLY! - Espoon Kuvataiteilijat\" \/>\n<meta property=\"og:description\" content=\"Aino Eeronheimo, Heli Tuhkanen, Maria Mughal, Sari Tenni -group exhibition &nbsp; Welcome to the opening ceremonies on Tuesday, August 8th from 17:00 to 19:00 FLY! exhibition brings together the stories of four narrators from parallel worlds.Reality and play, dreams and fantasy intertwine. Inner images take concrete form in paintings and sculptures. Surprising twists and turns [&hellip;]\" \/>\n<meta property=\"og:url\" content=\"https:\/\/www.espoonkuvataiteilijat.fi\/en\/nayttelyt\/fly\/\" \/>\n<meta property=\"og:site_name\" content=\"Espoon Kuvataiteilijat\" \/>\n<meta property=\"article:modified_time\" content=\"2025-08-06T09:44:05+00:00\" \/>\n<meta property=\"og:image\" content=\"https:\/\/www.espoonkuvataiteilijat.fi\/wp-content\/uploads\/2025\/07\/Final_kutsukuva_lentoon-1024x944.jpg\" \/>\n\t<meta property=\"og:image:width\" content=\"1024\" \/>\n\t<meta property=\"og:image:height\" content=\"944\" \/>\n\t<meta property=\"og:image:type\" content=\"image\/jpeg\" \/>\n<meta name=\"twitter:card\" content=\"summary_large_image\" \/>\n<meta name=\"twitter:label1\" content=\"Est. reading time\" \/>\n\t<meta name=\"twitter:data1\" content=\"6 minutes\" \/>\n<script type=\"application\/ld+json\" class=\"yoast-schema-graph\">{\"@context\":\"https:\/\/schema.org\",\"@graph\":[{\"@type\":\"WebPage\",\"@id\":\"https:\/\/www.espoonkuvataiteilijat.fi\/en\/nayttelyt\/fly\/\",\"url\":\"https:\/\/www.espoonkuvataiteilijat.fi\/en\/nayttelyt\/fly\/\",\"name\":\"FLY! - Espoon Kuvataiteilijat\",\"isPartOf\":{\"@id\":\"https:\/\/www.espoonkuvataiteilijat.fi\/#website\"},\"primaryImageOfPage\":{\"@id\":\"https:\/\/www.espoonkuvataiteilijat.fi\/en\/nayttelyt\/fly\/#primaryimage\"},\"image\":{\"@id\":\"https:\/\/www.espoonkuvataiteilijat.fi\/en\/nayttelyt\/fly\/#primaryimage\"},\"thumbnailUrl\":\"https:\/\/www.espoonkuvataiteilijat.fi\/wp-content\/uploads\/2025\/07\/Final_kutsukuva_lentoon.jpg\",\"datePublished\":\"2025-07-15T12:15:40+00:00\",\"dateModified\":\"2025-08-06T09:44:05+00:00\",\"breadcrumb\":{\"@id\":\"https:\/\/www.espoonkuvataiteilijat.fi\/en\/nayttelyt\/fly\/#breadcrumb\"},\"inLanguage\":\"en-US\",\"potentialAction\":[{\"@type\":\"ReadAction\",\"target\":[\"https:\/\/www.espoonkuvataiteilijat.fi\/en\/nayttelyt\/fly\/\"]}]},{\"@type\":\"ImageObject\",\"inLanguage\":\"en-US\",\"@id\":\"https:\/\/www.espoonkuvataiteilijat.fi\/en\/nayttelyt\/fly\/#primaryimage\",\"url\":\"https:\/\/www.espoonkuvataiteilijat.fi\/wp-content\/uploads\/2025\/07\/Final_kutsukuva_lentoon.jpg\",\"contentUrl\":\"https:\/\/www.espoonkuvataiteilijat.fi\/wp-content\/uploads\/2025\/07\/Final_kutsukuva_lentoon.jpg\",\"width\":1933,\"height\":1782},{\"@type\":\"BreadcrumbList\",\"@id\":\"https:\/\/www.espoonkuvataiteilijat.fi\/en\/nayttelyt\/fly\/#breadcrumb\",\"itemListElement\":[{\"@type\":\"ListItem\",\"position\":1,\"name\":\"Home\",\"item\":\"https:\/\/www.espoonkuvataiteilijat.fi\/en\/\"},{\"@type\":\"ListItem\",\"position\":2,\"name\":\"FLY!\"}]},{\"@type\":\"WebSite\",\"@id\":\"https:\/\/www.espoonkuvataiteilijat.fi\/#website\",\"url\":\"https:\/\/www.espoonkuvataiteilijat.fi\/\",\"name\":\"Espoon Kuvataiteilijat\",\"description\":\"\",\"potentialAction\":[{\"@type\":\"SearchAction\",\"target\":{\"@type\":\"EntryPoint\",\"urlTemplate\":\"https:\/\/www.espoonkuvataiteilijat.fi\/?s={search_term_string}\"},\"query-input\":{\"@type\":\"PropertyValueSpecification\",\"valueRequired\":true,\"valueName\":\"search_term_string\"}}],\"inLanguage\":\"en-US\"}]}<\/script>\n<!-- \/ Yoast SEO plugin. -->","yoast_head_json":{"title":"FLY! - Espoon Kuvataiteilijat","robots":{"index":"index","follow":"follow","max-snippet":"max-snippet:-1","max-image-preview":"max-image-preview:large","max-video-preview":"max-video-preview:-1"},"canonical":"https:\/\/www.espoonkuvataiteilijat.fi\/en\/nayttelyt\/fly\/","og_locale":"en_US","og_type":"article","og_title":"FLY! - Espoon Kuvataiteilijat","og_description":"Aino Eeronheimo, Heli Tuhkanen, Maria Mughal, Sari Tenni -group exhibition &nbsp; Welcome to the opening ceremonies on Tuesday, August 8th from 17:00 to 19:00 FLY! exhibition brings together the stories of four narrators from parallel worlds.Reality and play, dreams and fantasy intertwine. Inner images take concrete form in paintings and sculptures. Surprising twists and turns [&hellip;]","og_url":"https:\/\/www.espoonkuvataiteilijat.fi\/en\/nayttelyt\/fly\/","og_site_name":"Espoon Kuvataiteilijat","article_modified_time":"2025-08-06T09:44:05+00:00","og_image":[{"width":1024,"height":944,"url":"https:\/\/www.espoonkuvataiteilijat.fi\/wp-content\/uploads\/2025\/07\/Final_kutsukuva_lentoon-1024x944.jpg","type":"image\/jpeg"}],"twitter_card":"summary_large_image","twitter_misc":{"Est. reading time":"6 minutes"},"schema":{"@context":"https:\/\/schema.org","@graph":[{"@type":"WebPage","@id":"https:\/\/www.espoonkuvataiteilijat.fi\/en\/nayttelyt\/fly\/","url":"https:\/\/www.espoonkuvataiteilijat.fi\/en\/nayttelyt\/fly\/","name":"FLY! - Espoon Kuvataiteilijat","isPartOf":{"@id":"https:\/\/www.espoonkuvataiteilijat.fi\/#website"},"primaryImageOfPage":{"@id":"https:\/\/www.espoonkuvataiteilijat.fi\/en\/nayttelyt\/fly\/#primaryimage"},"image":{"@id":"https:\/\/www.espoonkuvataiteilijat.fi\/en\/nayttelyt\/fly\/#primaryimage"},"thumbnailUrl":"https:\/\/www.espoonkuvataiteilijat.fi\/wp-content\/uploads\/2025\/07\/Final_kutsukuva_lentoon.jpg","datePublished":"2025-07-15T12:15:40+00:00","dateModified":"2025-08-06T09:44:05+00:00","breadcrumb":{"@id":"https:\/\/www.espoonkuvataiteilijat.fi\/en\/nayttelyt\/fly\/#breadcrumb"},"inLanguage":"en-US","potentialAction":[{"@type":"ReadAction","target":["https:\/\/www.espoonkuvataiteilijat.fi\/en\/nayttelyt\/fly\/"]}]},{"@type":"ImageObject","inLanguage":"en-US","@id":"https:\/\/www.espoonkuvataiteilijat.fi\/en\/nayttelyt\/fly\/#primaryimage","url":"https:\/\/www.espoonkuvataiteilijat.fi\/wp-content\/uploads\/2025\/07\/Final_kutsukuva_lentoon.jpg","contentUrl":"https:\/\/www.espoonkuvataiteilijat.fi\/wp-content\/uploads\/2025\/07\/Final_kutsukuva_lentoon.jpg","width":1933,"height":1782},{"@type":"BreadcrumbList","@id":"https:\/\/www.espoonkuvataiteilijat.fi\/en\/nayttelyt\/fly\/#breadcrumb","itemListElement":[{"@type":"ListItem","position":1,"name":"Home","item":"https:\/\/www.espoonkuvataiteilijat.fi\/en\/"},{"@type":"ListItem","position":2,"name":"FLY!"}]},{"@type":"WebSite","@id":"https:\/\/www.espoonkuvataiteilijat.fi\/#website","url":"https:\/\/www.espoonkuvataiteilijat.fi\/","name":"Espoon Kuvataiteilijat","description":"","potentialAction":[{"@type":"SearchAction","target":{"@type":"EntryPoint","urlTemplate":"https:\/\/www.espoonkuvataiteilijat.fi\/?s={search_term_string}"},"query-input":{"@type":"PropertyValueSpecification","valueRequired":true,"valueName":"search_term_string"}}],"inLanguage":"en-US"}]}},"_links":{"self":[{"href":"https:\/\/www.espoonkuvataiteilijat.fi\/en\/wp-json\/wp\/v2\/nayttelyt\/5303","targetHints":{"allow":["GET"]}}],"collection":[{"href":"https:\/\/www.espoonkuvataiteilijat.fi\/en\/wp-json\/wp\/v2\/nayttelyt"}],"about":[{"href":"https:\/\/www.espoonkuvataiteilijat.fi\/en\/wp-json\/wp\/v2\/types\/nayttelyt"}],"wp:featuredmedia":[{"embeddable":true,"href":"https:\/\/www.espoonkuvataiteilijat.fi\/en\/wp-json\/wp\/v2\/media\/5307"}],"wp:attachment":[{"href":"https:\/\/www.espoonkuvataiteilijat.fi\/en\/wp-json\/wp\/v2\/media?parent=5303"}],"wp:term":[{"taxonomy":"post_tag","embeddable":true,"href":"https:\/\/www.espoonkuvataiteilijat.fi\/en\/wp-json\/wp\/v2\/tags?post=5303"}],"curies":[{"name":"wp","href":"https:\/\/api.w.org\/{rel}","templated":true}]}}