{"id":5399,"date":"2025-08-19T16:15:52","date_gmt":"2025-08-19T13:15:52","guid":{"rendered":"https:\/\/www.espoonkuvataiteilijat.fi\/?post_type=nayttelyt&#038;p=5399"},"modified":"2025-08-19T16:16:58","modified_gmt":"2025-08-19T13:16:58","slug":"hilkka-okkonen-ja-aarre-karkkainen","status":"publish","type":"nayttelyt","link":"https:\/\/www.espoonkuvataiteilijat.fi\/en\/nayttelyt\/hilkka-okkonen-ja-aarre-karkkainen\/","title":{"rendered":"Hilkka Okkonen ja Aarre K\u00e4rkk\u00e4inen"},"content":{"rendered":"\n<h2 class=\"wp-block-heading\">Fairy Tale and Truth<\/h2>\n\n\n\n<h3 class=\"wp-block-heading\"><br>You are warmly welcome to the opening on Tuesday, September 30, from 5\u20137 pm.<\/h3>\n\n\n\n<p><strong>Aarre K\u00e4rkk\u00e4inen:<\/strong><br>-I am a storyteller and an image-maker. Paper, water, and brushes!<br>That\u02bcs how they come to life: fairy tales.<br>And sometimes, they can even be a little scary.<\/p>\n\n\n\n<p><strong>Hilkka Okkonen:<\/strong><br>-I am a visual artist from Espoo. I live very strongly through emotions.<br>The inequalities of today\u2019s world feel painful to me, and this is reflected in my work.<br>I was born into a family of artists. My father was an artist, as were my mother\u02bcs father, my aunt, my uncle, and so on.<br>The smell of turpentine became familiar early on. As a child, I thought everyone was an artist.<\/p>\n\n\n\n<p><strong>Toeks Group: Aarre K\u00e4rkk\u00e4inen &amp; Hilkka Okkonen<\/strong><br>-As the Toeks group, we have presented our CD-ROM works in numerous international exhibitions and festivals, including Kiasma (Helsinki), Transmediale (Berlin), Rencontres Internationales (Paris\/Berlin), the FILE Festival (S\u00e3o Paulo), d&gt;art (Sydney), Cynetart (Dresden), Lovebytes (Sheffield), and the Nickle Arts Museum (Calgary).<\/p>\n\n\n\n<div style=\"height:36px\" aria-hidden=\"true\" class=\"wp-block-spacer\"><\/div>\n\n\n\n<div class=\"wp-block-buttons has-custom-font-size has-medium-font-size is-layout-flex wp-block-buttons-is-layout-flex\">\n<div class=\"wp-block-button\"><a class=\"wp-block-button__link wp-element-button\" href=\"https:\/\/www.espoonkuvataiteilijat.fi\/wp-content\/uploads\/2025\/08\/cv-HilkkaUusikyla_2025.pdf\">CV Hilkka Okkonen<\/a><\/div>\n\n\n\n<div class=\"wp-block-button\"><a class=\"wp-block-button__link wp-element-button\" href=\"https:\/\/www.espoonkuvataiteilijat.fi\/wp-content\/uploads\/2025\/08\/cv_AarreKarkkainen_2025.pdf\">CV Aarre K\u00e4rkk\u00e4inen<\/a><\/div>\n\n\n\n<div class=\"wp-block-button\"><a class=\"wp-block-button__link wp-element-button\" href=\"https:\/\/kuvataiteilijamatrikkeli.fi\/en\/artist\/hilkka-marjatta-okkonen\">Kuvataiteilijamatrikkeli Hilkka Okkonen<\/a><\/div>\n\n\n\n<div class=\"wp-block-button\"><a class=\"wp-block-button__link wp-element-button\" href=\"https:\/\/kuvataiteilijamatrikkeli.fi\/en\/artist\/aarre-karkkainen\">Kuvataiteilijamatrikkeli Aarre K\u00e4rkk\u00e4inen<\/a><\/div>\n<\/div>\n\n\n\n<div style=\"height:36px\" aria-hidden=\"true\" class=\"wp-block-spacer\"><\/div>\n\n\n\n<figure class=\"wp-block-image size-large\"><img loading=\"lazy\" decoding=\"async\" width=\"1024\" height=\"442\" src=\"https:\/\/www.espoonkuvataiteilijat.fi\/wp-content\/uploads\/2025\/08\/Kallellaan_HevosenPuhdistus_1300px-1-1024x442.jpg\" alt=\"Hilkka Okkonen, Kallellaan, maalaus vasemmalla ja oikealla on K\u00e4rkk\u00e4inen, Hevosen puhdistus, akvarellimaalaus.\" class=\"wp-image-5402\" srcset=\"https:\/\/www.espoonkuvataiteilijat.fi\/wp-content\/uploads\/2025\/08\/Kallellaan_HevosenPuhdistus_1300px-1-1024x442.jpg 1024w, https:\/\/www.espoonkuvataiteilijat.fi\/wp-content\/uploads\/2025\/08\/Kallellaan_HevosenPuhdistus_1300px-1-300x129.jpg 300w, https:\/\/www.espoonkuvataiteilijat.fi\/wp-content\/uploads\/2025\/08\/Kallellaan_HevosenPuhdistus_1300px-1-768x331.jpg 768w, https:\/\/www.espoonkuvataiteilijat.fi\/wp-content\/uploads\/2025\/08\/Kallellaan_HevosenPuhdistus_1300px-1.jpg 1300w\" sizes=\"auto, (max-width: 1024px) 100vw, 1024px\" \/><figcaption class=\"wp-element-caption\"><sub>Hilkka Okkonen, Tilted, 30x40cm, 2024 ja Aarre K\u00e4rkk\u00e4inen, Cleaning the Horse, 50&#215;70 cm, 2024<\/sub><\/figcaption><\/figure>\n\n\n\n<figure class=\"wp-block-image size-large\"><img loading=\"lazy\" decoding=\"async\" width=\"1024\" height=\"707\" src=\"https:\/\/www.espoonkuvataiteilijat.fi\/wp-content\/uploads\/2025\/08\/Yhteispotretti_Hilkka-Aarre-1024x707.jpg\" alt=\"Hilkka Okkonen ja Aarre K\u00e4rkk\u00e4inen ty\u00f6huoneellaan.\" class=\"wp-image-5407\"\/><figcaption class=\"wp-element-caption\"><sub>Hilkka Okkonen and Aarre K\u00e4rkk\u00e4inen at the ateljee drinking coffee.<\/sub><\/figcaption><\/figure>\n\n\n\n<figure class=\"wp-block-image size-full\"><img loading=\"lazy\" decoding=\"async\" width=\"650\" height=\"787\" src=\"https:\/\/www.espoonkuvataiteilijat.fi\/wp-content\/uploads\/2025\/08\/HilkkaOkkonen_Kotona_akryyli_50x60cm_650px-1.jpg\" alt=\"Hilkka Okkonen, Kotona, akryyli kankaalle, 50x60 cm, 2023\" class=\"wp-image-5404\" srcset=\"https:\/\/www.espoonkuvataiteilijat.fi\/wp-content\/uploads\/2025\/08\/HilkkaOkkonen_Kotona_akryyli_50x60cm_650px-1.jpg 650w, https:\/\/www.espoonkuvataiteilijat.fi\/wp-content\/uploads\/2025\/08\/HilkkaOkkonen_Kotona_akryyli_50x60cm_650px-1-248x300.jpg 248w\" sizes=\"auto, (max-width: 650px) 100vw, 650px\" \/><figcaption class=\"wp-element-caption\"><sub>Hilkka Okkonen, At Home, 50&#215;60 cm, 2023<\/sub><\/figcaption><\/figure>\n\n\n\n<figure class=\"wp-block-image size-full\"><img loading=\"lazy\" decoding=\"async\" width=\"650\" height=\"671\" src=\"https:\/\/www.espoonkuvataiteilijat.fi\/wp-content\/uploads\/2025\/08\/AarreKarkkainen_Puhallus_akvarelli_50x70cm_650px-1.jpg\" alt=\"Aarre K\u00e4rkk\u00e4inen, Puhallus, Klovnin kasvot neli\u00f6n muotoinen maalaus\" class=\"wp-image-5403\" srcset=\"https:\/\/www.espoonkuvataiteilijat.fi\/wp-content\/uploads\/2025\/08\/AarreKarkkainen_Puhallus_akvarelli_50x70cm_650px-1.jpg 650w, https:\/\/www.espoonkuvataiteilijat.fi\/wp-content\/uploads\/2025\/08\/AarreKarkkainen_Puhallus_akvarelli_50x70cm_650px-1-291x300.jpg 291w\" sizes=\"auto, (max-width: 650px) 100vw, 650px\" \/><figcaption class=\"wp-element-caption\"><sub>Aarre K\u00e4rkk\u00e4inen, Blow, akvarelli, 50&#215;70 cm, 2024<\/sub><\/figcaption><\/figure>\n\n\n\n<div style=\"height:36px\" aria-hidden=\"true\" class=\"wp-block-spacer\"><\/div>\n\n\n\n<h2 class=\"wp-block-heading\"><strong>Note!<br>You will find the new <strong>Gallery Aarni<\/strong> beside Sello Library and Caf\u00e9 Maria, at Viaporintori in the Sello Shopping Center.<\/strong><\/h2>\n","protected":false},"featured_media":5391,"template":"","tags":[339,337,338],"class_list":["post-5399","nayttelyt","type-nayttelyt","status-publish","has-post-thumbnail","hentry","tag-aquarelles","tag-paintingexhibition","tag-socialpainting"],"acf":[],"yoast_head":"<!-- This site is optimized with the Yoast SEO plugin v24.2 - https:\/\/yoast.com\/wordpress\/plugins\/seo\/ -->\n<title>Hilkka Okkonen ja Aarre K\u00e4rkk\u00e4inen - Espoon Kuvataiteilijat<\/title>\n<meta name=\"description\" content=\"Aarre K\u00e4rkk\u00e4inen:\u201cI am a storyteller and an image-maker. Paper, water, and brushes!That\u2019s how they come to life: fairy tales.And sometimes, they can even be a little scary.\u201dHilkka Okkonen:\u201cI am a visual artist from Espoo. I live very strongly through emotions.The inequalities of today\u2019s world feel painful to me, and this is reflected in my work.I was born into a family of artists. My father was an artist, as were my mother\u2019s father, my aunt, my uncle, and so on.The smell of turpentine became familiar early on. As a child, I thought everyone was an artist.\u201d\" \/>\n<meta name=\"robots\" content=\"index, follow, max-snippet:-1, max-image-preview:large, max-video-preview:-1\" \/>\n<link rel=\"canonical\" href=\"https:\/\/www.espoonkuvataiteilijat.fi\/en\/nayttelyt\/hilkka-okkonen-ja-aarre-karkkainen\/\" \/>\n<meta property=\"og:locale\" content=\"en_US\" \/>\n<meta property=\"og:type\" content=\"article\" \/>\n<meta property=\"og:title\" content=\"Hilkka Okkonen ja Aarre K\u00e4rkk\u00e4inen - Espoon Kuvataiteilijat\" \/>\n<meta property=\"og:description\" content=\"Aarre K\u00e4rkk\u00e4inen:\u201cI am a storyteller and an image-maker. Paper, water, and brushes!That\u2019s how they come to life: fairy tales.And sometimes, they can even be a little scary.\u201dHilkka Okkonen:\u201cI am a visual artist from Espoo. I live very strongly through emotions.The inequalities of today\u2019s world feel painful to me, and this is reflected in my work.I was born into a family of artists. My father was an artist, as were my mother\u2019s father, my aunt, my uncle, and so on.The smell of turpentine became familiar early on. As a child, I thought everyone was an artist.\u201d\" \/>\n<meta property=\"og:url\" content=\"https:\/\/www.espoonkuvataiteilijat.fi\/en\/nayttelyt\/hilkka-okkonen-ja-aarre-karkkainen\/\" \/>\n<meta property=\"og:site_name\" content=\"Espoon Kuvataiteilijat\" \/>\n<meta property=\"article:modified_time\" content=\"2025-08-19T13:16:58+00:00\" \/>\n<meta property=\"og:image\" content=\"https:\/\/www.espoonkuvataiteilijat.fi\/wp-content\/uploads\/2025\/08\/AarreJaHilkkaPaakuva1300px.jpg\" \/>\n\t<meta property=\"og:image:width\" content=\"1300\" \/>\n\t<meta property=\"og:image:height\" content=\"975\" \/>\n\t<meta property=\"og:image:type\" content=\"image\/jpeg\" \/>\n<meta name=\"twitter:card\" content=\"summary_large_image\" \/>\n<meta name=\"twitter:label1\" content=\"Est. reading time\" \/>\n\t<meta name=\"twitter:data1\" content=\"3 minutes\" \/>\n<script type=\"application\/ld+json\" class=\"yoast-schema-graph\">{\"@context\":\"https:\/\/schema.org\",\"@graph\":[{\"@type\":\"WebPage\",\"@id\":\"https:\/\/www.espoonkuvataiteilijat.fi\/en\/nayttelyt\/hilkka-okkonen-ja-aarre-karkkainen\/\",\"url\":\"https:\/\/www.espoonkuvataiteilijat.fi\/en\/nayttelyt\/hilkka-okkonen-ja-aarre-karkkainen\/\",\"name\":\"Hilkka Okkonen ja Aarre K\u00e4rkk\u00e4inen - Espoon Kuvataiteilijat\",\"isPartOf\":{\"@id\":\"https:\/\/www.espoonkuvataiteilijat.fi\/#website\"},\"primaryImageOfPage\":{\"@id\":\"https:\/\/www.espoonkuvataiteilijat.fi\/en\/nayttelyt\/hilkka-okkonen-ja-aarre-karkkainen\/#primaryimage\"},\"image\":{\"@id\":\"https:\/\/www.espoonkuvataiteilijat.fi\/en\/nayttelyt\/hilkka-okkonen-ja-aarre-karkkainen\/#primaryimage\"},\"thumbnailUrl\":\"https:\/\/www.espoonkuvataiteilijat.fi\/wp-content\/uploads\/2025\/08\/AarreJaHilkkaPaakuva1300px.jpg\",\"datePublished\":\"2025-08-19T13:15:52+00:00\",\"dateModified\":\"2025-08-19T13:16:58+00:00\",\"description\":\"Aarre K\u00e4rkk\u00e4inen:\u201cI am a storyteller and an image-maker. Paper, water, and brushes!That\u2019s how they come to life: fairy tales.And sometimes, they can even be a little scary.\u201dHilkka Okkonen:\u201cI am a visual artist from Espoo. I live very strongly through emotions.The inequalities of today\u2019s world feel painful to me, and this is reflected in my work.I was born into a family of artists. My father was an artist, as were my mother\u2019s father, my aunt, my uncle, and so on.The smell of turpentine became familiar early on. As a child, I thought everyone was an artist.\u201d\",\"breadcrumb\":{\"@id\":\"https:\/\/www.espoonkuvataiteilijat.fi\/en\/nayttelyt\/hilkka-okkonen-ja-aarre-karkkainen\/#breadcrumb\"},\"inLanguage\":\"en-US\",\"potentialAction\":[{\"@type\":\"ReadAction\",\"target\":[\"https:\/\/www.espoonkuvataiteilijat.fi\/en\/nayttelyt\/hilkka-okkonen-ja-aarre-karkkainen\/\"]}]},{\"@type\":\"ImageObject\",\"inLanguage\":\"en-US\",\"@id\":\"https:\/\/www.espoonkuvataiteilijat.fi\/en\/nayttelyt\/hilkka-okkonen-ja-aarre-karkkainen\/#primaryimage\",\"url\":\"https:\/\/www.espoonkuvataiteilijat.fi\/wp-content\/uploads\/2025\/08\/AarreJaHilkkaPaakuva1300px.jpg\",\"contentUrl\":\"https:\/\/www.espoonkuvataiteilijat.fi\/wp-content\/uploads\/2025\/08\/AarreJaHilkkaPaakuva1300px.jpg\",\"width\":1300,\"height\":975,\"caption\":\"Aarre K\u00e4rkk\u00e4inen ja Hilkka Okkonen\"},{\"@type\":\"BreadcrumbList\",\"@id\":\"https:\/\/www.espoonkuvataiteilijat.fi\/en\/nayttelyt\/hilkka-okkonen-ja-aarre-karkkainen\/#breadcrumb\",\"itemListElement\":[{\"@type\":\"ListItem\",\"position\":1,\"name\":\"Home\",\"item\":\"https:\/\/www.espoonkuvataiteilijat.fi\/en\/\"},{\"@type\":\"ListItem\",\"position\":2,\"name\":\"Hilkka Okkonen ja Aarre K\u00e4rkk\u00e4inen\"}]},{\"@type\":\"WebSite\",\"@id\":\"https:\/\/www.espoonkuvataiteilijat.fi\/#website\",\"url\":\"https:\/\/www.espoonkuvataiteilijat.fi\/\",\"name\":\"Espoon Kuvataiteilijat\",\"description\":\"\",\"potentialAction\":[{\"@type\":\"SearchAction\",\"target\":{\"@type\":\"EntryPoint\",\"urlTemplate\":\"https:\/\/www.espoonkuvataiteilijat.fi\/?s={search_term_string}\"},\"query-input\":{\"@type\":\"PropertyValueSpecification\",\"valueRequired\":true,\"valueName\":\"search_term_string\"}}],\"inLanguage\":\"en-US\"}]}<\/script>\n<!-- \/ Yoast SEO plugin. -->","yoast_head_json":{"title":"Hilkka Okkonen ja Aarre K\u00e4rkk\u00e4inen - Espoon Kuvataiteilijat","description":"Aarre K\u00e4rkk\u00e4inen:\u201cI am a storyteller and an image-maker. Paper, water, and brushes!That\u2019s how they come to life: fairy tales.And sometimes, they can even be a little scary.\u201dHilkka Okkonen:\u201cI am a visual artist from Espoo. I live very strongly through emotions.The inequalities of today\u2019s world feel painful to me, and this is reflected in my work.I was born into a family of artists. My father was an artist, as were my mother\u2019s father, my aunt, my uncle, and so on.The smell of turpentine became familiar early on. As a child, I thought everyone was an artist.\u201d","robots":{"index":"index","follow":"follow","max-snippet":"max-snippet:-1","max-image-preview":"max-image-preview:large","max-video-preview":"max-video-preview:-1"},"canonical":"https:\/\/www.espoonkuvataiteilijat.fi\/en\/nayttelyt\/hilkka-okkonen-ja-aarre-karkkainen\/","og_locale":"en_US","og_type":"article","og_title":"Hilkka Okkonen ja Aarre K\u00e4rkk\u00e4inen - Espoon Kuvataiteilijat","og_description":"Aarre K\u00e4rkk\u00e4inen:\u201cI am a storyteller and an image-maker. Paper, water, and brushes!That\u2019s how they come to life: fairy tales.And sometimes, they can even be a little scary.\u201dHilkka Okkonen:\u201cI am a visual artist from Espoo. I live very strongly through emotions.The inequalities of today\u2019s world feel painful to me, and this is reflected in my work.I was born into a family of artists. My father was an artist, as were my mother\u2019s father, my aunt, my uncle, and so on.The smell of turpentine became familiar early on. As a child, I thought everyone was an artist.\u201d","og_url":"https:\/\/www.espoonkuvataiteilijat.fi\/en\/nayttelyt\/hilkka-okkonen-ja-aarre-karkkainen\/","og_site_name":"Espoon Kuvataiteilijat","article_modified_time":"2025-08-19T13:16:58+00:00","og_image":[{"width":1300,"height":975,"url":"https:\/\/www.espoonkuvataiteilijat.fi\/wp-content\/uploads\/2025\/08\/AarreJaHilkkaPaakuva1300px.jpg","type":"image\/jpeg"}],"twitter_card":"summary_large_image","twitter_misc":{"Est. reading time":"3 minutes"},"schema":{"@context":"https:\/\/schema.org","@graph":[{"@type":"WebPage","@id":"https:\/\/www.espoonkuvataiteilijat.fi\/en\/nayttelyt\/hilkka-okkonen-ja-aarre-karkkainen\/","url":"https:\/\/www.espoonkuvataiteilijat.fi\/en\/nayttelyt\/hilkka-okkonen-ja-aarre-karkkainen\/","name":"Hilkka Okkonen ja Aarre K\u00e4rkk\u00e4inen - Espoon Kuvataiteilijat","isPartOf":{"@id":"https:\/\/www.espoonkuvataiteilijat.fi\/#website"},"primaryImageOfPage":{"@id":"https:\/\/www.espoonkuvataiteilijat.fi\/en\/nayttelyt\/hilkka-okkonen-ja-aarre-karkkainen\/#primaryimage"},"image":{"@id":"https:\/\/www.espoonkuvataiteilijat.fi\/en\/nayttelyt\/hilkka-okkonen-ja-aarre-karkkainen\/#primaryimage"},"thumbnailUrl":"https:\/\/www.espoonkuvataiteilijat.fi\/wp-content\/uploads\/2025\/08\/AarreJaHilkkaPaakuva1300px.jpg","datePublished":"2025-08-19T13:15:52+00:00","dateModified":"2025-08-19T13:16:58+00:00","description":"Aarre K\u00e4rkk\u00e4inen:\u201cI am a storyteller and an image-maker. Paper, water, and brushes!That\u2019s how they come to life: fairy tales.And sometimes, they can even be a little scary.\u201dHilkka Okkonen:\u201cI am a visual artist from Espoo. I live very strongly through emotions.The inequalities of today\u2019s world feel painful to me, and this is reflected in my work.I was born into a family of artists. My father was an artist, as were my mother\u2019s father, my aunt, my uncle, and so on.The smell of turpentine became familiar early on. As a child, I thought everyone was an artist.\u201d","breadcrumb":{"@id":"https:\/\/www.espoonkuvataiteilijat.fi\/en\/nayttelyt\/hilkka-okkonen-ja-aarre-karkkainen\/#breadcrumb"},"inLanguage":"en-US","potentialAction":[{"@type":"ReadAction","target":["https:\/\/www.espoonkuvataiteilijat.fi\/en\/nayttelyt\/hilkka-okkonen-ja-aarre-karkkainen\/"]}]},{"@type":"ImageObject","inLanguage":"en-US","@id":"https:\/\/www.espoonkuvataiteilijat.fi\/en\/nayttelyt\/hilkka-okkonen-ja-aarre-karkkainen\/#primaryimage","url":"https:\/\/www.espoonkuvataiteilijat.fi\/wp-content\/uploads\/2025\/08\/AarreJaHilkkaPaakuva1300px.jpg","contentUrl":"https:\/\/www.espoonkuvataiteilijat.fi\/wp-content\/uploads\/2025\/08\/AarreJaHilkkaPaakuva1300px.jpg","width":1300,"height":975,"caption":"Aarre K\u00e4rkk\u00e4inen ja Hilkka Okkonen"},{"@type":"BreadcrumbList","@id":"https:\/\/www.espoonkuvataiteilijat.fi\/en\/nayttelyt\/hilkka-okkonen-ja-aarre-karkkainen\/#breadcrumb","itemListElement":[{"@type":"ListItem","position":1,"name":"Home","item":"https:\/\/www.espoonkuvataiteilijat.fi\/en\/"},{"@type":"ListItem","position":2,"name":"Hilkka Okkonen ja Aarre K\u00e4rkk\u00e4inen"}]},{"@type":"WebSite","@id":"https:\/\/www.espoonkuvataiteilijat.fi\/#website","url":"https:\/\/www.espoonkuvataiteilijat.fi\/","name":"Espoon Kuvataiteilijat","description":"","potentialAction":[{"@type":"SearchAction","target":{"@type":"EntryPoint","urlTemplate":"https:\/\/www.espoonkuvataiteilijat.fi\/?s={search_term_string}"},"query-input":{"@type":"PropertyValueSpecification","valueRequired":true,"valueName":"search_term_string"}}],"inLanguage":"en-US"}]}},"_links":{"self":[{"href":"https:\/\/www.espoonkuvataiteilijat.fi\/en\/wp-json\/wp\/v2\/nayttelyt\/5399","targetHints":{"allow":["GET"]}}],"collection":[{"href":"https:\/\/www.espoonkuvataiteilijat.fi\/en\/wp-json\/wp\/v2\/nayttelyt"}],"about":[{"href":"https:\/\/www.espoonkuvataiteilijat.fi\/en\/wp-json\/wp\/v2\/types\/nayttelyt"}],"wp:featuredmedia":[{"embeddable":true,"href":"https:\/\/www.espoonkuvataiteilijat.fi\/en\/wp-json\/wp\/v2\/media\/5391"}],"wp:attachment":[{"href":"https:\/\/www.espoonkuvataiteilijat.fi\/en\/wp-json\/wp\/v2\/media?parent=5399"}],"wp:term":[{"taxonomy":"post_tag","embeddable":true,"href":"https:\/\/www.espoonkuvataiteilijat.fi\/en\/wp-json\/wp\/v2\/tags?post=5399"}],"curies":[{"name":"wp","href":"https:\/\/api.w.org\/{rel}","templated":true}]}}