{"id":5621,"date":"2025-11-07T15:43:06","date_gmt":"2025-11-07T13:43:06","guid":{"rendered":"https:\/\/www.espoonkuvataiteilijat.fi\/?post_type=nayttelyt&#038;p=5621"},"modified":"2025-11-25T12:08:22","modified_gmt":"2025-11-25T10:08:22","slug":"kiltapavinljonki","status":"publish","type":"nayttelyt","link":"https:\/\/www.espoonkuvataiteilijat.fi\/en\/nayttelyt\/kiltapavinljonki\/","title":{"rendered":"Kiltapaviljonki 2025"},"content":{"rendered":"\n<h2 class=\"wp-block-heading\"><strong>Opening on Tuesday, November 25, 2025, from 5\u20137 p.m. Warmly welcome!<\/strong><br><strong><br>The Guild Pavilion is the traditional annual group exhibition of the Espoo Artists<\/strong>\u02bc<strong>Guild, which this year celebrates the Guild\u02bcs 15th anniversary.<\/strong><\/h2>\n\n\n\n<h3 class=\"wp-block-heading\"><\/h3>\n\n\n\n<p>Art above: Johanna Lemettinen, Gaze 2, oil pastel on paper, 30&#215;16 cm, 2024<\/p>\n\n\n\n<div style=\"height:26px\" aria-hidden=\"true\" class=\"wp-block-spacer\"><\/div>\n\n\n\n<p>Artists:<br><strong>Anne Ovaska, Pekka Kaikkonen, Nina Forsman, Svetlana Ruoho, Sirkku Ala-Harja, Carita Maury, Sanna Juuj\u00e4rvi-Bremer, Barbara Tieaho, Marja Blomster, Riitta Asanti, Johanna Lemettinen, Kari Puikkonen, Antti Minkkinen, Tapio Haapala, Miguel Vadell, Elina Tammiranta-Summa, Pertti Summa, Nina Bask , Krista Kortelainen, Ra\u00f9l Mej\u00eca Moreno, Maija Santala, Katri Helansuo, Maarit Hedman, Anja Rahola, Pekka Hannula, Mauno Mecklin, Ilkka Paloniemi, Annika Ruuska, Saila Saranp\u00e4\u00e4, Irmeli Huhtala, Andrzej Tarasiuk ja Noora Ylipieti.&nbsp;<\/strong><\/p>\n\n\n\n<p><strong>In Memorial Juan Antonio Muro.<\/strong><\/p>\n\n\n\n<div style=\"height:21px\" aria-hidden=\"true\" class=\"wp-block-spacer\"><\/div>\n\n\n\n<figure class=\"wp-block-image size-full\"><img loading=\"lazy\" decoding=\"async\" width=\"650\" height=\"67\" src=\"https:\/\/www.espoonkuvataiteilijat.fi\/wp-content\/uploads\/2025\/11\/KiltaLogo-kopio.png\" alt=\"\" class=\"wp-image-5579\" srcset=\"https:\/\/www.espoonkuvataiteilijat.fi\/wp-content\/uploads\/2025\/11\/KiltaLogo-kopio.png 650w, https:\/\/www.espoonkuvataiteilijat.fi\/wp-content\/uploads\/2025\/11\/KiltaLogo-kopio-300x31.png 300w\" sizes=\"auto, (max-width: 650px) 100vw, 650px\" \/><\/figure>\n\n\n\n<div style=\"height:26px\" aria-hidden=\"true\" class=\"wp-block-spacer\"><\/div>\n\n\n\n<p><strong>Anne Ovaska<\/strong><br>Painter, photographer<br>Nature is the foundation of my art. Through painting and photography, I collect coincidences and traces. For me, creating images is a way of preserving past memories and capturing new ideas.<br>My works, which combine painting and photography, are collages of observations and memories\u2014moments from past stories. The subjects and techniques I use flow into each other. In the most favorable moments, I reach the frequencies of the senses and the hidden corners of memory\u2014missing pieces and the moods of color fields.<br><a href=\"https:\/\/anneovaska.wordpress.com\">https:\/\/anneovaska.wordpress.com<\/a><br><a href=\"https:\/\/www.espoonkuvataiteilijat.fi\/wp-content\/uploads\/2025\/11\/Anne-Ovaska-CV-Eng.pdf\">Anne Ovaska CV<\/a><\/p>\n\n\n\n<figure class=\"wp-block-image size-full\"><img loading=\"lazy\" decoding=\"async\" width=\"650\" height=\"299\" src=\"https:\/\/www.espoonkuvataiteilijat.fi\/wp-content\/uploads\/2025\/11\/anne_ovaska_punaista_2024_triptyykki_30x62cm_silisec_editio_1050E.jpg\" alt=\"Anne Ovaska, Punaista, triptyykki 30x62 cm, silisec editio, 2024\" class=\"wp-image-5567\" srcset=\"https:\/\/www.espoonkuvataiteilijat.fi\/wp-content\/uploads\/2025\/11\/anne_ovaska_punaista_2024_triptyykki_30x62cm_silisec_editio_1050E.jpg 650w, https:\/\/www.espoonkuvataiteilijat.fi\/wp-content\/uploads\/2025\/11\/anne_ovaska_punaista_2024_triptyykki_30x62cm_silisec_editio_1050E-300x138.jpg 300w\" sizes=\"auto, (max-width: 650px) 100vw, 650px\" \/><figcaption class=\"wp-element-caption\"><sub>Anne Ovaska, Punaista, triptyykki 30&#215;62 cm, silisec editio, 2024<\/sub><\/figcaption><\/figure>\n\n\n\n<p><strong>Pekka Kaikkonen<\/strong><\/p>\n\n\n\n<p>Kasimir Edschmid (1890-1960) has compared seeing the world in a way<br>that truly understands it to walking a tightrope, because it is so difficult to<br>unambiguously perceive our visible world. All living things on Earth have<br>different interpretations of the visible nature of our environment; the world<br>is only what our eyes, having seen it, present to us, as they please.<br>(Edschmid, K. 1961. On really seeing. Artikkeli \/ An article, Andreas<br>Feininger: \u201cStone and man\u201d. New York: Dover Publications, Inc.).<br><a href=\"https:\/\/pekkakaikkonen.fi\">https:\/\/pekkakaikkonen.fi<\/a><br><a href=\"https:\/\/www.espoonkuvataiteilijat.fi\/wp-content\/uploads\/2025\/11\/Pekka-Kaikkonen-CV-27.10.2025-suomi-english.pdf\">Pekka Kaikkonen CV<\/a><\/p>\n\n\n\n<figure class=\"wp-block-image size-full\"><img loading=\"lazy\" decoding=\"async\" width=\"650\" height=\"653\" src=\"https:\/\/www.espoonkuvataiteilijat.fi\/wp-content\/uploads\/2025\/11\/Pekka-Kaikkonen-Grammichele-_2_tuumaa_sekatekniikka-kankaalle_50x50x4-cm_2025.jpg\" alt=\"Pekka Kaikkonen, Grammichele 20, sekatekniikka kankaalle, 2025\" class=\"wp-image-5556\" srcset=\"https:\/\/www.espoonkuvataiteilijat.fi\/wp-content\/uploads\/2025\/11\/Pekka-Kaikkonen-Grammichele-_2_tuumaa_sekatekniikka-kankaalle_50x50x4-cm_2025.jpg 650w, https:\/\/www.espoonkuvataiteilijat.fi\/wp-content\/uploads\/2025\/11\/Pekka-Kaikkonen-Grammichele-_2_tuumaa_sekatekniikka-kankaalle_50x50x4-cm_2025-300x300.jpg 300w, https:\/\/www.espoonkuvataiteilijat.fi\/wp-content\/uploads\/2025\/11\/Pekka-Kaikkonen-Grammichele-_2_tuumaa_sekatekniikka-kankaalle_50x50x4-cm_2025-150x150.jpg 150w\" sizes=\"auto, (max-width: 650px) 100vw, 650px\" \/><figcaption class=\"wp-element-caption\"><sub>Pekka Kaikkonen, Grammichele 20, sekatekniikka kankaalle, 50x50x4 cm, 2025<\/sub><\/figcaption><\/figure>\n\n\n\n<p><strong>Nina Forsman<\/strong><br>I work with painting, experimental photography, and spatial installations. My practice explores the relationship between humans and their environment, the fragility of nature, and the experience of light and space. My themes focus on identity, the intrinsic value of non-human beings, and how systems and environments shape the human condition.<br><a href=\"https:\/\/www.ninaforsman.fi\">https:\/\/www.ninaforsman.fi<\/a><br><a href=\"https:\/\/www.espoonkuvataiteilijat.fi\/wp-content\/uploads\/2025\/11\/cv_Uk_NinaForsman2025.pdf\">Nina Forsman CV<\/a><\/p>\n\n\n\n<figure class=\"wp-block-image size-full\"><img loading=\"lazy\" decoding=\"async\" width=\"650\" height=\"650\" src=\"https:\/\/www.espoonkuvataiteilijat.fi\/wp-content\/uploads\/2025\/11\/Forsman_Nina_Elain_Digitaalinen-teos-vedos-2017.jpg\" alt=\"Forsman_Nina_El\u00e4in_Digitaalinen teos vedos-2017\" class=\"wp-image-5574\" srcset=\"https:\/\/www.espoonkuvataiteilijat.fi\/wp-content\/uploads\/2025\/11\/Forsman_Nina_Elain_Digitaalinen-teos-vedos-2017.jpg 650w, https:\/\/www.espoonkuvataiteilijat.fi\/wp-content\/uploads\/2025\/11\/Forsman_Nina_Elain_Digitaalinen-teos-vedos-2017-300x300.jpg 300w, https:\/\/www.espoonkuvataiteilijat.fi\/wp-content\/uploads\/2025\/11\/Forsman_Nina_Elain_Digitaalinen-teos-vedos-2017-150x150.jpg 150w, https:\/\/www.espoonkuvataiteilijat.fi\/wp-content\/uploads\/2025\/11\/Forsman_Nina_Elain_Digitaalinen-teos-vedos-2017-500x500.jpg 500w\" sizes=\"auto, (max-width: 650px) 100vw, 650px\" \/><figcaption class=\"wp-element-caption\"><sub>Nina Forsman, El\u00e4in V, digitaalinen teos vedos nro 1\/10, 30&#215;30 cm, 2017<\/sub><\/figcaption><\/figure>\n\n\n\n<p><strong>Svetlana Ruoho<\/strong><\/p>\n\n\n\n<p>Svetlana Ruoho is a painter who graduated from the Repin Academy of Arts in St. Petersburg. Her works emphasize the interaction between nature and humans. Ruoho has created numerous portraits, many of which are in public collections in Finland. She lives and works in Espoo.<br><a href=\"https:\/\/www.taideruoho.fi\/\">https:\/\/www.taideruoho.fi\/<\/a><br><a href=\"https:\/\/www.espoonkuvataiteilijat.fi\/wp-content\/uploads\/2025\/11\/Ruoho_CV_eng_10.25-.pdf\">Svetlana Ruoho CV<\/a><\/p>\n\n\n\n<figure class=\"wp-block-image size-full\"><img loading=\"lazy\" decoding=\"async\" width=\"650\" height=\"833\" src=\"https:\/\/www.espoonkuvataiteilijat.fi\/wp-content\/uploads\/2025\/11\/Ruoho_Svetlana_Conversation-under-the-orange-tree_50x40cm_akryylikartongille_2024.jpg\" alt=\"\" class=\"wp-image-5560\" srcset=\"https:\/\/www.espoonkuvataiteilijat.fi\/wp-content\/uploads\/2025\/11\/Ruoho_Svetlana_Conversation-under-the-orange-tree_50x40cm_akryylikartongille_2024.jpg 650w, https:\/\/www.espoonkuvataiteilijat.fi\/wp-content\/uploads\/2025\/11\/Ruoho_Svetlana_Conversation-under-the-orange-tree_50x40cm_akryylikartongille_2024-234x300.jpg 234w\" sizes=\"auto, (max-width: 650px) 100vw, 650px\" \/><figcaption class=\"wp-element-caption\"><sub>Svetlana Ruoho, Conversation under the orange tree, 50&#215;40 cm, akryyli kartongille, 2024<\/sub><\/figcaption><\/figure>\n\n\n\n<p><strong>Sirkku Ala-Harja<\/strong><\/p>\n\n\n\n<p>Sirkku Ala-Harja is a visual artist and sailor who specializes in capturing movement in images through optical color layers and brushwork. Ala-Harja&#8217;s paintings are pictorial poems, moods from beneath the water, abstract landscapes, or fleeting memories from layers of history.<br>Instagram <a href=\"https:\/\/www.instagram.com\/sirkkualaharja\/?hl=fi\">@sirkkualaharja<\/a><br><a href=\"https:\/\/www.espoonkuvataiteilijat.fi\/wp-content\/uploads\/2025\/11\/Ala-Harja-CV.pdf\">Sirkku Ala-Harja CV<\/a><\/p>\n\n\n\n<figure class=\"wp-block-image size-full\"><img loading=\"lazy\" decoding=\"async\" width=\"650\" height=\"644\" src=\"https:\/\/www.espoonkuvataiteilijat.fi\/wp-content\/uploads\/2025\/11\/Sirkku-Ala-Harja_Poesi-akryyli-liitu-ja-pigmentti-kankaalle-46-x-46-2025.jpg\" alt=\"Sirkku Ala-Harja, Poesi, akryyli, liitu ja pigmentti kankaalle, 46x46 cm, 2025\" class=\"wp-image-5563\" srcset=\"https:\/\/www.espoonkuvataiteilijat.fi\/wp-content\/uploads\/2025\/11\/Sirkku-Ala-Harja_Poesi-akryyli-liitu-ja-pigmentti-kankaalle-46-x-46-2025.jpg 650w, https:\/\/www.espoonkuvataiteilijat.fi\/wp-content\/uploads\/2025\/11\/Sirkku-Ala-Harja_Poesi-akryyli-liitu-ja-pigmentti-kankaalle-46-x-46-2025-300x297.jpg 300w, https:\/\/www.espoonkuvataiteilijat.fi\/wp-content\/uploads\/2025\/11\/Sirkku-Ala-Harja_Poesi-akryyli-liitu-ja-pigmentti-kankaalle-46-x-46-2025-150x150.jpg 150w\" sizes=\"auto, (max-width: 650px) 100vw, 650px\" \/><figcaption class=\"wp-element-caption\"><sub>Sirkku Ala-Harja, Poesi, akryyli, liitu ja pigmentti kankaalle, 46&#215;46 cm, 2025<\/sub><\/figcaption><\/figure>\n\n\n\n<p><strong>Carita Maury<\/strong><a href=\"https:\/\/www.espoonkuvataiteilijat.fi\/wp-content\/uploads\/2025\/11\/CV-Carita-Maury-Eng.pdf\"><br><\/a><a href=\"https:\/\/www.caritamaury.com\/\">www.caritamaury.com<\/a><a href=\"https:\/\/www.espoonkuvataiteilijat.fi\/wp-content\/uploads\/2025\/11\/CV-Carita-Maury-Eng.pdf\"><br>Carita Maury CV<\/a><\/p>\n\n\n\n<figure class=\"wp-block-image size-full\"><img loading=\"lazy\" decoding=\"async\" width=\"650\" height=\"778\" src=\"https:\/\/www.espoonkuvataiteilijat.fi\/wp-content\/uploads\/2025\/11\/Carita-Maury_Luonnon-antimia_60x50cm.jpg\" alt=\"Carita Maury_Luonnon antimia_60x50cm\" class=\"wp-image-5572\" srcset=\"https:\/\/www.espoonkuvataiteilijat.fi\/wp-content\/uploads\/2025\/11\/Carita-Maury_Luonnon-antimia_60x50cm.jpg 650w, https:\/\/www.espoonkuvataiteilijat.fi\/wp-content\/uploads\/2025\/11\/Carita-Maury_Luonnon-antimia_60x50cm-251x300.jpg 251w\" sizes=\"auto, (max-width: 650px) 100vw, 650px\" \/><figcaption class=\"wp-element-caption\"><sub>Carita Maury, Luonnon antimia, 60&#215;50 cm<\/sub><\/figcaption><\/figure>\n\n\n\n<p><strong>Sanna Juuj\u00e4rvi-Bremer<\/strong><\/p>\n\n\n\n<p>Sanna Juuj\u00e4rvi-Bremer is a visual artist working in Kirkkonummi and Espoo, Finland, who works with a wide range of materials and techniques. The works in the exhibition are scratch art pieces in which the patterns formed on the surface of the image add a new level to the narrative.<br><a href=\"https:\/\/sjuujarvi.wixsite.com\/juujarvibremer\">https:\/\/sjuujarvi.wixsite.com\/juujarvibremer<\/a><br><a href=\"https:\/\/www.espoonkuvataiteilijat.fi\/wp-content\/uploads\/2025\/11\/Ansioluettelo_Juujarvi-Bremer_Sanna.pdf\">Sanna Juuj\u00e4rvi-Bremer CV<\/a><br><\/p>\n\n\n\n<figure class=\"wp-block-image size-large\"><img loading=\"lazy\" decoding=\"async\" width=\"594\" height=\"1024\" src=\"https:\/\/www.espoonkuvataiteilijat.fi\/wp-content\/uploads\/2025\/11\/Sanna_juujarvi-bremer_Obsessions-594x1024.jpg\" alt=\"Sanna_juuj\u00e4rvi-bremer_Obsessions\" class=\"wp-image-5562\" srcset=\"https:\/\/www.espoonkuvataiteilijat.fi\/wp-content\/uploads\/2025\/11\/Sanna_juujarvi-bremer_Obsessions-594x1024.jpg 594w, https:\/\/www.espoonkuvataiteilijat.fi\/wp-content\/uploads\/2025\/11\/Sanna_juujarvi-bremer_Obsessions-174x300.jpg 174w, https:\/\/www.espoonkuvataiteilijat.fi\/wp-content\/uploads\/2025\/11\/Sanna_juujarvi-bremer_Obsessions.jpg 650w\" sizes=\"auto, (max-width: 594px) 100vw, 594px\" \/><figcaption class=\"wp-element-caption\"><sub>Sanna Juuj\u00e4rvi-Bremer, Obsessions, #1-6, valokuva, 0,5&#215;0,5 cm, 2025 <\/sub><\/figcaption><\/figure>\n\n\n\n<p><strong>Barbara Tieaho<\/strong><br>Barbara Tieaho\u02bcs work (1980-2025) includes miniature sculptures made from various materials, including bronze, stone, wood, glass, and natural materials.<br>In addition, she has produced, filmed, designed, and directed a dozen video films on topics such as works of art and people dancing in nature.<br><a href=\"https:\/\/kuvataiteilijamatrikkeli.fi\/taiteilija\/barbara-tieaho\">https:\/\/kuvataiteilijamatrikkeli.fi\/taiteilija\/barbara-tieaho<\/a><br><a href=\"https:\/\/www.espoonkuvataiteilijat.fi\/wp-content\/uploads\/2025\/11\/BarbaraTieaho-CVSuomi.pdf\">Barbara Tieaho CV<\/a><\/p>\n\n\n\n<figure class=\"wp-block-image size-large\"><img loading=\"lazy\" decoding=\"async\" width=\"461\" height=\"1024\" src=\"https:\/\/www.espoonkuvataiteilijat.fi\/wp-content\/uploads\/2025\/11\/TieahoBarbara_Iltasoitto_puu-saniainen-sammal-metalli-70x180cm-2025-461x1024.jpg\" alt=\"Barbara Tieaho, Iltasoitto, puu, saniainen, sammal, metalli, 70x180 cm, 2025\" class=\"wp-image-5565\" srcset=\"https:\/\/www.espoonkuvataiteilijat.fi\/wp-content\/uploads\/2025\/11\/TieahoBarbara_Iltasoitto_puu-saniainen-sammal-metalli-70x180cm-2025-461x1024.jpg 461w, https:\/\/www.espoonkuvataiteilijat.fi\/wp-content\/uploads\/2025\/11\/TieahoBarbara_Iltasoitto_puu-saniainen-sammal-metalli-70x180cm-2025-135x300.jpg 135w, https:\/\/www.espoonkuvataiteilijat.fi\/wp-content\/uploads\/2025\/11\/TieahoBarbara_Iltasoitto_puu-saniainen-sammal-metalli-70x180cm-2025.jpg 650w\" sizes=\"auto, (max-width: 461px) 100vw, 461px\" \/><figcaption class=\"wp-element-caption\"><sub>Barbara Tieaho, Iltasoitto, puu, saniainen, sammal, metalli, 70&#215;180 cm, 2025<\/sub><\/figcaption><\/figure>\n\n\n\n<p><strong>Marja Blomster<\/strong><\/p>\n\n\n\n<p>I am a visual artist. Recently, I have been creating paintings and ink drawings based on themes from the Kalevala. I have been working on these for about a year now.<br><a href=\"https:\/\/www.blomster.fi\/\">https:\/\/www.blomster.fi\/<\/a><br><a href=\"https:\/\/www.espoonkuvataiteilijat.fi\/wp-content\/uploads\/2025\/11\/Maria-Blomster-CV2025.pdf\">Marja Blomster CV<\/a><br><\/p>\n\n\n\n<figure class=\"wp-block-image size-full\"><img loading=\"lazy\" decoding=\"async\" width=\"650\" height=\"644\" src=\"https:\/\/www.espoonkuvataiteilijat.fi\/wp-content\/uploads\/2025\/11\/BlomsterMarja_Herhilainen_akryylikankaalle-15x15x4cm-2025.jpg\" alt=\"\" class=\"wp-image-5571\" srcset=\"https:\/\/www.espoonkuvataiteilijat.fi\/wp-content\/uploads\/2025\/11\/BlomsterMarja_Herhilainen_akryylikankaalle-15x15x4cm-2025.jpg 650w, https:\/\/www.espoonkuvataiteilijat.fi\/wp-content\/uploads\/2025\/11\/BlomsterMarja_Herhilainen_akryylikankaalle-15x15x4cm-2025-300x297.jpg 300w, https:\/\/www.espoonkuvataiteilijat.fi\/wp-content\/uploads\/2025\/11\/BlomsterMarja_Herhilainen_akryylikankaalle-15x15x4cm-2025-150x150.jpg 150w\" sizes=\"auto, (max-width: 650px) 100vw, 650px\" \/><figcaption class=\"wp-element-caption\"><sub>Marja Blomster, Herhil\u00e4inen akryylikankaalle-15x15x4 cm, 2025<\/sub><\/figcaption><\/figure>\n\n\n\n<p><strong>Riitta Asanti<\/strong><\/p>\n\n\n\n<p>My painting is based on colors and their interaction. I paint and work on the piece through many layers of color until something wonderful suddenly happens.<br><a href=\"https:\/\/espoontaidelainaamo.fi\/taiteilija\/asanti-riitta\/\">https:\/\/espoontaidelainaamo.fi\/taiteilija\/asanti-riitta\/<\/a><br><a href=\"https:\/\/www.espoonkuvataiteilijat.fi\/wp-content\/uploads\/2025\/11\/Riitta-Asanti-CV-2025-english.pdf\">Riitta Asanti CV<\/a><\/p>\n\n\n\n<figure class=\"wp-block-image size-full\"><img loading=\"lazy\" decoding=\"async\" width=\"650\" height=\"457\" src=\"https:\/\/www.espoonkuvataiteilijat.fi\/wp-content\/uploads\/2025\/11\/AsantiRiitta-horisontteja_varikyna-vahjaliitu-84x119cm-2025.jpg\" alt=\"AsantiRiitta-horisontteja_v\u00e4rikyn\u00e4-vahjaliitu-84x119cm-2025\" class=\"wp-image-5570\" srcset=\"https:\/\/www.espoonkuvataiteilijat.fi\/wp-content\/uploads\/2025\/11\/AsantiRiitta-horisontteja_varikyna-vahjaliitu-84x119cm-2025.jpg 650w, https:\/\/www.espoonkuvataiteilijat.fi\/wp-content\/uploads\/2025\/11\/AsantiRiitta-horisontteja_varikyna-vahjaliitu-84x119cm-2025-300x211.jpg 300w\" sizes=\"auto, (max-width: 650px) 100vw, 650px\" \/><figcaption class=\"wp-element-caption\"><sub>Riitta Asanti, Horisontteja, v\u00e4rikyn\u00e4 ja vahaliitu paperille, 84 x 119 cm, 2025<\/sub><\/figcaption><\/figure>\n\n\n\n<p><strong>Johanna Lemettinen<\/strong><\/p>\n\n\n\n<p>I have been working as a visual artist for a couple of decades. I live in Helsinki and my studio is in Espoo. My art deals with identity, physicality, and mortality.<br><a href=\"https:\/\/www.johannalementtinen.com\">www.johannalemettinen.com<\/a><br><a href=\"https:\/\/www.espoonkuvataiteilijat.fi\/wp-content\/uploads\/2025\/11\/lemettinen_johanna_cv_lokakuu2025-1.pdf\">Johanna Lementtinen CV<\/a><\/p>\n\n\n\n<figure class=\"wp-block-image size-full\"><img loading=\"lazy\" decoding=\"async\" width=\"650\" height=\"860\" src=\"https:\/\/www.espoonkuvataiteilijat.fi\/wp-content\/uploads\/2025\/11\/Lemettinen_Johanna_katse2-oljypastellipaperille-30x16cm-2024.jpg\" alt=\"Lemettinen_Johanna_katse2-\u00f6ljypastellipaperille-30x16cm-2024\" class=\"wp-image-5550\" srcset=\"https:\/\/www.espoonkuvataiteilijat.fi\/wp-content\/uploads\/2025\/11\/Lemettinen_Johanna_katse2-oljypastellipaperille-30x16cm-2024.jpg 650w, https:\/\/www.espoonkuvataiteilijat.fi\/wp-content\/uploads\/2025\/11\/Lemettinen_Johanna_katse2-oljypastellipaperille-30x16cm-2024-227x300.jpg 227w\" sizes=\"auto, (max-width: 650px) 100vw, 650px\" \/><figcaption class=\"wp-element-caption\"><sub>Johanna Lemettinen, katse 2, \u00f6ljypastelli paperille, 30&#215;16 cm, 2024<\/sub><\/figcaption><\/figure>\n\n\n\n<p><strong>Kari Puikkonen<\/strong><\/p>\n\n\n\n<p>Visual artist, comic artist, illustrator, graphic designer.<br><a href=\"https:\/\/www.karipu.fi\">www.karipu.fi<\/a><br><a href=\"https:\/\/www.espoonkuvataiteilijat.fi\/wp-content\/uploads\/2025\/11\/Kari-Puikkonen-Ansioluettelo-10-2025.pdf\">Kari Puikkonen CV<\/a><br><\/p>\n\n\n\n<figure class=\"wp-block-image size-full\"><img loading=\"lazy\" decoding=\"async\" width=\"650\" height=\"939\" src=\"https:\/\/www.espoonkuvataiteilijat.fi\/wp-content\/uploads\/2025\/11\/PuikkonenKari-Nimeton1-akryyli-30x40cm-2025.jpg\" alt=\"PuikkonenKari-Nimet\u00f6n1-akryyli-30x40cm-2025\" class=\"wp-image-5558\" srcset=\"https:\/\/www.espoonkuvataiteilijat.fi\/wp-content\/uploads\/2025\/11\/PuikkonenKari-Nimeton1-akryyli-30x40cm-2025.jpg 650w, https:\/\/www.espoonkuvataiteilijat.fi\/wp-content\/uploads\/2025\/11\/PuikkonenKari-Nimeton1-akryyli-30x40cm-2025-208x300.jpg 208w\" sizes=\"auto, (max-width: 650px) 100vw, 650px\" \/><figcaption class=\"wp-element-caption\"><sub>Kari Puikkonen, Nimet\u00f6n1, akvarelli, 30&#215;40 cm, 2025<\/sub><\/figcaption><\/figure>\n\n\n\n<p><strong>Antti Minkkinen<\/strong><\/p>\n\n\n\n<p>Antti Minkkinen (born 1982) is a visual artist from Espoo. Antti draws and paints using a variety of techniques, creating both black-and-white and colorful works.<br><a href=\"https:\/\/www.instagram.com\/minkant\">http:\/\/www.instagram.com\/minkant<\/a><br><a href=\"https:\/\/www.espoonkuvataiteilijat.fi\/wp-content\/uploads\/2025\/11\/Antti_Minkkinen_cv-2025-190925.pdf\">Antti Minkkinen CV<\/a><\/p>\n\n\n\n<figure class=\"wp-block-image size-full\"><img loading=\"lazy\" decoding=\"async\" width=\"650\" height=\"908\" src=\"https:\/\/www.espoonkuvataiteilijat.fi\/wp-content\/uploads\/2025\/11\/Antti_Minkkinen_Coachella-dress_akvarelliTussiGeelikyna_21x30cm_2027.jpg\" alt=\"Antti_Minkkinen_Coachella dress_akvarelliTussiGeelikyn\u00e4_21x30cm_2025\" class=\"wp-image-5569\" srcset=\"https:\/\/www.espoonkuvataiteilijat.fi\/wp-content\/uploads\/2025\/11\/Antti_Minkkinen_Coachella-dress_akvarelliTussiGeelikyna_21x30cm_2027.jpg 650w, https:\/\/www.espoonkuvataiteilijat.fi\/wp-content\/uploads\/2025\/11\/Antti_Minkkinen_Coachella-dress_akvarelliTussiGeelikyna_21x30cm_2027-215x300.jpg 215w\" sizes=\"auto, (max-width: 650px) 100vw, 650px\" \/><figcaption class=\"wp-element-caption\"><sub>Antti_Minkkinen, Coachella Dress, vesiv\u00e4ri, tussi ja geelikyn\u00e4 paperille, 21&#215;30 cm, 2025<\/sub><\/figcaption><\/figure>\n\n\n\n<p><strong>Tapio Haapala<\/strong><\/p>\n\n\n\n<p>Tapio Haapala is a sculptor from Espoo who graduated from the University of Art and Design in 1995. Haapala works mainly with various construction techniques.<br><a href=\"https:\/\/www.tapiohaapala.net\">www.tapiohaapala.net<\/a><br><a href=\"https:\/\/www.espoonkuvataiteilijat.fi\/wp-content\/uploads\/2025\/11\/Cv-Tapio-Haapala-2025-syksy.pdf\">Tapio Haapala CV<\/a><\/p>\n\n\n\n<figure class=\"wp-block-image size-large\"><img loading=\"lazy\" decoding=\"async\" width=\"577\" height=\"1024\" src=\"https:\/\/www.espoonkuvataiteilijat.fi\/wp-content\/uploads\/2025\/11\/TapioHaapala_Vastasyntynyt_betoniKipsiTeras_70x60x95cm_2025-1-577x1024.jpg\" alt=\"Tapio Haapala, Vastasyntynyt, betoni, kipsi, ter\u00e4s, 70x60x95 cm, 2025\" class=\"wp-image-5583\" srcset=\"https:\/\/www.espoonkuvataiteilijat.fi\/wp-content\/uploads\/2025\/11\/TapioHaapala_Vastasyntynyt_betoniKipsiTeras_70x60x95cm_2025-1-577x1024.jpg 577w, https:\/\/www.espoonkuvataiteilijat.fi\/wp-content\/uploads\/2025\/11\/TapioHaapala_Vastasyntynyt_betoniKipsiTeras_70x60x95cm_2025-1-169x300.jpg 169w, https:\/\/www.espoonkuvataiteilijat.fi\/wp-content\/uploads\/2025\/11\/TapioHaapala_Vastasyntynyt_betoniKipsiTeras_70x60x95cm_2025-1.jpg 650w\" sizes=\"auto, (max-width: 577px) 100vw, 577px\" \/><figcaption class=\"wp-element-caption\"><sub>Tapio Haapala, Vastasyntynyt, betoni, kipsi, ter\u00e4s, 70x60x95 cm, 2025<\/sub><\/figcaption><\/figure>\n\n\n\n<p><strong>Miguel Vadell<\/strong><\/p>\n\n\n\n<p>My work, my art, which has been a continuous journey from expressionist and geometric&nbsp; landscapes to abstraction, now strives to create landscapes that arise from my own&nbsp; feelings; minimalist works in which color is the soul.<br><a href=\"https:\/\/www.espoonkuvataiteilijat.fi\/wp-content\/uploads\/2025\/11\/CV-Miguel-Vadell.pdf\">Miguel Vadell CV<\/a><\/p>\n\n\n\n<p><strong>Elina Tammiranta-Summa<\/strong><\/p>\n\n\n\n<p>When painting, I journey toward the unknown, whose form I know in principle but have never seen as such. I draw inspiration from music and observations of my surroundings, and the image takes shape as a reference in the picture. The essence is color and immersion in the world of color.<br><a href=\"https:\/\/www.kuvataiteilijamatrikkeli.fi\/fi\/taiteilijat\/2883\">www.kuvataiteilijamatrikkeli.fi\/fi\/taiteilijat\/2883<\/a><br><a href=\"https:\/\/www.espoonkuvataiteilijat.fi\/wp-content\/uploads\/2025\/11\/Kopio_-Elina-Tammiranta-Summa-CV-2025.pdf\">Elina Tammiranta-Summa CV<\/a><br><\/p>\n\n\n\n<figure class=\"wp-block-image size-full\"><img loading=\"lazy\" decoding=\"async\" width=\"650\" height=\"652\" src=\"https:\/\/www.espoonkuvataiteilijat.fi\/wp-content\/uploads\/2025\/11\/Elina_Tammiranta-Summa_Tondo-2_2022_60x60cm.jpg\" alt=\"Elina_Tammiranta-Summa_Tondo 2_2022_60x60cm\" class=\"wp-image-5573\" srcset=\"https:\/\/www.espoonkuvataiteilijat.fi\/wp-content\/uploads\/2025\/11\/Elina_Tammiranta-Summa_Tondo-2_2022_60x60cm.jpg 650w, https:\/\/www.espoonkuvataiteilijat.fi\/wp-content\/uploads\/2025\/11\/Elina_Tammiranta-Summa_Tondo-2_2022_60x60cm-300x300.jpg 300w, https:\/\/www.espoonkuvataiteilijat.fi\/wp-content\/uploads\/2025\/11\/Elina_Tammiranta-Summa_Tondo-2_2022_60x60cm-150x150.jpg 150w\" sizes=\"auto, (max-width: 650px) 100vw, 650px\" \/><figcaption class=\"wp-element-caption\"><sub>Elina Tammiranta-Summa, Tondo, 60 x 60 cm, 2022<\/sub><br><\/figcaption><\/figure>\n\n\n\n<p><strong>Pertti Summa<\/strong><\/p>\n\n\n\n<p>Color and form are subjects that interest me. They contain endless possibilities for reflection.<br><a href=\"http:\/\/www.kuvataiteilijamatrikkeli.fi\/fi\/taiteilijat\/1405\">http:\/\/www.kuvataiteilijamatrikkeli.fi\/fi\/taiteilijat\/1405<\/a><br><a href=\"https:\/\/www.espoonkuvataiteilijat.fi\/wp-content\/uploads\/2025\/11\/Pertti-Summa-CV-2.pdf\">Pertti Summa CV<\/a><\/p>\n\n\n\n<figure class=\"wp-block-image size-full\"><img loading=\"lazy\" decoding=\"async\" width=\"650\" height=\"649\" src=\"https:\/\/www.espoonkuvataiteilijat.fi\/wp-content\/uploads\/2025\/11\/Pertti_Summa_4.16_2016_akryyli_40x40cm.jpg\" alt=\"Pertti Summa, 4\/16, akryyli, 40x40 cm, 2016\" class=\"wp-image-5557\" srcset=\"https:\/\/www.espoonkuvataiteilijat.fi\/wp-content\/uploads\/2025\/11\/Pertti_Summa_4.16_2016_akryyli_40x40cm.jpg 650w, https:\/\/www.espoonkuvataiteilijat.fi\/wp-content\/uploads\/2025\/11\/Pertti_Summa_4.16_2016_akryyli_40x40cm-300x300.jpg 300w, https:\/\/www.espoonkuvataiteilijat.fi\/wp-content\/uploads\/2025\/11\/Pertti_Summa_4.16_2016_akryyli_40x40cm-150x150.jpg 150w, https:\/\/www.espoonkuvataiteilijat.fi\/wp-content\/uploads\/2025\/11\/Pertti_Summa_4.16_2016_akryyli_40x40cm-500x500.jpg 500w\" sizes=\"auto, (max-width: 650px) 100vw, 650px\" \/><figcaption class=\"wp-element-caption\"><sub>Pertti Summa, 4\/16, akryyli, 40&#215;40 cm, 2016<\/sub><\/figcaption><\/figure>\n\n\n\n<p><strong>Nina Bask<\/strong><br><a href=\"https:\/\/ninabask.com\/\">https:\/\/ninabask.com\/<\/a><br><a href=\"https:\/\/www.espoonkuvataiteilijat.fi\/wp-content\/uploads\/2025\/11\/CV-Nina-Bask-ENG.pdf\">Nina Bask CV<\/a><\/p>\n\n\n\n<figure class=\"wp-block-image size-full\"><img loading=\"lazy\" decoding=\"async\" width=\"650\" height=\"651\" src=\"https:\/\/www.espoonkuvataiteilijat.fi\/wp-content\/uploads\/2025\/11\/NinaBask_Bloom_40x40c-2025.jpg\" alt=\"NinaBask_Bloom_40x40c-2025\" class=\"wp-image-5553\" srcset=\"https:\/\/www.espoonkuvataiteilijat.fi\/wp-content\/uploads\/2025\/11\/NinaBask_Bloom_40x40c-2025.jpg 650w, https:\/\/www.espoonkuvataiteilijat.fi\/wp-content\/uploads\/2025\/11\/NinaBask_Bloom_40x40c-2025-300x300.jpg 300w, https:\/\/www.espoonkuvataiteilijat.fi\/wp-content\/uploads\/2025\/11\/NinaBask_Bloom_40x40c-2025-150x150.jpg 150w, https:\/\/www.espoonkuvataiteilijat.fi\/wp-content\/uploads\/2025\/11\/NinaBask_Bloom_40x40c-2025-500x500.jpg 500w\" sizes=\"auto, (max-width: 650px) 100vw, 650px\" \/><figcaption class=\"wp-element-caption\"><sub>Nina Bask, Bloom, akryyli kankaalle, 40&#215;40 cm, 2025<\/sub>. <\/figcaption><\/figure>\n\n\n\n<p><strong>Krista Kortelainen<\/strong><\/p>\n\n\n\n<p>I am inspired by the movement, reflection, and color of water, as well as<br>the pursuit of these elements through painting. I paint multi-layered compositions with an expressive touch, and the mood of my paintings is heightened through colorful events.<br><a href=\"https:\/\/kristakortelainen.com\/\">https:\/\/kristakortelainen.com\/<\/a><br><a href=\"https:\/\/www.espoonkuvataiteilijat.fi\/wp-content\/uploads\/2025\/11\/Krista-Kortelainen_cv_engl.pdf\">Krista Kortelainen CV<\/a><\/p>\n\n\n\n<figure class=\"wp-block-image size-full\"><img loading=\"lazy\" decoding=\"async\" width=\"650\" height=\"544\" src=\"https:\/\/www.espoonkuvataiteilijat.fi\/wp-content\/uploads\/2025\/11\/Krista_Kortelainen_Vesiputous2_akryyliMDF_18x21cm-2023.jpg\" alt=\"Krista_Kortelainen_Vesiputous2_akryyliMDF_18x21cm-2023\" class=\"wp-image-5549\" srcset=\"https:\/\/www.espoonkuvataiteilijat.fi\/wp-content\/uploads\/2025\/11\/Krista_Kortelainen_Vesiputous2_akryyliMDF_18x21cm-2023.jpg 650w, https:\/\/www.espoonkuvataiteilijat.fi\/wp-content\/uploads\/2025\/11\/Krista_Kortelainen_Vesiputous2_akryyliMDF_18x21cm-2023-300x251.jpg 300w\" sizes=\"auto, (max-width: 650px) 100vw, 650px\" \/><figcaption class=\"wp-element-caption\"><sub>Krista Kortelainen, Vesiputous 2, akryyli MDF-levylle, 18&#215;21 cm, 2023<\/sub><\/figcaption><\/figure>\n\n\n\n<p><strong>Ra\u00f9l Mej\u00eca Moreno<\/strong><br>MY NAME IS RA\u00daL MEJ\u00cdA MORENO, I AM COLOMBIAN, MASTER OF FINE ARTS FROM THE NATIONAL UNIVERSITY OF COLOMBIA AND DOCTOR OF PAINTING FROM THE COMPLUTENSE UNIVERSITY OF MADRID IN SPAIN, UNIVERSITY TEACHER AND ARTISTIC PAINTER.<br><a href=\"https:\/\/www.espoonkuvataiteilijat.fi\/wp-content\/uploads\/2025\/11\/MorenoCVShort.pdf\">Ra\u00f9l Mej\u00eca Moreno CV<\/a><\/p>\n\n\n\n<figure class=\"wp-block-image size-full\"><img loading=\"lazy\" decoding=\"async\" width=\"655\" height=\"643\" src=\"https:\/\/www.espoonkuvataiteilijat.fi\/wp-content\/uploads\/2025\/11\/Raul-Mejia-Morena_TheEcho_akryyli_30cm_2024.jpg\" alt=\"Ra\u00fal Mej\u00eda Morena_TheEcho_akryyli_30cm_2024\" class=\"wp-image-5559\" srcset=\"https:\/\/www.espoonkuvataiteilijat.fi\/wp-content\/uploads\/2025\/11\/Raul-Mejia-Morena_TheEcho_akryyli_30cm_2024.jpg 655w, https:\/\/www.espoonkuvataiteilijat.fi\/wp-content\/uploads\/2025\/11\/Raul-Mejia-Morena_TheEcho_akryyli_30cm_2024-300x295.jpg 300w\" sizes=\"auto, (max-width: 655px) 100vw, 655px\" \/><figcaption class=\"wp-element-caption\"><sub>Ra\u00fal Mej\u00eda Morena, The Echo, akryyli, halkaisija 30cm, 2024<\/sub><\/figcaption><\/figure>\n\n\n\n<p><strong>Maija Santala<\/strong><br>The interaction and meaning of colors are central themes in my paintings. I strive to achieve a radiance that is more than the sum of the individual colors.<br><a href=\"https:\/\/kuvataiteilijamatrikkeli.fi\/taiteilija\/maija-santala\">https:\/\/kuvataiteilijamatrikkeli.fi\/taiteilija\/maija-santala<\/a><br><a href=\"https:\/\/www.espoonkuvataiteilijat.fi\/wp-content\/uploads\/2025\/11\/Maija-Santala-2025-kiltapaviljonki-1.pdf\">Maija Santala CV<\/a><\/p>\n\n\n\n<figure class=\"wp-block-image size-full is-resized\"><img loading=\"lazy\" decoding=\"async\" width=\"650\" height=\"652\" src=\"https:\/\/www.espoonkuvataiteilijat.fi\/wp-content\/uploads\/2025\/11\/MaijaSantala_650px.jpg\" alt=\"\" class=\"wp-image-5613\" style=\"width:650px\" srcset=\"https:\/\/www.espoonkuvataiteilijat.fi\/wp-content\/uploads\/2025\/11\/MaijaSantala_650px.jpg 650w, https:\/\/www.espoonkuvataiteilijat.fi\/wp-content\/uploads\/2025\/11\/MaijaSantala_650px-300x300.jpg 300w, https:\/\/www.espoonkuvataiteilijat.fi\/wp-content\/uploads\/2025\/11\/MaijaSantala_650px-150x150.jpg 150w\" sizes=\"auto, (max-width: 650px) 100vw, 650px\" \/><figcaption class=\"wp-element-caption\"><sub>Maija Santala, maalaus<\/sub><\/figcaption><\/figure>\n\n\n\n<p><strong>Katri Helansuo<\/strong><br><a href=\"https:\/\/www.espoonkuvataiteilijat.fi\/wp-content\/uploads\/2025\/11\/Ansioluettelo-Katri-Helansuo-3.pdf\">Katri Helansuo CV<\/a><\/p>\n\n\n\n<figure class=\"wp-block-image size-full\"><img loading=\"lazy\" decoding=\"async\" width=\"650\" height=\"586\" src=\"https:\/\/www.espoonkuvataiteilijat.fi\/wp-content\/uploads\/2025\/11\/HelansuoKatri_MaanLiekki_akryylikankaallee-60x56cm-2024.jpg\" alt=\"HelansuoKatri_MaanLiekki_akryylikankaalle-60x56cm-2024\" class=\"wp-image-5575\" srcset=\"https:\/\/www.espoonkuvataiteilijat.fi\/wp-content\/uploads\/2025\/11\/HelansuoKatri_MaanLiekki_akryylikankaallee-60x56cm-2024.jpg 650w, https:\/\/www.espoonkuvataiteilijat.fi\/wp-content\/uploads\/2025\/11\/HelansuoKatri_MaanLiekki_akryylikankaallee-60x56cm-2024-300x270.jpg 300w\" sizes=\"auto, (max-width: 650px) 100vw, 650px\" \/><figcaption class=\"wp-element-caption\"><sub>Katri Helansuo, Maan liekki, Akryyli kankaalle, 60 x 56 cm, 2024<\/sub><\/figcaption><\/figure>\n\n\n\n<p><strong>Maarit Hedman<\/strong><\/p>\n\n\n\n<p>I am Maarit Hedman, a visually impaired visual artist and art educator. Since losing my sight in 1998, my work has emphasized touch, multisensory approaches, and inner imagery.<br><a href=\"https:\/\/www.maarithedman.com\">www.maarithedman.com<\/a><br><a href=\"https:\/\/www.espoonkuvataiteilijat.fi\/wp-content\/uploads\/2025\/11\/CV-Maarit-Hedman.pdf\">Maarit Hedman CV<\/a><\/p>\n\n\n\n<figure class=\"wp-block-image size-full\"><img loading=\"lazy\" decoding=\"async\" width=\"650\" height=\"650\" src=\"https:\/\/www.espoonkuvataiteilijat.fi\/wp-content\/uploads\/2025\/11\/Hedman_InnerGardenakryyli-kankaalle-100-x-100-cm-2025.jpg\" alt=\"Maarit Hedman, Inner Garden, akryyli kankaalle, 100 x 100 cm, 2025,\" class=\"wp-image-5653\" srcset=\"https:\/\/www.espoonkuvataiteilijat.fi\/wp-content\/uploads\/2025\/11\/Hedman_InnerGardenakryyli-kankaalle-100-x-100-cm-2025.jpg 650w, https:\/\/www.espoonkuvataiteilijat.fi\/wp-content\/uploads\/2025\/11\/Hedman_InnerGardenakryyli-kankaalle-100-x-100-cm-2025-300x300.jpg 300w, https:\/\/www.espoonkuvataiteilijat.fi\/wp-content\/uploads\/2025\/11\/Hedman_InnerGardenakryyli-kankaalle-100-x-100-cm-2025-150x150.jpg 150w, https:\/\/www.espoonkuvataiteilijat.fi\/wp-content\/uploads\/2025\/11\/Hedman_InnerGardenakryyli-kankaalle-100-x-100-cm-2025-500x500.jpg 500w\" sizes=\"auto, (max-width: 650px) 100vw, 650px\" \/><figcaption class=\"wp-element-caption\"><sub>Maarit Hedman, Inner Garden, akryyli kankaalle, 100 x 100 cm, 2025,<\/sub><br><\/figcaption><\/figure>\n\n\n\n<p><strong>Anja Rahola<\/strong><br><a href=\"https:\/\/www.espoonkuvataiteilijat.fi\/wp-content\/uploads\/2025\/11\/Anja-Rahola-CV-2025-1.pdf\">Anja Rahola CV<\/a><\/p>\n\n\n\n<p><strong>Pekka Hannula<\/strong><\/p>\n\n\n\n<p>When I make collages, an important starting point for my work is ecology, i.e., recycling and environmentally friendly working methods. As an artist, I strive to reuse materials and work in a way that conserves nature. Another starting point is spirituality. I experience creative work as a spiritual activity, a kind of prayer in which I seek perfect harmony and balance. Stylistically, my collages are related to constructivism. In addition to collages, I draw, paint, and create graphic art. I have lived in Espoo for most of my life.<br><a href=\"https:\/\/hannula.art\">https:\/\/hannula.art<\/a><br><a href=\"https:\/\/www.espoonkuvataiteilijat.fi\/wp-content\/uploads\/2025\/11\/CV-Hannula-Pekka-202511.pdf\">Pekka Hannula CV<\/a><\/p>\n\n\n\n<figure class=\"wp-block-image size-full\"><img loading=\"lazy\" decoding=\"async\" width=\"650\" height=\"660\" src=\"https:\/\/www.espoonkuvataiteilijat.fi\/wp-content\/uploads\/2025\/11\/Pekka-Hannula_Nyt_kollaasi_2024_50x50cm.jpg\" alt=\"Pekka Hannula_Nyt_kollaasi_2024_50x50cm\" class=\"wp-image-5555\" srcset=\"https:\/\/www.espoonkuvataiteilijat.fi\/wp-content\/uploads\/2025\/11\/Pekka-Hannula_Nyt_kollaasi_2024_50x50cm.jpg 650w, https:\/\/www.espoonkuvataiteilijat.fi\/wp-content\/uploads\/2025\/11\/Pekka-Hannula_Nyt_kollaasi_2024_50x50cm-295x300.jpg 295w\" sizes=\"auto, (max-width: 650px) 100vw, 650px\" \/><figcaption class=\"wp-element-caption\"><sub>Pekka Hannula, Nyt, kollaasi, 50&#215;50 cm, 2024<\/sub><\/figcaption><\/figure>\n\n\n\n<p><strong>Mauno Mecklin<\/strong><\/p>\n\n\n\n<p>During his long career, Mauno Mecklin has held several solo exhibitions in Finland and abroad and participated in group exhibitions in many countries. His paintings are<br>known for their harmonious colors combined with the mood that prevails in the painting.<br><a href=\"https:\/\/teosvalitys.painters.fi\/taiteilija\/mauno-mecklin\/\">https:\/\/teosvalitys.painters.fi\/taiteilija\/mauno-mecklin\/<\/a><br><a href=\"https:\/\/www.espoonkuvataiteilijat.fi\/wp-content\/uploads\/2025\/11\/Mauno-Mecklin-CV-2025.pdf\">Mauno Mecklin CV<\/a><\/p>\n\n\n\n<figure class=\"wp-block-image size-full\"><img loading=\"lazy\" decoding=\"async\" width=\"650\" height=\"661\" src=\"https:\/\/www.espoonkuvataiteilijat.fi\/wp-content\/uploads\/2025\/11\/MaunoMecklin_VihreaaJaVehreaa_50x50cm-2004.jpg\" alt=\"Mauno Mecklin, Vihre\u00e4\u00e4 ja vehre\u00e4\u00e4, \u00f6ljy mdf-levylle, 50x50 cm, 2004\" class=\"wp-image-5552\" srcset=\"https:\/\/www.espoonkuvataiteilijat.fi\/wp-content\/uploads\/2025\/11\/MaunoMecklin_VihreaaJaVehreaa_50x50cm-2004.jpg 650w, https:\/\/www.espoonkuvataiteilijat.fi\/wp-content\/uploads\/2025\/11\/MaunoMecklin_VihreaaJaVehreaa_50x50cm-2004-295x300.jpg 295w\" sizes=\"auto, (max-width: 650px) 100vw, 650px\" \/><figcaption class=\"wp-element-caption\"><sub>Mauno Mecklin, Vihre\u00e4\u00e4 ja vehre\u00e4\u00e4, \u00f6ljy mdf-levylle, 50&#215;50 cm, 2004<\/sub><\/figcaption><\/figure>\n\n\n\n<p><strong>Ilkka Paloniemi<\/strong><\/p>\n\n\n\n<p>Ilkka Paloniemi is originally from Kemi and currently works in Espoo in the field of light art. He holds a Master of Arts degree in theater arts (TeM) from the light and sound design program. The starting points for his work are often related to artificial light created by humans and the associated frame of reference. Currently, he uses tools such as neon, lasers, and completely artificial light manipulated in a digital environment. He has participated in several group exhibitions and festivals both in Finland and abroad, and his works are included in private collections. In addition to working as an artist, he also works as a designer and curator in the fields of light art, installations, and performing arts. He also works as a consultant on renovation and new construction projects for theater buildings and performing arts venues. Memberships: MUU ry, Finnish Light Art Association FLASH, Finnish Art Association, Espoo Visual Artists, and Espoo Artists&#8217; Guild<br><a href=\"https:\/\/www.ilkkapaloniemi.fi\">www.ilkkapaloniemi.fi<\/a><br><a href=\"https:\/\/www.espoonkuvataiteilijat.fi\/wp-content\/uploads\/2025\/11\/Ilkka-Paloniemi-cv-suomi.pdf\">Ilkka Paloniemi CV<\/a><\/p>\n\n\n\n<figure class=\"wp-block-image size-full\"><img loading=\"lazy\" decoding=\"async\" width=\"650\" height=\"867\" src=\"https:\/\/www.espoonkuvataiteilijat.fi\/wp-content\/uploads\/2025\/11\/Ilkka-Palonimei_EarthArt_neonkirjainkooste_1300x400cm_2025.jpg\" alt=\"Ilkka Paloniemi_EarthArt_neonkirjainkooste_1300x400cm_2025\" class=\"wp-image-5576\" srcset=\"https:\/\/www.espoonkuvataiteilijat.fi\/wp-content\/uploads\/2025\/11\/Ilkka-Palonimei_EarthArt_neonkirjainkooste_1300x400cm_2025.jpg 650w, https:\/\/www.espoonkuvataiteilijat.fi\/wp-content\/uploads\/2025\/11\/Ilkka-Palonimei_EarthArt_neonkirjainkooste_1300x400cm_2025-225x300.jpg 225w\" sizes=\"auto, (max-width: 650px) 100vw, 650px\" \/><figcaption class=\"wp-element-caption\"><sub>Ilkka Paloniemi, Earth Art, ohjelmoitu neonkirjainkooste, neonputket, muuntajat, galvanoitu pelti, muovi., 130 x 40 cm, 2025. Luonnos teoksesta.<\/sub><\/figcaption><\/figure>\n\n\n\n<p><strong>Annika Ruuska<\/strong><\/p>\n\n\n\n<p>I work mainly with painting. I am interested in color, multisensory experiences, and the painting process.<br><a href=\"https:\/\/www.espoonkuvataiteilijat.fi\/wp-content\/uploads\/2025\/11\/Annika-Ruuska-CV-englanti-2.pdf\">Annika Ruuska CV<\/a><br><\/p>\n\n\n\n<figure class=\"wp-block-image size-full\"><img loading=\"lazy\" decoding=\"async\" width=\"650\" height=\"717\" src=\"https:\/\/www.espoonkuvataiteilijat.fi\/wp-content\/uploads\/2025\/11\/Annika_Ruuska_sarjasta_Tie_sinne_mista_on_joskus_lahtenyt_2024_oljy_9x10cm.jpg\" alt=\"Annika_Ruuska_sarjasta_Tie_sinne_mist\u00e4_on_joskus_l\u00e4htenyt_2024_\u00f6ljy_9x10cm\" class=\"wp-image-5568\" srcset=\"https:\/\/www.espoonkuvataiteilijat.fi\/wp-content\/uploads\/2025\/11\/Annika_Ruuska_sarjasta_Tie_sinne_mista_on_joskus_lahtenyt_2024_oljy_9x10cm.jpg 650w, https:\/\/www.espoonkuvataiteilijat.fi\/wp-content\/uploads\/2025\/11\/Annika_Ruuska_sarjasta_Tie_sinne_mista_on_joskus_lahtenyt_2024_oljy_9x10cm-272x300.jpg 272w\" sizes=\"auto, (max-width: 650px) 100vw, 650px\" \/><figcaption class=\"wp-element-caption\"><sub>AnnikaRuuska, sarjasta Tie sinne mist\u00e4 on joskus l\u00e4htenyt, \u00f6ljy, 9&#215;10 cm, 2024<\/sub><\/figcaption><\/figure>\n\n\n\n<p><strong>Saila Saranp\u00e4\u00e4<\/strong><br><a href=\"https:\/\/www.espoonkuvataiteilijat.fi\/wp-content\/uploads\/2025\/11\/Saranpaa_Saila_CV_.docx.pdf\">Saila Saranp\u00e4\u00e4 CV<\/a><\/p>\n\n\n\n<figure class=\"wp-block-image size-full\"><img loading=\"lazy\" decoding=\"async\" width=\"650\" height=\"442\" src=\"https:\/\/www.espoonkuvataiteilijat.fi\/wp-content\/uploads\/2025\/11\/SailaSaranpaa_Kupla-akryylisekatekniikka-61x91cm-2025.jpg\" alt=\"Saila Saranpaa, Kupla, akryyli, sekatekniikka, 61x91 cm, 2025\" class=\"wp-image-5561\" srcset=\"https:\/\/www.espoonkuvataiteilijat.fi\/wp-content\/uploads\/2025\/11\/SailaSaranpaa_Kupla-akryylisekatekniikka-61x91cm-2025.jpg 650w, https:\/\/www.espoonkuvataiteilijat.fi\/wp-content\/uploads\/2025\/11\/SailaSaranpaa_Kupla-akryylisekatekniikka-61x91cm-2025-300x204.jpg 300w\" sizes=\"auto, (max-width: 650px) 100vw, 650px\" \/><figcaption class=\"wp-element-caption\"><sub>Saila Saranpaa, Kupla, akryyli, sekatekniikka, 61&#215;91 cm, 2025<\/sub><\/figcaption><\/figure>\n\n\n\n<p><strong>Irmeli Huhtala<\/strong><\/p>\n\n\n\n<p>Irmeli Huhtala is a teacher and photographer from Espoo.<br>Currently, Huhtala is interested in abstract still life photography. She has<br>also worked extensively with Romani culture.<br><a href=\"https:\/\/www.irmelihuhtala.com\/\">https:\/\/www.irmelihuhtala.com\/<\/a><br><a href=\"https:\/\/www.espoonkuvataiteilijat.fi\/wp-content\/uploads\/2025\/11\/Ansioluettelo-2025-Irmeli-Huhtala.pdf\">Irmeli Huhtala CV<\/a><\/p>\n\n\n\n<figure class=\"wp-block-image size-full\"><img loading=\"lazy\" decoding=\"async\" width=\"650\" height=\"650\" src=\"https:\/\/www.espoonkuvataiteilijat.fi\/wp-content\/uploads\/2025\/11\/Irmeli-Huhtala_LaLubu-04_2025.jpg\" alt=\"Irmeli Huhtala_LaLubu 04_2025\" class=\"wp-image-5577\" srcset=\"https:\/\/www.espoonkuvataiteilijat.fi\/wp-content\/uploads\/2025\/11\/Irmeli-Huhtala_LaLubu-04_2025.jpg 650w, https:\/\/www.espoonkuvataiteilijat.fi\/wp-content\/uploads\/2025\/11\/Irmeli-Huhtala_LaLubu-04_2025-300x300.jpg 300w, https:\/\/www.espoonkuvataiteilijat.fi\/wp-content\/uploads\/2025\/11\/Irmeli-Huhtala_LaLubu-04_2025-150x150.jpg 150w, https:\/\/www.espoonkuvataiteilijat.fi\/wp-content\/uploads\/2025\/11\/Irmeli-Huhtala_LaLubu-04_2025-500x500.jpg 500w\" sizes=\"auto, (max-width: 650px) 100vw, 650px\" \/><figcaption class=\"wp-element-caption\"><sub>Irmeli Huhtala, La Lubu 04 b editio 1\/8, akryylipohjustettu valokuva, 30 x 30 cm, 2025<\/sub><\/figcaption><\/figure>\n\n\n\n<p><strong>Andrzej Tarasiuk<\/strong><\/p>\n\n\n\n<p>The shapes attempt to capture change or fluidity as an aesthetic. Through bending and reforming of luan plywood past its breaking point, the material transcends its original function(nality) becoming a sculptural object. Certain areas of the sculptural objects are smoothed over, hiding the fishers and cracks, while others are only painted or left entirely alone. This work stems from my interest in understanding the human relationship with our surroundings, in particular in our ability to transform it to suit our needs. Guided by ideas of betterment and progress, our interaction with the natural environment has transformed it entirely, and allowed us to thrive unlike no other species before. At the same time our activities have brought into question the very idea of \u2018what is natural\u2019 and has put as, as a species, at existential risk.<\/p>\n\n\n\n<p><a href=\"https:\/\/www.andrzejtarasiuk.com\/\">https:\/\/www.andrzejtarasiuk.com\/<\/a><br><a href=\"https:\/\/www.espoonkuvataiteilijat.fi\/wp-content\/uploads\/2025\/11\/202511_CV_-Andrzej_Tarasiuk.pdf\">Andrzej Tarasiuk CV<\/a><\/p>\n\n\n\n<figure class=\"wp-block-image size-full\"><img loading=\"lazy\" decoding=\"async\" width=\"650\" height=\"301\" src=\"https:\/\/www.espoonkuvataiteilijat.fi\/wp-content\/uploads\/2025\/11\/AndrzejTarasiuk_Fluid-Shape-07_2013.jpg\" alt=\"AndrzejTarasiuk_Fluid Shape 07_2013\" class=\"wp-image-5566\" srcset=\"https:\/\/www.espoonkuvataiteilijat.fi\/wp-content\/uploads\/2025\/11\/AndrzejTarasiuk_Fluid-Shape-07_2013.jpg 650w, https:\/\/www.espoonkuvataiteilijat.fi\/wp-content\/uploads\/2025\/11\/AndrzejTarasiuk_Fluid-Shape-07_2013-300x139.jpg 300w\" sizes=\"auto, (max-width: 650px) 100vw, 650px\" \/><figcaption class=\"wp-element-caption\"><sub>Andrzej Tarasiuk, Fluid shape #7, vaneri, paperi, akryyli, kiinanpuu\u00f6ljy, 25x30x30 cm, 2013<\/sub><\/figcaption><\/figure>\n\n\n\n<p><strong>Noora Ylipieti<\/strong><\/p>\n\n\n\n<p>Noora Ylipieti has been working on the vampire character since 2020. The ten vampire paintings&nbsp; first became a hundred and then a thousand, when the artist added one more zero after her series. In the thinking behind the series of a thousand pictures, one can find connections with both pop art and the manifestations of the avant-garde in fine art and poetry.<br><a href=\"https:\/\/vimeo.com\/nooray\">https:\/\/vimeo.com\/nooray<\/a><br><a href=\"https:\/\/www.espoonkuvataiteilijat.fi\/wp-content\/uploads\/2025\/11\/CV_Noora_Ylipieti_english.pdf\">Noora Ylipieti CV<\/a><\/p>\n\n\n\n<figure class=\"wp-block-image size-full\"><img loading=\"lazy\" decoding=\"async\" width=\"650\" height=\"638\" src=\"https:\/\/www.espoonkuvataiteilijat.fi\/wp-content\/uploads\/2025\/11\/Noora_Ylipieti_Vulnerability2_29x29cm_2023.jpg\" alt=\"Noora_Ylipieti, Vulnerability 2, 29x29 cm, 2023\" class=\"wp-image-5554\" srcset=\"https:\/\/www.espoonkuvataiteilijat.fi\/wp-content\/uploads\/2025\/11\/Noora_Ylipieti_Vulnerability2_29x29cm_2023.jpg 650w, https:\/\/www.espoonkuvataiteilijat.fi\/wp-content\/uploads\/2025\/11\/Noora_Ylipieti_Vulnerability2_29x29cm_2023-300x294.jpg 300w\" sizes=\"auto, (max-width: 650px) 100vw, 650px\" \/><figcaption class=\"wp-element-caption\"><sub>Noora_Ylipieti, Vulnerability 2, 29&#215;29 cm, 2023<\/sub><\/figcaption><\/figure>\n\n\n\n<p>In memorial:<br><a style=\"font-weight: bold;\" href=\"https:\/\/fi.wikipedia.org\/wiki\/Juan_Antonio_Muro\">Juan Antonio Muro<\/a> <\/p>\n\n\n\n<p><\/p>\n","protected":false},"featured_media":5622,"template":"","tags":[],"class_list":["post-5621","nayttelyt","type-nayttelyt","status-publish","has-post-thumbnail","hentry"],"acf":[],"yoast_head":"<!-- This site is optimized with the Yoast SEO plugin v24.2 - https:\/\/yoast.com\/wordpress\/plugins\/seo\/ -->\n<title>Kiltapaviljonki 2025 - Espoon Kuvataiteilijat<\/title>\n<meta name=\"robots\" content=\"index, follow, max-snippet:-1, max-image-preview:large, max-video-preview:-1\" \/>\n<link rel=\"canonical\" href=\"https:\/\/www.espoonkuvataiteilijat.fi\/en\/nayttelyt\/kiltapavinljonki\/\" \/>\n<meta property=\"og:locale\" content=\"en_US\" \/>\n<meta property=\"og:type\" content=\"article\" \/>\n<meta property=\"og:title\" content=\"Kiltapaviljonki 2025 - Espoon Kuvataiteilijat\" \/>\n<meta property=\"og:description\" content=\"Opening on Tuesday, November 25, 2025, from 5\u20137 p.m. Warmly welcome!The Guild Pavilion is the traditional annual group exhibition of the Espoo Artists\u02bcGuild, which this year celebrates the Guild\u02bcs 15th anniversary. Art above: Johanna Lemettinen, Gaze 2, oil pastel on paper, 30&#215;16 cm, 2024 Artists:Anne Ovaska, Pekka Kaikkonen, Nina Forsman, Svetlana Ruoho, Sirkku Ala-Harja, Carita [&hellip;]\" \/>\n<meta property=\"og:url\" content=\"https:\/\/www.espoonkuvataiteilijat.fi\/en\/nayttelyt\/kiltapavinljonki\/\" \/>\n<meta property=\"og:site_name\" content=\"Espoon Kuvataiteilijat\" \/>\n<meta property=\"article:modified_time\" content=\"2025-11-25T10:08:22+00:00\" \/>\n<meta property=\"og:image\" content=\"https:\/\/www.espoonkuvataiteilijat.fi\/wp-content\/uploads\/2025\/11\/lemettinen_johanna_katse2-1.jpg\" \/>\n\t<meta property=\"og:image:width\" content=\"1134\" \/>\n\t<meta property=\"og:image:height\" content=\"1500\" \/>\n\t<meta property=\"og:image:type\" content=\"image\/jpeg\" \/>\n<meta name=\"twitter:card\" content=\"summary_large_image\" \/>\n<meta name=\"twitter:label1\" content=\"Est. reading time\" \/>\n\t<meta name=\"twitter:data1\" content=\"19 minutes\" \/>\n<script type=\"application\/ld+json\" class=\"yoast-schema-graph\">{\"@context\":\"https:\/\/schema.org\",\"@graph\":[{\"@type\":\"WebPage\",\"@id\":\"https:\/\/www.espoonkuvataiteilijat.fi\/en\/nayttelyt\/kiltapavinljonki\/\",\"url\":\"https:\/\/www.espoonkuvataiteilijat.fi\/en\/nayttelyt\/kiltapavinljonki\/\",\"name\":\"Kiltapaviljonki 2025 - Espoon Kuvataiteilijat\",\"isPartOf\":{\"@id\":\"https:\/\/www.espoonkuvataiteilijat.fi\/#website\"},\"primaryImageOfPage\":{\"@id\":\"https:\/\/www.espoonkuvataiteilijat.fi\/en\/nayttelyt\/kiltapavinljonki\/#primaryimage\"},\"image\":{\"@id\":\"https:\/\/www.espoonkuvataiteilijat.fi\/en\/nayttelyt\/kiltapavinljonki\/#primaryimage\"},\"thumbnailUrl\":\"https:\/\/www.espoonkuvataiteilijat.fi\/wp-content\/uploads\/2025\/11\/lemettinen_johanna_katse2-1.jpg\",\"datePublished\":\"2025-11-07T13:43:06+00:00\",\"dateModified\":\"2025-11-25T10:08:22+00:00\",\"breadcrumb\":{\"@id\":\"https:\/\/www.espoonkuvataiteilijat.fi\/en\/nayttelyt\/kiltapavinljonki\/#breadcrumb\"},\"inLanguage\":\"en-US\",\"potentialAction\":[{\"@type\":\"ReadAction\",\"target\":[\"https:\/\/www.espoonkuvataiteilijat.fi\/en\/nayttelyt\/kiltapavinljonki\/\"]}]},{\"@type\":\"ImageObject\",\"inLanguage\":\"en-US\",\"@id\":\"https:\/\/www.espoonkuvataiteilijat.fi\/en\/nayttelyt\/kiltapavinljonki\/#primaryimage\",\"url\":\"https:\/\/www.espoonkuvataiteilijat.fi\/wp-content\/uploads\/2025\/11\/lemettinen_johanna_katse2-1.jpg\",\"contentUrl\":\"https:\/\/www.espoonkuvataiteilijat.fi\/wp-content\/uploads\/2025\/11\/lemettinen_johanna_katse2-1.jpg\",\"width\":1134,\"height\":1500},{\"@type\":\"BreadcrumbList\",\"@id\":\"https:\/\/www.espoonkuvataiteilijat.fi\/en\/nayttelyt\/kiltapavinljonki\/#breadcrumb\",\"itemListElement\":[{\"@type\":\"ListItem\",\"position\":1,\"name\":\"Home\",\"item\":\"https:\/\/www.espoonkuvataiteilijat.fi\/en\/\"},{\"@type\":\"ListItem\",\"position\":2,\"name\":\"Kiltapaviljonki 2025\"}]},{\"@type\":\"WebSite\",\"@id\":\"https:\/\/www.espoonkuvataiteilijat.fi\/#website\",\"url\":\"https:\/\/www.espoonkuvataiteilijat.fi\/\",\"name\":\"Espoon Kuvataiteilijat\",\"description\":\"\",\"potentialAction\":[{\"@type\":\"SearchAction\",\"target\":{\"@type\":\"EntryPoint\",\"urlTemplate\":\"https:\/\/www.espoonkuvataiteilijat.fi\/?s={search_term_string}\"},\"query-input\":{\"@type\":\"PropertyValueSpecification\",\"valueRequired\":true,\"valueName\":\"search_term_string\"}}],\"inLanguage\":\"en-US\"}]}<\/script>\n<!-- \/ Yoast SEO plugin. -->","yoast_head_json":{"title":"Kiltapaviljonki 2025 - Espoon Kuvataiteilijat","robots":{"index":"index","follow":"follow","max-snippet":"max-snippet:-1","max-image-preview":"max-image-preview:large","max-video-preview":"max-video-preview:-1"},"canonical":"https:\/\/www.espoonkuvataiteilijat.fi\/en\/nayttelyt\/kiltapavinljonki\/","og_locale":"en_US","og_type":"article","og_title":"Kiltapaviljonki 2025 - Espoon Kuvataiteilijat","og_description":"Opening on Tuesday, November 25, 2025, from 5\u20137 p.m. Warmly welcome!The Guild Pavilion is the traditional annual group exhibition of the Espoo Artists\u02bcGuild, which this year celebrates the Guild\u02bcs 15th anniversary. Art above: Johanna Lemettinen, Gaze 2, oil pastel on paper, 30&#215;16 cm, 2024 Artists:Anne Ovaska, Pekka Kaikkonen, Nina Forsman, Svetlana Ruoho, Sirkku Ala-Harja, Carita [&hellip;]","og_url":"https:\/\/www.espoonkuvataiteilijat.fi\/en\/nayttelyt\/kiltapavinljonki\/","og_site_name":"Espoon Kuvataiteilijat","article_modified_time":"2025-11-25T10:08:22+00:00","og_image":[{"width":1134,"height":1500,"url":"https:\/\/www.espoonkuvataiteilijat.fi\/wp-content\/uploads\/2025\/11\/lemettinen_johanna_katse2-1.jpg","type":"image\/jpeg"}],"twitter_card":"summary_large_image","twitter_misc":{"Est. reading time":"19 minutes"},"schema":{"@context":"https:\/\/schema.org","@graph":[{"@type":"WebPage","@id":"https:\/\/www.espoonkuvataiteilijat.fi\/en\/nayttelyt\/kiltapavinljonki\/","url":"https:\/\/www.espoonkuvataiteilijat.fi\/en\/nayttelyt\/kiltapavinljonki\/","name":"Kiltapaviljonki 2025 - Espoon Kuvataiteilijat","isPartOf":{"@id":"https:\/\/www.espoonkuvataiteilijat.fi\/#website"},"primaryImageOfPage":{"@id":"https:\/\/www.espoonkuvataiteilijat.fi\/en\/nayttelyt\/kiltapavinljonki\/#primaryimage"},"image":{"@id":"https:\/\/www.espoonkuvataiteilijat.fi\/en\/nayttelyt\/kiltapavinljonki\/#primaryimage"},"thumbnailUrl":"https:\/\/www.espoonkuvataiteilijat.fi\/wp-content\/uploads\/2025\/11\/lemettinen_johanna_katse2-1.jpg","datePublished":"2025-11-07T13:43:06+00:00","dateModified":"2025-11-25T10:08:22+00:00","breadcrumb":{"@id":"https:\/\/www.espoonkuvataiteilijat.fi\/en\/nayttelyt\/kiltapavinljonki\/#breadcrumb"},"inLanguage":"en-US","potentialAction":[{"@type":"ReadAction","target":["https:\/\/www.espoonkuvataiteilijat.fi\/en\/nayttelyt\/kiltapavinljonki\/"]}]},{"@type":"ImageObject","inLanguage":"en-US","@id":"https:\/\/www.espoonkuvataiteilijat.fi\/en\/nayttelyt\/kiltapavinljonki\/#primaryimage","url":"https:\/\/www.espoonkuvataiteilijat.fi\/wp-content\/uploads\/2025\/11\/lemettinen_johanna_katse2-1.jpg","contentUrl":"https:\/\/www.espoonkuvataiteilijat.fi\/wp-content\/uploads\/2025\/11\/lemettinen_johanna_katse2-1.jpg","width":1134,"height":1500},{"@type":"BreadcrumbList","@id":"https:\/\/www.espoonkuvataiteilijat.fi\/en\/nayttelyt\/kiltapavinljonki\/#breadcrumb","itemListElement":[{"@type":"ListItem","position":1,"name":"Home","item":"https:\/\/www.espoonkuvataiteilijat.fi\/en\/"},{"@type":"ListItem","position":2,"name":"Kiltapaviljonki 2025"}]},{"@type":"WebSite","@id":"https:\/\/www.espoonkuvataiteilijat.fi\/#website","url":"https:\/\/www.espoonkuvataiteilijat.fi\/","name":"Espoon Kuvataiteilijat","description":"","potentialAction":[{"@type":"SearchAction","target":{"@type":"EntryPoint","urlTemplate":"https:\/\/www.espoonkuvataiteilijat.fi\/?s={search_term_string}"},"query-input":{"@type":"PropertyValueSpecification","valueRequired":true,"valueName":"search_term_string"}}],"inLanguage":"en-US"}]}},"_links":{"self":[{"href":"https:\/\/www.espoonkuvataiteilijat.fi\/en\/wp-json\/wp\/v2\/nayttelyt\/5621","targetHints":{"allow":["GET"]}}],"collection":[{"href":"https:\/\/www.espoonkuvataiteilijat.fi\/en\/wp-json\/wp\/v2\/nayttelyt"}],"about":[{"href":"https:\/\/www.espoonkuvataiteilijat.fi\/en\/wp-json\/wp\/v2\/types\/nayttelyt"}],"wp:featuredmedia":[{"embeddable":true,"href":"https:\/\/www.espoonkuvataiteilijat.fi\/en\/wp-json\/wp\/v2\/media\/5622"}],"wp:attachment":[{"href":"https:\/\/www.espoonkuvataiteilijat.fi\/en\/wp-json\/wp\/v2\/media?parent=5621"}],"wp:term":[{"taxonomy":"post_tag","embeddable":true,"href":"https:\/\/www.espoonkuvataiteilijat.fi\/en\/wp-json\/wp\/v2\/tags?post=5621"}],"curies":[{"name":"wp","href":"https:\/\/api.w.org\/{rel}","templated":true}]}}