{"id":5828,"date":"2026-03-24T15:37:32","date_gmt":"2026-03-24T13:37:32","guid":{"rendered":"https:\/\/www.espoonkuvataiteilijat.fi\/?post_type=nayttelyt&#038;p=5828"},"modified":"2026-04-26T16:08:34","modified_gmt":"2026-04-26T13:08:34","slug":"2026","status":"publish","type":"nayttelyt","link":"https:\/\/www.espoonkuvataiteilijat.fi\/en\/nayttelyt\/2026\/","title":{"rendered":"2026"},"content":{"rendered":"\n<p><\/p>\n\n\n\n<p>January<br><strong><a href=\"https:\/\/www.espoonkuvataiteilijat.fi\/en\/nayttelyt\/klaus-kopu\/\">Klaus Kopu<\/a><\/strong><br>8 Jan \u2013 1 Feb 2026<br><em>Exception:<\/em> Opening on Wednesday, 7 Jan, 17:00\u201319:00<\/p>\n\n\n\n<p>February<br><strong><a href=\"https:\/\/www.espoonkuvataiteilijat.fi\/en\/nayttelyt\/group-pink-aaron-helo-paivi-kukkasniemi-maria-mughal-maaria-markala\/\">Pinkki\u00e4: Aaron Helo, P\u00e4ivi Kukkasniemi, Maria Mughal, Maaria M\u00e4rk\u00e4l\u00e4<\/a><\/strong><br>4 Feb \u2013 1 Mar 2026<br><em>Exception:<\/em> Opening on Wednesday, 4 Feb, 17:00\u201319:00<\/p>\n\n\n\n<p>March<br><strong><a href=\"https:\/\/www.espoonkuvataiteilijat.fi\/en\/nayttelyt\/anastasia-lobkovski\/\">Anastasia Lobkovski<\/a><\/strong><br>4 Mar \u2013 29 Mar 2026<br>Opening Tue 3 Mar, 17:00\u201319:00<\/p>\n\n\n\n<p>April<br><strong><a href=\"https:\/\/www.espoonkuvataiteilijat.fi\/en\/nayttelyt\/tyko-elo\/\">Tyko Elo<\/a><\/strong><br>1 Apr \u2013 26 Apr 2026<br>Opening Tue 31 Mar, 17:00\u201319:00<\/p>\n\n\n\n<p>May<br><strong><a href=\"https:\/\/www.espoonkuvataiteilijat.fi\/en\/nayttelyt\/the-game-of-loss-and-death-reetta-grohn-soninen-and-satu-kalliokuusi\/\">THE GAME OF LOSS AND DEATH: Reetta Gr\u00f6hn-Soininen ja Satu Kalliokuusi<\/a><\/strong><br>29 Apr \u2013 23 May 2026<br>Opening Tue 28 Apr, 17:00\u201319:00<\/p>\n\n\n\n<p>June<br><a href=\"https:\/\/www.espoonkuvataiteilijat.fi\/en\/nayttelyt\/nina-iso-herttua-josua-kerkis-minja-karoliina-laakso-saara-nurmi-tomi-abergnakyvaisia\/\" target=\"_blank\" rel=\"noreferrer noopener\"><strong>Nina Iso-Herttua &amp; Josua Kerkis &amp; Minja Karoliina Laakso &amp; Saara Nurmi &amp; Tomi \u00c5berg<\/strong><\/a><br>27 May \u2013 28 Jun 2026<br>Opening Tue 26 May, 17:00\u201319:00<\/p>\n\n\n\n<p>July<br>Espoo Visual Artists Association, Members\u2019 Summer Exhibition<br>1 Jul \u2013 31 Jul 2026<br>Summer opening celebration on Wednesday, 1 Jul, 18:00<\/p>\n\n\n\n<p>August<br><strong>Johanna Sipil\u00e4<\/strong><br>5 Aug \u2013 30 Aug 2026<br>Opening Tue 4 Aug, 17:00\u201319:00<\/p>\n\n\n\n<p>September<br><strong>Essu Koskinen<\/strong><br>2 Sep \u2013 27 Sep 2026<br>Opening Tue 1 Sep, 17:00\u201319:00<\/p>\n\n\n\n<p>October<br><strong>Outi R\u00e4m\u00f6<\/strong><br>30 Sep \u2013 25 Oct 2026<br>Opening Tue 29 Sep, 17:00\u201319:00<\/p>\n\n\n\n<p>November<br><strong>Johanna Sinkkonen<\/strong><br>28 Oct \u2013 22 Nov 2026<br>Opening Tue 27 Oct, 17:00\u201319:00<\/p>\n\n\n\n<p>December<br><strong>Elina Koskimies<\/strong><br>25 Nov \u2013 20 Dec 2026<br>Opening Tue 24 Nov, 17:00\u201319:00<\/p>\n\n\n\n<p><\/p>\n","protected":false},"featured_media":5829,"template":"","tags":[],"class_list":["post-5828","nayttelyt","type-nayttelyt","status-publish","has-post-thumbnail","hentry"],"acf":[],"yoast_head":"<!-- This site is optimized with the Yoast SEO plugin v24.2 - https:\/\/yoast.com\/wordpress\/plugins\/seo\/ -->\n<title>2026 - Espoon Kuvataiteilijat<\/title>\n<meta name=\"robots\" content=\"index, follow, max-snippet:-1, max-image-preview:large, max-video-preview:-1\" \/>\n<link rel=\"canonical\" href=\"https:\/\/www.espoonkuvataiteilijat.fi\/en\/nayttelyt\/2026\/\" \/>\n<meta property=\"og:locale\" content=\"en_US\" \/>\n<meta property=\"og:type\" content=\"article\" \/>\n<meta property=\"og:title\" content=\"2026 - Espoon Kuvataiteilijat\" \/>\n<meta property=\"og:description\" content=\"JanuaryKlaus Kopu8 Jan \u2013 1 Feb 2026Exception: Opening on Wednesday, 7 Jan, 17:00\u201319:00 FebruaryPinkki\u00e4: Aaron Helo, P\u00e4ivi Kukkasniemi, Maria Mughal, Maaria M\u00e4rk\u00e4l\u00e44 Feb \u2013 1 Mar 2026Exception: Opening on Wednesday, 4 Feb, 17:00\u201319:00 MarchAnastasia Lobkovski4 Mar \u2013 29 Mar 2026Opening Tue 3 Mar, 17:00\u201319:00 AprilTyko Elo1 Apr \u2013 26 Apr 2026Opening Tue 31 Mar, 17:00\u201319:00 [&hellip;]\" \/>\n<meta property=\"og:url\" content=\"https:\/\/www.espoonkuvataiteilijat.fi\/en\/nayttelyt\/2026\/\" \/>\n<meta property=\"og:site_name\" content=\"Espoon Kuvataiteilijat\" \/>\n<meta property=\"article:modified_time\" content=\"2026-04-26T13:08:34+00:00\" \/>\n<meta property=\"og:image\" content=\"https:\/\/www.espoonkuvataiteilijat.fi\/wp-content\/uploads\/2026\/03\/AarniFasadiSadepaivana-scaled-e1774359472215.jpg\" \/>\n\t<meta property=\"og:image:width\" content=\"1100\" \/>\n\t<meta property=\"og:image:height\" content=\"841\" \/>\n\t<meta property=\"og:image:type\" content=\"image\/jpeg\" \/>\n<meta name=\"twitter:card\" content=\"summary_large_image\" \/>\n<meta name=\"twitter:label1\" content=\"Est. reading time\" \/>\n\t<meta name=\"twitter:data1\" content=\"1 minute\" \/>\n<script type=\"application\/ld+json\" class=\"yoast-schema-graph\">{\"@context\":\"https:\/\/schema.org\",\"@graph\":[{\"@type\":\"WebPage\",\"@id\":\"https:\/\/www.espoonkuvataiteilijat.fi\/en\/nayttelyt\/2026\/\",\"url\":\"https:\/\/www.espoonkuvataiteilijat.fi\/en\/nayttelyt\/2026\/\",\"name\":\"2026 - Espoon Kuvataiteilijat\",\"isPartOf\":{\"@id\":\"https:\/\/www.espoonkuvataiteilijat.fi\/#website\"},\"primaryImageOfPage\":{\"@id\":\"https:\/\/www.espoonkuvataiteilijat.fi\/en\/nayttelyt\/2026\/#primaryimage\"},\"image\":{\"@id\":\"https:\/\/www.espoonkuvataiteilijat.fi\/en\/nayttelyt\/2026\/#primaryimage\"},\"thumbnailUrl\":\"https:\/\/www.espoonkuvataiteilijat.fi\/wp-content\/uploads\/2026\/03\/AarniFasadiSadepaivana-scaled-e1774359472215.jpg\",\"datePublished\":\"2026-03-24T13:37:32+00:00\",\"dateModified\":\"2026-04-26T13:08:34+00:00\",\"breadcrumb\":{\"@id\":\"https:\/\/www.espoonkuvataiteilijat.fi\/en\/nayttelyt\/2026\/#breadcrumb\"},\"inLanguage\":\"en-US\",\"potentialAction\":[{\"@type\":\"ReadAction\",\"target\":[\"https:\/\/www.espoonkuvataiteilijat.fi\/en\/nayttelyt\/2026\/\"]}]},{\"@type\":\"ImageObject\",\"inLanguage\":\"en-US\",\"@id\":\"https:\/\/www.espoonkuvataiteilijat.fi\/en\/nayttelyt\/2026\/#primaryimage\",\"url\":\"https:\/\/www.espoonkuvataiteilijat.fi\/wp-content\/uploads\/2026\/03\/AarniFasadiSadepaivana-scaled-e1774359472215.jpg\",\"contentUrl\":\"https:\/\/www.espoonkuvataiteilijat.fi\/wp-content\/uploads\/2026\/03\/AarniFasadiSadepaivana-scaled-e1774359472215.jpg\",\"width\":1100,\"height\":841},{\"@type\":\"BreadcrumbList\",\"@id\":\"https:\/\/www.espoonkuvataiteilijat.fi\/en\/nayttelyt\/2026\/#breadcrumb\",\"itemListElement\":[{\"@type\":\"ListItem\",\"position\":1,\"name\":\"Home\",\"item\":\"https:\/\/www.espoonkuvataiteilijat.fi\/en\/\"},{\"@type\":\"ListItem\",\"position\":2,\"name\":\"2026\"}]},{\"@type\":\"WebSite\",\"@id\":\"https:\/\/www.espoonkuvataiteilijat.fi\/#website\",\"url\":\"https:\/\/www.espoonkuvataiteilijat.fi\/\",\"name\":\"Espoon Kuvataiteilijat\",\"description\":\"\",\"potentialAction\":[{\"@type\":\"SearchAction\",\"target\":{\"@type\":\"EntryPoint\",\"urlTemplate\":\"https:\/\/www.espoonkuvataiteilijat.fi\/?s={search_term_string}\"},\"query-input\":{\"@type\":\"PropertyValueSpecification\",\"valueRequired\":true,\"valueName\":\"search_term_string\"}}],\"inLanguage\":\"en-US\"}]}<\/script>\n<!-- \/ Yoast SEO plugin. -->","yoast_head_json":{"title":"2026 - Espoon Kuvataiteilijat","robots":{"index":"index","follow":"follow","max-snippet":"max-snippet:-1","max-image-preview":"max-image-preview:large","max-video-preview":"max-video-preview:-1"},"canonical":"https:\/\/www.espoonkuvataiteilijat.fi\/en\/nayttelyt\/2026\/","og_locale":"en_US","og_type":"article","og_title":"2026 - Espoon Kuvataiteilijat","og_description":"JanuaryKlaus Kopu8 Jan \u2013 1 Feb 2026Exception: Opening on Wednesday, 7 Jan, 17:00\u201319:00 FebruaryPinkki\u00e4: Aaron Helo, P\u00e4ivi Kukkasniemi, Maria Mughal, Maaria M\u00e4rk\u00e4l\u00e44 Feb \u2013 1 Mar 2026Exception: Opening on Wednesday, 4 Feb, 17:00\u201319:00 MarchAnastasia Lobkovski4 Mar \u2013 29 Mar 2026Opening Tue 3 Mar, 17:00\u201319:00 AprilTyko Elo1 Apr \u2013 26 Apr 2026Opening Tue 31 Mar, 17:00\u201319:00 [&hellip;]","og_url":"https:\/\/www.espoonkuvataiteilijat.fi\/en\/nayttelyt\/2026\/","og_site_name":"Espoon Kuvataiteilijat","article_modified_time":"2026-04-26T13:08:34+00:00","og_image":[{"width":1100,"height":841,"url":"https:\/\/www.espoonkuvataiteilijat.fi\/wp-content\/uploads\/2026\/03\/AarniFasadiSadepaivana-scaled-e1774359472215.jpg","type":"image\/jpeg"}],"twitter_card":"summary_large_image","twitter_misc":{"Est. reading time":"1 minute"},"schema":{"@context":"https:\/\/schema.org","@graph":[{"@type":"WebPage","@id":"https:\/\/www.espoonkuvataiteilijat.fi\/en\/nayttelyt\/2026\/","url":"https:\/\/www.espoonkuvataiteilijat.fi\/en\/nayttelyt\/2026\/","name":"2026 - Espoon Kuvataiteilijat","isPartOf":{"@id":"https:\/\/www.espoonkuvataiteilijat.fi\/#website"},"primaryImageOfPage":{"@id":"https:\/\/www.espoonkuvataiteilijat.fi\/en\/nayttelyt\/2026\/#primaryimage"},"image":{"@id":"https:\/\/www.espoonkuvataiteilijat.fi\/en\/nayttelyt\/2026\/#primaryimage"},"thumbnailUrl":"https:\/\/www.espoonkuvataiteilijat.fi\/wp-content\/uploads\/2026\/03\/AarniFasadiSadepaivana-scaled-e1774359472215.jpg","datePublished":"2026-03-24T13:37:32+00:00","dateModified":"2026-04-26T13:08:34+00:00","breadcrumb":{"@id":"https:\/\/www.espoonkuvataiteilijat.fi\/en\/nayttelyt\/2026\/#breadcrumb"},"inLanguage":"en-US","potentialAction":[{"@type":"ReadAction","target":["https:\/\/www.espoonkuvataiteilijat.fi\/en\/nayttelyt\/2026\/"]}]},{"@type":"ImageObject","inLanguage":"en-US","@id":"https:\/\/www.espoonkuvataiteilijat.fi\/en\/nayttelyt\/2026\/#primaryimage","url":"https:\/\/www.espoonkuvataiteilijat.fi\/wp-content\/uploads\/2026\/03\/AarniFasadiSadepaivana-scaled-e1774359472215.jpg","contentUrl":"https:\/\/www.espoonkuvataiteilijat.fi\/wp-content\/uploads\/2026\/03\/AarniFasadiSadepaivana-scaled-e1774359472215.jpg","width":1100,"height":841},{"@type":"BreadcrumbList","@id":"https:\/\/www.espoonkuvataiteilijat.fi\/en\/nayttelyt\/2026\/#breadcrumb","itemListElement":[{"@type":"ListItem","position":1,"name":"Home","item":"https:\/\/www.espoonkuvataiteilijat.fi\/en\/"},{"@type":"ListItem","position":2,"name":"2026"}]},{"@type":"WebSite","@id":"https:\/\/www.espoonkuvataiteilijat.fi\/#website","url":"https:\/\/www.espoonkuvataiteilijat.fi\/","name":"Espoon Kuvataiteilijat","description":"","potentialAction":[{"@type":"SearchAction","target":{"@type":"EntryPoint","urlTemplate":"https:\/\/www.espoonkuvataiteilijat.fi\/?s={search_term_string}"},"query-input":{"@type":"PropertyValueSpecification","valueRequired":true,"valueName":"search_term_string"}}],"inLanguage":"en-US"}]}},"_links":{"self":[{"href":"https:\/\/www.espoonkuvataiteilijat.fi\/en\/wp-json\/wp\/v2\/nayttelyt\/5828","targetHints":{"allow":["GET"]}}],"collection":[{"href":"https:\/\/www.espoonkuvataiteilijat.fi\/en\/wp-json\/wp\/v2\/nayttelyt"}],"about":[{"href":"https:\/\/www.espoonkuvataiteilijat.fi\/en\/wp-json\/wp\/v2\/types\/nayttelyt"}],"wp:featuredmedia":[{"embeddable":true,"href":"https:\/\/www.espoonkuvataiteilijat.fi\/en\/wp-json\/wp\/v2\/media\/5829"}],"wp:attachment":[{"href":"https:\/\/www.espoonkuvataiteilijat.fi\/en\/wp-json\/wp\/v2\/media?parent=5828"}],"wp:term":[{"taxonomy":"post_tag","embeddable":true,"href":"https:\/\/www.espoonkuvataiteilijat.fi\/en\/wp-json\/wp\/v2\/tags?post=5828"}],"curies":[{"name":"wp","href":"https:\/\/api.w.org\/{rel}","templated":true}]}}