{"id":988,"date":"2020-02-13T14:09:09","date_gmt":"2020-02-13T12:09:09","guid":{"rendered":"https:\/\/www.espoonkuvataiteilijat.fi\/?post_type=nayttelyt&#038;p=988"},"modified":"2020-04-06T13:09:54","modified_gmt":"2020-04-06T10:09:54","slug":"juha-holopainen-teija-immonen-vappu-johansson-taina-kokkonen-metta-savolainen","status":"publish","type":"nayttelyt","link":"https:\/\/www.espoonkuvataiteilijat.fi\/en\/nayttelyt\/juha-holopainen-teija-immonen-vappu-johansson-taina-kokkonen-metta-savolainen\/","title":{"rendered":"Juha Holopainen, Teija Immonen, Vappu Johansson, Taina Kokkonen, Metta Savolainen"},"content":{"rendered":"\n<h2 class=\"wp-block-heading\">Five Rooms<br><em>Notice: This exhibition got closed already on March 17th, due to the Corona pandemia.<\/em><\/h2>\n\n\n\n<p>We have been working in the Arabia Printmakers studio since 1998. In the shared space, each artist has an own atelier and an individual artistic identity. In our community, art is made side by side. This exhibition presents us together and personally. <\/p>\n\n\n\n<p>\u201cCreativity flourishes in chaos.\u201d <\/p>\n\n\n\n<p>\u201cEnclyclopedias, fashion magazines, history of parks, tattoo catalogs, teenage magazines, zoological books, pictures of filmstars. And then the printing press.\u201d <\/p>\n\n\n\n<p>\u201cMy studio is small and full of works in progress. When I enter, I find space and freedom.\u201d <\/p>\n\n\n\n<p>\u201cMy own private Idaho.\u201d <\/p>\n\n\n\n<p>\u201cIn my room, there is a green icon and a little statuette of Buddha. I light a candle, pour some water in a brass cup and start working. Sound of a scooter in H\u00e4meentie.\u201d<\/p>\n\n\n\n<p><strong>Juha Holopainen<\/strong><\/p>\n\n\n\n<figure class=\"wp-block-image size-large\"><img loading=\"lazy\" decoding=\"async\" width=\"1024\" height=\"718\" src=\"https:\/\/www.espoonkuvataiteilijat.fi\/wp-content\/uploads\/2020\/02\/Exotic-Birds-41x58-carborundum-kuivaneula-2019-1024x718.jpg\" alt=\"\" class=\"wp-image-970\" srcset=\"https:\/\/www.espoonkuvataiteilijat.fi\/wp-content\/uploads\/2020\/02\/Exotic-Birds-41x58-carborundum-kuivaneula-2019-1024x718.jpg 1024w, https:\/\/www.espoonkuvataiteilijat.fi\/wp-content\/uploads\/2020\/02\/Exotic-Birds-41x58-carborundum-kuivaneula-2019-300x210.jpg 300w, https:\/\/www.espoonkuvataiteilijat.fi\/wp-content\/uploads\/2020\/02\/Exotic-Birds-41x58-carborundum-kuivaneula-2019-768x539.jpg 768w, https:\/\/www.espoonkuvataiteilijat.fi\/wp-content\/uploads\/2020\/02\/Exotic-Birds-41x58-carborundum-kuivaneula-2019-1536x1077.jpg 1536w, https:\/\/www.espoonkuvataiteilijat.fi\/wp-content\/uploads\/2020\/02\/Exotic-Birds-41x58-carborundum-kuivaneula-2019-2048x1437.jpg 2048w\" sizes=\"auto, (max-width: 1024px) 100vw, 1024px\" \/><figcaption>\u201dExotic Birds\u201d, 41cm x57cm, carborundum, kuivaneula, 2019<\/figcaption><\/figure>\n\n\n\n<p>I have made carborundum prints since I graduated in The Institute of Fine Arts in Lahti in 1995. In this method I paint with a mixture of gesso and silicon carbide grit onto the plate. I&#8217;m fascinated with the way the carborundum prints come out, a bit rough-looking. Therefore, I see myself more as a painter. In the centre of my pictures there&#8217;s often a human figure reflecting concerns like climate change (Tornado, Storm), etc. I tend to live in the moment, day by day, because I have faced the temporality of life through many losses. &#8220;Like sands of the hourglass, so are the days of our lives&#8221; (Socrates). I believe the awareness of finiteness can be seen in my works, but hopefully also my passionate and erotic attitude towards life. My workroom reflects my motto: creativity blooms in chaos.<br><br><a rel=\"noreferrer noopener\" aria-label=\"CV (avautuu uudessa v\u00e4lilehdess\u00e4)\" href=\"https:\/\/www.espoonkuvataiteilijat.fi\/wp-content\/uploads\/2020\/02\/CV-Holopainen-3-1.pdf\" target=\"_blank\">CV<\/a><br><br><a rel=\"noreferrer noopener\" aria-label=\"https:\/\/juhaholopainen.wordpress.com\/ (avautuu uudessa v\u00e4lilehdess\u00e4)\" href=\"https:\/\/juhaholopainen.wordpress.com\/\" target=\"_blank\">https:\/\/juhaholopainen.wordpress.com\/<\/a><\/p>\n\n\n\n<p><strong>Teija Immonen<\/strong><\/p>\n\n\n\n<figure class=\"wp-block-image size-large\"><img loading=\"lazy\" decoding=\"async\" width=\"664\" height=\"1024\" src=\"https:\/\/www.espoonkuvataiteilijat.fi\/wp-content\/uploads\/2020\/02\/Kukkakuvion-takaa_2017_59x38cm_kohopaino-664x1024.jpg\" alt=\"\" class=\"wp-image-974\" srcset=\"https:\/\/www.espoonkuvataiteilijat.fi\/wp-content\/uploads\/2020\/02\/Kukkakuvion-takaa_2017_59x38cm_kohopaino-664x1024.jpg 664w, https:\/\/www.espoonkuvataiteilijat.fi\/wp-content\/uploads\/2020\/02\/Kukkakuvion-takaa_2017_59x38cm_kohopaino-195x300.jpg 195w, https:\/\/www.espoonkuvataiteilijat.fi\/wp-content\/uploads\/2020\/02\/Kukkakuvion-takaa_2017_59x38cm_kohopaino-768x1184.jpg 768w, https:\/\/www.espoonkuvataiteilijat.fi\/wp-content\/uploads\/2020\/02\/Kukkakuvion-takaa_2017_59x38cm_kohopaino-996x1536.jpg 996w, https:\/\/www.espoonkuvataiteilijat.fi\/wp-content\/uploads\/2020\/02\/Kukkakuvion-takaa_2017_59x38cm_kohopaino-1329x2048.jpg 1329w, https:\/\/www.espoonkuvataiteilijat.fi\/wp-content\/uploads\/2020\/02\/Kukkakuvion-takaa_2017_59x38cm_kohopaino-scaled.jpg 1661w\" sizes=\"auto, (max-width: 664px) 100vw, 664px\" \/><figcaption>\u201cKukkakuvion takaa\u201d, 59cm x38cm, kohopaino, 2017<\/figcaption><\/figure>\n\n\n\n<p>I studied in Imatra Art school and graduated from University of Fine Arts in 1991 My works are a mixture of different themes, from both varying historical perspectives and popular cultural genres. My chosen works include pictorial themes from both free time and entertainment that are as timeless as classical art and touch us all. The pictures have been inspired by my own hobbies and preferences. On a general level the works represent an approach on Finnish collective knowledge. Serious themes such as loss, memories and longing are also explored.<br><br><a rel=\"noreferrer noopener\" aria-label=\"CV (avautuu uudessa v\u00e4lilehdess\u00e4)\" href=\"https:\/\/www.espoonkuvataiteilijat.fi\/wp-content\/uploads\/2020\/02\/CV-Teija-Immonen-2020-1-1.pdf\" target=\"_blank\">CV<\/a><br><a rel=\"noreferrer noopener\" aria-label=\"\nwww.teijaimmonen.fi (avautuu uudessa v\u00e4lilehdess\u00e4)\" href=\"http:\/\/www.teijaimmonen.fi\" target=\"_blank\"><br>www.teijaimmonen.fi<\/a><\/p>\n\n\n\n<p><strong>Vappu Johansson<\/strong><\/p>\n\n\n\n<figure class=\"wp-block-image size-large\"><img loading=\"lazy\" decoding=\"async\" width=\"1024\" height=\"1024\" src=\"https:\/\/www.espoonkuvataiteilijat.fi\/wp-content\/uploads\/2020\/02\/Unidentified-Entities-2020_03-1024x1024.jpg\" alt=\"\" class=\"wp-image-977\" srcset=\"https:\/\/www.espoonkuvataiteilijat.fi\/wp-content\/uploads\/2020\/02\/Unidentified-Entities-2020_03-1024x1024.jpg 1024w, https:\/\/www.espoonkuvataiteilijat.fi\/wp-content\/uploads\/2020\/02\/Unidentified-Entities-2020_03-300x300.jpg 300w, https:\/\/www.espoonkuvataiteilijat.fi\/wp-content\/uploads\/2020\/02\/Unidentified-Entities-2020_03-150x150.jpg 150w, https:\/\/www.espoonkuvataiteilijat.fi\/wp-content\/uploads\/2020\/02\/Unidentified-Entities-2020_03-768x767.jpg 768w, https:\/\/www.espoonkuvataiteilijat.fi\/wp-content\/uploads\/2020\/02\/Unidentified-Entities-2020_03.jpg 1300w\" sizes=\"auto, (max-width: 1024px) 100vw, 1024px\" \/><figcaption>\u201dUnidentified Entities\u201d 40cm x 40cm, fotopolymeeri, etsaus. 2019<\/figcaption><\/figure>\n\n\n\n<p>I have studied in the Free art school in 1980-83 and graduated from the University of Industrial Arts (Aalto University), department of Art education, in 1990. I work fast and intensively. The working process in intaglio proceeds by phases and the material gives a challenge. That keeps my energy concentrated. In my room there are several projects ongoing at the same time. This gives me freedom to work impulsively, enjoying what I do every day. I am inspired by all the knowledge of humankind and fascinated by what we still don\u00b4t know: the mystical beginning of life and the essence of consciousness.<br><br><a rel=\"noreferrer noopener\" aria-label=\"CV (avautuu uudessa v\u00e4lilehdess\u00e4)\" href=\"https:\/\/www.espoonkuvataiteilijat.fi\/wp-content\/uploads\/2020\/02\/CV-Johansson-2-1-sivu-2020-1-1.pdf\" target=\"_blank\">CV<\/a><br><br><a rel=\"noreferrer noopener\" aria-label=\"www.vappujohansson.net (avautuu uudessa v\u00e4lilehdess\u00e4)\" href=\"http:\/\/www.vappujohansson.net\" target=\"_blank\">www.vappujohansson.net<\/a><\/p>\n\n\n\n<p><strong>Taina Kokkonen<\/strong><\/p>\n\n\n\n<figure class=\"wp-block-image size-large\"><img loading=\"lazy\" decoding=\"async\" width=\"800\" height=\"1024\" src=\"https:\/\/www.espoonkuvataiteilijat.fi\/wp-content\/uploads\/2020\/02\/kokkonen_taina_heijastus_reflection2018_kohopaino_relief-print_65x51cm-800x1024.jpg\" alt=\"\" class=\"wp-image-972\" srcset=\"https:\/\/www.espoonkuvataiteilijat.fi\/wp-content\/uploads\/2020\/02\/kokkonen_taina_heijastus_reflection2018_kohopaino_relief-print_65x51cm-800x1024.jpg 800w, https:\/\/www.espoonkuvataiteilijat.fi\/wp-content\/uploads\/2020\/02\/kokkonen_taina_heijastus_reflection2018_kohopaino_relief-print_65x51cm-234x300.jpg 234w, https:\/\/www.espoonkuvataiteilijat.fi\/wp-content\/uploads\/2020\/02\/kokkonen_taina_heijastus_reflection2018_kohopaino_relief-print_65x51cm-768x983.jpg 768w, https:\/\/www.espoonkuvataiteilijat.fi\/wp-content\/uploads\/2020\/02\/kokkonen_taina_heijastus_reflection2018_kohopaino_relief-print_65x51cm-1199x1536.jpg 1199w, https:\/\/www.espoonkuvataiteilijat.fi\/wp-content\/uploads\/2020\/02\/kokkonen_taina_heijastus_reflection2018_kohopaino_relief-print_65x51cm-1599x2048.jpg 1599w, https:\/\/www.espoonkuvataiteilijat.fi\/wp-content\/uploads\/2020\/02\/kokkonen_taina_heijastus_reflection2018_kohopaino_relief-print_65x51cm-scaled.jpg 1999w\" sizes=\"auto, (max-width: 800px) 100vw, 800px\" \/><figcaption>\u201cHeijastus\u201d, \u201cReflection\u201d, 65cm x51cm, kokopaino, relief print, 2018<\/figcaption><\/figure>\n\n\n\n<p>I was born in Kajaani, Finland, in 1960. I finished Kankaanp\u00e4\u00e4 Art School in 1983. I hold a MA degree in Art History from the University of Jyv\u00e4skyl\u00e4, 1992. I assemble pieces of prints into collages. The result is always surprising and unpredictable.<br><br><a rel=\"noreferrer noopener\" aria-label=\"CV (avautuu uudessa v\u00e4lilehdess\u00e4)\" href=\"https:\/\/www.espoonkuvataiteilijat.fi\/wp-content\/uploads\/2020\/02\/lyhennetty-cv_Kokkonen_Taina-1-1-1.pdf\" target=\"_blank\">CV<\/a><br><a rel=\"noreferrer noopener\" aria-label=\"\nwww.tainakokkonen.net (avautuu uudessa v\u00e4lilehdess\u00e4)\" href=\"http:\/\/www.tainakokkonen.net\" target=\"_blank\"><br>www.tainakokkonen.net<\/a><\/p>\n\n\n\n<p><strong>Metta Savolainen<\/strong><\/p>\n\n\n\n<figure class=\"wp-block-image size-large\"><img loading=\"lazy\" decoding=\"async\" width=\"500\" height=\"210\" src=\"https:\/\/www.espoonkuvataiteilijat.fi\/wp-content\/uploads\/2020\/02\/Hippokrateen-kolme-kuunsirppi\u00e4-vihre\u00e4-28x63cm-akvarelli-2019.jpg\" alt=\"\" class=\"wp-image-971\" srcset=\"https:\/\/www.espoonkuvataiteilijat.fi\/wp-content\/uploads\/2020\/02\/Hippokrateen-kolme-kuunsirppi\u00e4-vihre\u00e4-28x63cm-akvarelli-2019.jpg 500w, https:\/\/www.espoonkuvataiteilijat.fi\/wp-content\/uploads\/2020\/02\/Hippokrateen-kolme-kuunsirppi\u00e4-vihre\u00e4-28x63cm-akvarelli-2019-300x126.jpg 300w\" sizes=\"auto, (max-width: 500px) 100vw, 500px\" \/><figcaption>\u201dHippokrateen kolme kuunsirppi\u00e4 (vihre\u00e4)\u201d, 28cm x63cm, akvarelli, 2019<\/figcaption><\/figure>\n\n\n\n<p>I have studied in the University of Fine Arts in Helsinki, 1990-1997. First in the painting department and then two years in the printmaking department. My teachers were Leena Luostarinen ja Inari Krohn. <br>I am still working with these two materials: water and copper. I paint aquarelles and do metal graphic. These techniques have different rhythms and the art works find different routes to the end. The variable nature of the two materials keep me in balance. <br><br>In recent years I have been painting aquarelles, based on the world of physics and mathematics. I have painted symbolistic portraits of particles in accordance with the standard model of particle physics. I have also made abstract aquarelles of ancient geometrical contemplations as the quadrature of the circle. <br><br>Painting is about being in silence.<br><br><a rel=\"noreferrer noopener\" aria-label=\"CV (avautuu uudessa v\u00e4lilehdess\u00e4)\" href=\"https:\/\/www.espoonkuvataiteilijat.fi\/wp-content\/uploads\/2020\/02\/METTA-SAVOLAINEN_Aarni-cv-2-1.pdf\" target=\"_blank\">CV<\/a><\/p>\n\n\n\n<p><a rel=\"noreferrer noopener\" aria-label=\"www.mettasavolainen.net (avautuu uudessa v\u00e4lilehdess\u00e4)\" href=\"http:\/\/www.mettasavolainen.net\" target=\"_blank\">www.mettasavolainen.net<\/a><\/p>\n\n\n\n<p><\/p>\n","protected":false},"featured_media":1018,"template":"","tags":[],"class_list":["post-988","nayttelyt","type-nayttelyt","status-publish","has-post-thumbnail","hentry"],"acf":[],"yoast_head":"<!-- This site is optimized with the Yoast SEO plugin v24.2 - https:\/\/yoast.com\/wordpress\/plugins\/seo\/ -->\n<title>Juha Holopainen, Teija Immonen, Vappu Johansson, Taina Kokkonen, Metta Savolainen - Espoon Kuvataiteilijat<\/title>\n<meta name=\"robots\" content=\"index, follow, max-snippet:-1, max-image-preview:large, max-video-preview:-1\" \/>\n<link rel=\"canonical\" href=\"https:\/\/www.espoonkuvataiteilijat.fi\/en\/nayttelyt\/juha-holopainen-teija-immonen-vappu-johansson-taina-kokkonen-metta-savolainen\/\" \/>\n<meta property=\"og:locale\" content=\"en_US\" \/>\n<meta property=\"og:type\" content=\"article\" \/>\n<meta property=\"og:title\" content=\"Juha Holopainen, Teija Immonen, Vappu Johansson, Taina Kokkonen, Metta Savolainen - Espoon Kuvataiteilijat\" \/>\n<meta property=\"og:description\" content=\"Five RoomsNotice: This exhibition got closed already on March 17th, due to the Corona pandemia. We have been working in the Arabia Printmakers studio since 1998. In the shared space, each artist has an own atelier and an individual artistic identity. In our community, art is made side by side. This exhibition presents us together [&hellip;]\" \/>\n<meta property=\"og:url\" content=\"https:\/\/www.espoonkuvataiteilijat.fi\/en\/nayttelyt\/juha-holopainen-teija-immonen-vappu-johansson-taina-kokkonen-metta-savolainen\/\" \/>\n<meta property=\"og:site_name\" content=\"Espoon Kuvataiteilijat\" \/>\n<meta property=\"article:modified_time\" content=\"2020-04-06T10:09:54+00:00\" \/>\n<meta property=\"og:image\" content=\"https:\/\/www.espoonkuvataiteilijat.fi\/wp-content\/uploads\/2020\/02\/ViisiHuonetta_1300pxMaaliskuu2020-1.jpg\" \/>\n\t<meta property=\"og:image:width\" content=\"1300\" \/>\n\t<meta property=\"og:image:height\" content=\"1032\" \/>\n\t<meta property=\"og:image:type\" content=\"image\/jpeg\" \/>\n<meta name=\"twitter:card\" content=\"summary_large_image\" \/>\n<meta name=\"twitter:label1\" content=\"Est. reading time\" \/>\n\t<meta name=\"twitter:data1\" content=\"4 minutes\" \/>\n<script type=\"application\/ld+json\" class=\"yoast-schema-graph\">{\"@context\":\"https:\/\/schema.org\",\"@graph\":[{\"@type\":\"WebPage\",\"@id\":\"https:\/\/www.espoonkuvataiteilijat.fi\/en\/nayttelyt\/juha-holopainen-teija-immonen-vappu-johansson-taina-kokkonen-metta-savolainen\/\",\"url\":\"https:\/\/www.espoonkuvataiteilijat.fi\/en\/nayttelyt\/juha-holopainen-teija-immonen-vappu-johansson-taina-kokkonen-metta-savolainen\/\",\"name\":\"Juha Holopainen, Teija Immonen, Vappu Johansson, Taina Kokkonen, Metta Savolainen - Espoon Kuvataiteilijat\",\"isPartOf\":{\"@id\":\"https:\/\/www.espoonkuvataiteilijat.fi\/#website\"},\"primaryImageOfPage\":{\"@id\":\"https:\/\/www.espoonkuvataiteilijat.fi\/en\/nayttelyt\/juha-holopainen-teija-immonen-vappu-johansson-taina-kokkonen-metta-savolainen\/#primaryimage\"},\"image\":{\"@id\":\"https:\/\/www.espoonkuvataiteilijat.fi\/en\/nayttelyt\/juha-holopainen-teija-immonen-vappu-johansson-taina-kokkonen-metta-savolainen\/#primaryimage\"},\"thumbnailUrl\":\"https:\/\/www.espoonkuvataiteilijat.fi\/wp-content\/uploads\/2020\/02\/ViisiHuonetta_1300pxMaaliskuu2020-1.jpg\",\"datePublished\":\"2020-02-13T12:09:09+00:00\",\"dateModified\":\"2020-04-06T10:09:54+00:00\",\"breadcrumb\":{\"@id\":\"https:\/\/www.espoonkuvataiteilijat.fi\/en\/nayttelyt\/juha-holopainen-teija-immonen-vappu-johansson-taina-kokkonen-metta-savolainen\/#breadcrumb\"},\"inLanguage\":\"en-US\",\"potentialAction\":[{\"@type\":\"ReadAction\",\"target\":[\"https:\/\/www.espoonkuvataiteilijat.fi\/en\/nayttelyt\/juha-holopainen-teija-immonen-vappu-johansson-taina-kokkonen-metta-savolainen\/\"]}]},{\"@type\":\"ImageObject\",\"inLanguage\":\"en-US\",\"@id\":\"https:\/\/www.espoonkuvataiteilijat.fi\/en\/nayttelyt\/juha-holopainen-teija-immonen-vappu-johansson-taina-kokkonen-metta-savolainen\/#primaryimage\",\"url\":\"https:\/\/www.espoonkuvataiteilijat.fi\/wp-content\/uploads\/2020\/02\/ViisiHuonetta_1300pxMaaliskuu2020-1.jpg\",\"contentUrl\":\"https:\/\/www.espoonkuvataiteilijat.fi\/wp-content\/uploads\/2020\/02\/ViisiHuonetta_1300pxMaaliskuu2020-1.jpg\",\"width\":1300,\"height\":1032},{\"@type\":\"BreadcrumbList\",\"@id\":\"https:\/\/www.espoonkuvataiteilijat.fi\/en\/nayttelyt\/juha-holopainen-teija-immonen-vappu-johansson-taina-kokkonen-metta-savolainen\/#breadcrumb\",\"itemListElement\":[{\"@type\":\"ListItem\",\"position\":1,\"name\":\"Home\",\"item\":\"https:\/\/www.espoonkuvataiteilijat.fi\/en\/\"},{\"@type\":\"ListItem\",\"position\":2,\"name\":\"Juha Holopainen, Teija Immonen, Vappu Johansson, Taina Kokkonen, Metta Savolainen\"}]},{\"@type\":\"WebSite\",\"@id\":\"https:\/\/www.espoonkuvataiteilijat.fi\/#website\",\"url\":\"https:\/\/www.espoonkuvataiteilijat.fi\/\",\"name\":\"Espoon Kuvataiteilijat\",\"description\":\"\",\"potentialAction\":[{\"@type\":\"SearchAction\",\"target\":{\"@type\":\"EntryPoint\",\"urlTemplate\":\"https:\/\/www.espoonkuvataiteilijat.fi\/?s={search_term_string}\"},\"query-input\":{\"@type\":\"PropertyValueSpecification\",\"valueRequired\":true,\"valueName\":\"search_term_string\"}}],\"inLanguage\":\"en-US\"}]}<\/script>\n<!-- \/ Yoast SEO plugin. -->","yoast_head_json":{"title":"Juha Holopainen, Teija Immonen, Vappu Johansson, Taina Kokkonen, Metta Savolainen - Espoon Kuvataiteilijat","robots":{"index":"index","follow":"follow","max-snippet":"max-snippet:-1","max-image-preview":"max-image-preview:large","max-video-preview":"max-video-preview:-1"},"canonical":"https:\/\/www.espoonkuvataiteilijat.fi\/en\/nayttelyt\/juha-holopainen-teija-immonen-vappu-johansson-taina-kokkonen-metta-savolainen\/","og_locale":"en_US","og_type":"article","og_title":"Juha Holopainen, Teija Immonen, Vappu Johansson, Taina Kokkonen, Metta Savolainen - Espoon Kuvataiteilijat","og_description":"Five RoomsNotice: This exhibition got closed already on March 17th, due to the Corona pandemia. We have been working in the Arabia Printmakers studio since 1998. In the shared space, each artist has an own atelier and an individual artistic identity. In our community, art is made side by side. This exhibition presents us together [&hellip;]","og_url":"https:\/\/www.espoonkuvataiteilijat.fi\/en\/nayttelyt\/juha-holopainen-teija-immonen-vappu-johansson-taina-kokkonen-metta-savolainen\/","og_site_name":"Espoon Kuvataiteilijat","article_modified_time":"2020-04-06T10:09:54+00:00","og_image":[{"width":1300,"height":1032,"url":"https:\/\/www.espoonkuvataiteilijat.fi\/wp-content\/uploads\/2020\/02\/ViisiHuonetta_1300pxMaaliskuu2020-1.jpg","type":"image\/jpeg"}],"twitter_card":"summary_large_image","twitter_misc":{"Est. reading time":"4 minutes"},"schema":{"@context":"https:\/\/schema.org","@graph":[{"@type":"WebPage","@id":"https:\/\/www.espoonkuvataiteilijat.fi\/en\/nayttelyt\/juha-holopainen-teija-immonen-vappu-johansson-taina-kokkonen-metta-savolainen\/","url":"https:\/\/www.espoonkuvataiteilijat.fi\/en\/nayttelyt\/juha-holopainen-teija-immonen-vappu-johansson-taina-kokkonen-metta-savolainen\/","name":"Juha Holopainen, Teija Immonen, Vappu Johansson, Taina Kokkonen, Metta Savolainen - Espoon Kuvataiteilijat","isPartOf":{"@id":"https:\/\/www.espoonkuvataiteilijat.fi\/#website"},"primaryImageOfPage":{"@id":"https:\/\/www.espoonkuvataiteilijat.fi\/en\/nayttelyt\/juha-holopainen-teija-immonen-vappu-johansson-taina-kokkonen-metta-savolainen\/#primaryimage"},"image":{"@id":"https:\/\/www.espoonkuvataiteilijat.fi\/en\/nayttelyt\/juha-holopainen-teija-immonen-vappu-johansson-taina-kokkonen-metta-savolainen\/#primaryimage"},"thumbnailUrl":"https:\/\/www.espoonkuvataiteilijat.fi\/wp-content\/uploads\/2020\/02\/ViisiHuonetta_1300pxMaaliskuu2020-1.jpg","datePublished":"2020-02-13T12:09:09+00:00","dateModified":"2020-04-06T10:09:54+00:00","breadcrumb":{"@id":"https:\/\/www.espoonkuvataiteilijat.fi\/en\/nayttelyt\/juha-holopainen-teija-immonen-vappu-johansson-taina-kokkonen-metta-savolainen\/#breadcrumb"},"inLanguage":"en-US","potentialAction":[{"@type":"ReadAction","target":["https:\/\/www.espoonkuvataiteilijat.fi\/en\/nayttelyt\/juha-holopainen-teija-immonen-vappu-johansson-taina-kokkonen-metta-savolainen\/"]}]},{"@type":"ImageObject","inLanguage":"en-US","@id":"https:\/\/www.espoonkuvataiteilijat.fi\/en\/nayttelyt\/juha-holopainen-teija-immonen-vappu-johansson-taina-kokkonen-metta-savolainen\/#primaryimage","url":"https:\/\/www.espoonkuvataiteilijat.fi\/wp-content\/uploads\/2020\/02\/ViisiHuonetta_1300pxMaaliskuu2020-1.jpg","contentUrl":"https:\/\/www.espoonkuvataiteilijat.fi\/wp-content\/uploads\/2020\/02\/ViisiHuonetta_1300pxMaaliskuu2020-1.jpg","width":1300,"height":1032},{"@type":"BreadcrumbList","@id":"https:\/\/www.espoonkuvataiteilijat.fi\/en\/nayttelyt\/juha-holopainen-teija-immonen-vappu-johansson-taina-kokkonen-metta-savolainen\/#breadcrumb","itemListElement":[{"@type":"ListItem","position":1,"name":"Home","item":"https:\/\/www.espoonkuvataiteilijat.fi\/en\/"},{"@type":"ListItem","position":2,"name":"Juha Holopainen, Teija Immonen, Vappu Johansson, Taina Kokkonen, Metta Savolainen"}]},{"@type":"WebSite","@id":"https:\/\/www.espoonkuvataiteilijat.fi\/#website","url":"https:\/\/www.espoonkuvataiteilijat.fi\/","name":"Espoon Kuvataiteilijat","description":"","potentialAction":[{"@type":"SearchAction","target":{"@type":"EntryPoint","urlTemplate":"https:\/\/www.espoonkuvataiteilijat.fi\/?s={search_term_string}"},"query-input":{"@type":"PropertyValueSpecification","valueRequired":true,"valueName":"search_term_string"}}],"inLanguage":"en-US"}]}},"_links":{"self":[{"href":"https:\/\/www.espoonkuvataiteilijat.fi\/en\/wp-json\/wp\/v2\/nayttelyt\/988","targetHints":{"allow":["GET"]}}],"collection":[{"href":"https:\/\/www.espoonkuvataiteilijat.fi\/en\/wp-json\/wp\/v2\/nayttelyt"}],"about":[{"href":"https:\/\/www.espoonkuvataiteilijat.fi\/en\/wp-json\/wp\/v2\/types\/nayttelyt"}],"wp:featuredmedia":[{"embeddable":true,"href":"https:\/\/www.espoonkuvataiteilijat.fi\/en\/wp-json\/wp\/v2\/media\/1018"}],"wp:attachment":[{"href":"https:\/\/www.espoonkuvataiteilijat.fi\/en\/wp-json\/wp\/v2\/media?parent=988"}],"wp:term":[{"taxonomy":"post_tag","embeddable":true,"href":"https:\/\/www.espoonkuvataiteilijat.fi\/en\/wp-json\/wp\/v2\/tags?post=988"}],"curies":[{"name":"wp","href":"https:\/\/api.w.org\/{rel}","templated":true}]}}